{"id":994,"date":"2021-03-22T14:58:06","date_gmt":"2021-03-22T13:58:06","guid":{"rendered":"https:\/\/oestjyderne.danmarksveteraner.dk\/wordpress\/?page_id=994"},"modified":"2021-12-06T12:13:53","modified_gmt":"2021-12-06T11:13:53","slug":"2021-2","status":"publish","type":"page","link":"https:\/\/oestjyderne.danmarksveteraner.dk\/wordpress\/?page_id=994","title":{"rendered":"2021"},"content":{"rendered":"<p style=\"text-align: center;\"><strong><em>2021.<\/em><\/strong><\/p>\n<p style=\"text-align: center;\"><a href=\"https:\/\/oestjyderne.danmarksveteraner.dk\/wordpress\/wp-content\/uploads\/2021\/03\/IMG_3626-e1616421630747.jpg\"><strong><em>22 marts.<\/em><\/strong><br \/><strong><em><img decoding=\"async\" loading=\"lazy\" class=\"aligncenter size-medium wp-image-996\" src=\"https:\/\/oestjyderne.danmarksveteraner.dk\/wordpress\/wp-content\/uploads\/2021\/03\/IMG_3626-e1616421630747-200x300.jpg\" alt=\"\" width=\"200\" height=\"300\" srcset=\"https:\/\/oestjyderne.danmarksveteraner.dk\/wordpress\/wp-content\/uploads\/2021\/03\/IMG_3626-e1616421630747-200x300.jpg 200w, https:\/\/oestjyderne.danmarksveteraner.dk\/wordpress\/wp-content\/uploads\/2021\/03\/IMG_3626-e1616421630747-768x1152.jpg 768w, https:\/\/oestjyderne.danmarksveteraner.dk\/wordpress\/wp-content\/uploads\/2021\/03\/IMG_3626-e1616421630747-683x1024.jpg 683w\" sizes=\"(max-width: 200px) 100vw, 200px\" \/><\/em><\/strong><\/a><\/p>\n<p style=\"text-align: center;\">S\u00e5 var vi lige ude til en 80 \u00e5rs f\u00f8dselsdag hos Gaza veteranen Arne Petersen.<\/p>\n<p style=\"text-align: center;\"><strong><em>9.April.<\/em><\/strong><\/p>\n<p style=\"text-align: center;\"><a href=\"https:\/\/oestjyderne.danmarksveteraner.dk\/wordpress\/wp-content\/uploads\/2021\/04\/2021-1003-2.jpg\"><img decoding=\"async\" loading=\"lazy\" class=\"aligncenter size-medium wp-image-999\" src=\"https:\/\/oestjyderne.danmarksveteraner.dk\/wordpress\/wp-content\/uploads\/2021\/04\/2021-1003-2-300x200.jpg\" alt=\"\" width=\"300\" height=\"200\" srcset=\"https:\/\/oestjyderne.danmarksveteraner.dk\/wordpress\/wp-content\/uploads\/2021\/04\/2021-1003-2-300x200.jpg 300w, https:\/\/oestjyderne.danmarksveteraner.dk\/wordpress\/wp-content\/uploads\/2021\/04\/2021-1003-2-768x512.jpg 768w, https:\/\/oestjyderne.danmarksveteraner.dk\/wordpress\/wp-content\/uploads\/2021\/04\/2021-1003-2-1024x683.jpg 1024w\" sizes=\"(max-width: 300px) 100vw, 300px\" \/><\/a><\/p>\n<p style=\"text-align: center;\">Johannes Krarup, lige fyldt 103 \u00e5r, vil v\u00e6re med s\u00e5 l\u00e6nge han kan.<\/p>\n<p style=\"text-align: center;\"><a href=\"https:\/\/oestjyderne.danmarksveteraner.dk\/wordpress\/wp-content\/uploads\/2021\/04\/2021-1003-3.jpg\"><img decoding=\"async\" loading=\"lazy\" class=\"aligncenter size-medium wp-image-1000\" src=\"https:\/\/oestjyderne.danmarksveteraner.dk\/wordpress\/wp-content\/uploads\/2021\/04\/2021-1003-3-300x200.jpg\" alt=\"\" width=\"300\" height=\"200\" srcset=\"https:\/\/oestjyderne.danmarksveteraner.dk\/wordpress\/wp-content\/uploads\/2021\/04\/2021-1003-3-300x200.jpg 300w, https:\/\/oestjyderne.danmarksveteraner.dk\/wordpress\/wp-content\/uploads\/2021\/04\/2021-1003-3-768x512.jpg 768w, https:\/\/oestjyderne.danmarksveteraner.dk\/wordpress\/wp-content\/uploads\/2021\/04\/2021-1003-3-1024x683.jpg 1024w\" sizes=\"(max-width: 300px) 100vw, 300px\" \/><\/a>Blomster lagt til minde om de 16 soldater der faldt p\u00e5 denne dag for 81 \u00e5r siden.<\/p>\n<p style=\"text-align: center;\"><a href=\"https:\/\/oestjyderne.danmarksveteraner.dk\/wordpress\/wp-content\/uploads\/2021\/04\/2021-1003-5.jpg\"><img decoding=\"async\" loading=\"lazy\" class=\"aligncenter size-medium wp-image-1001\" src=\"https:\/\/oestjyderne.danmarksveteraner.dk\/wordpress\/wp-content\/uploads\/2021\/04\/2021-1003-5-300x200.jpg\" alt=\"\" width=\"300\" height=\"200\" srcset=\"https:\/\/oestjyderne.danmarksveteraner.dk\/wordpress\/wp-content\/uploads\/2021\/04\/2021-1003-5-300x200.jpg 300w, https:\/\/oestjyderne.danmarksveteraner.dk\/wordpress\/wp-content\/uploads\/2021\/04\/2021-1003-5-768x512.jpg 768w, https:\/\/oestjyderne.danmarksveteraner.dk\/wordpress\/wp-content\/uploads\/2021\/04\/2021-1003-5-1024x683.jpg 1024w\" sizes=\"(max-width: 300px) 100vw, 300px\" \/><\/a><\/p>\n<p style=\"text-align: center;\">Efter Klosterkirken var vi p\u00e5 havnen med iskold vind, sol, bl\u00e5 himmel og r\u00f8d hvide farver.<\/p>\n<p style=\"text-align: center;\"><a href=\"https:\/\/oestjyderne.danmarksveteraner.dk\/wordpress\/wp-content\/uploads\/2021\/04\/2021-1003-8.jpg\"><img decoding=\"async\" loading=\"lazy\" class=\"aligncenter size-medium wp-image-1002\" src=\"https:\/\/oestjyderne.danmarksveteraner.dk\/wordpress\/wp-content\/uploads\/2021\/04\/2021-1003-8-300x200.jpg\" alt=\"\" width=\"300\" height=\"200\" srcset=\"https:\/\/oestjyderne.danmarksveteraner.dk\/wordpress\/wp-content\/uploads\/2021\/04\/2021-1003-8-300x200.jpg 300w, https:\/\/oestjyderne.danmarksveteraner.dk\/wordpress\/wp-content\/uploads\/2021\/04\/2021-1003-8-768x512.jpg 768w, https:\/\/oestjyderne.danmarksveteraner.dk\/wordpress\/wp-content\/uploads\/2021\/04\/2021-1003-8-1024x683.jpg 1024w\" sizes=\"(max-width: 300px) 100vw, 300px\" \/><\/a> <a href=\"https:\/\/oestjyderne.danmarksveteraner.dk\/wordpress\/wp-content\/uploads\/2021\/04\/2021-1003-9.jpg\"><img decoding=\"async\" loading=\"lazy\" class=\"aligncenter size-medium wp-image-1003\" src=\"https:\/\/oestjyderne.danmarksveteraner.dk\/wordpress\/wp-content\/uploads\/2021\/04\/2021-1003-9-300x200.jpg\" alt=\"\" width=\"300\" height=\"200\" srcset=\"https:\/\/oestjyderne.danmarksveteraner.dk\/wordpress\/wp-content\/uploads\/2021\/04\/2021-1003-9-300x200.jpg 300w, https:\/\/oestjyderne.danmarksveteraner.dk\/wordpress\/wp-content\/uploads\/2021\/04\/2021-1003-9-768x512.jpg 768w, https:\/\/oestjyderne.danmarksveteraner.dk\/wordpress\/wp-content\/uploads\/2021\/04\/2021-1003-9-1024x683.jpg 1024w\" sizes=\"(max-width: 300px) 100vw, 300px\" \/><\/a> <a href=\"https:\/\/oestjyderne.danmarksveteraner.dk\/wordpress\/wp-content\/uploads\/2021\/04\/2021-1003-12.jpg\"><img decoding=\"async\" loading=\"lazy\" class=\"aligncenter size-medium wp-image-1004\" src=\"https:\/\/oestjyderne.danmarksveteraner.dk\/wordpress\/wp-content\/uploads\/2021\/04\/2021-1003-12-300x200.jpg\" alt=\"\" width=\"300\" height=\"200\" srcset=\"https:\/\/oestjyderne.danmarksveteraner.dk\/wordpress\/wp-content\/uploads\/2021\/04\/2021-1003-12-300x200.jpg 300w, https:\/\/oestjyderne.danmarksveteraner.dk\/wordpress\/wp-content\/uploads\/2021\/04\/2021-1003-12-768x512.jpg 768w, https:\/\/oestjyderne.danmarksveteraner.dk\/wordpress\/wp-content\/uploads\/2021\/04\/2021-1003-12-1024x683.jpg 1024w\" sizes=\"(max-width: 300px) 100vw, 300px\" \/><\/a><\/p>\n<p style=\"text-align: center;\"><em><strong>4. maj .<\/strong><\/em><\/p>\n<p>Vi var 10 der m\u00f8dtes og lagde blomster. Efter ceremonien ved havnen, syntes p\u00f8lsemanden at det var s\u00e5 flot at vi holder det i h\u00e6vd, at han gav en p\u00f8lse og en Cocio. Efterf\u00f8lgende var der 8 der fik en kop kaffe i marinestuen. Alt udf\u00f8rt med dobbelt afstand mellem ruderne og stolene, i Coronaens tegn og regler<\/p>\n<p><a href=\"https:\/\/oestjyderne.danmarksveteraner.dk\/wordpress\/wp-content\/uploads\/2021\/05\/2021-33.jpg\"><img decoding=\"async\" loading=\"lazy\" class=\"aligncenter size-medium wp-image-1008\" src=\"https:\/\/oestjyderne.danmarksveteraner.dk\/wordpress\/wp-content\/uploads\/2021\/05\/2021-33-300x225.jpg\" alt=\"\" width=\"300\" height=\"225\" srcset=\"https:\/\/oestjyderne.danmarksveteraner.dk\/wordpress\/wp-content\/uploads\/2021\/05\/2021-33-300x225.jpg 300w, https:\/\/oestjyderne.danmarksveteraner.dk\/wordpress\/wp-content\/uploads\/2021\/05\/2021-33-1024x768.jpg 1024w, https:\/\/oestjyderne.danmarksveteraner.dk\/wordpress\/wp-content\/uploads\/2021\/05\/2021-33-768x576.jpg 768w, https:\/\/oestjyderne.danmarksveteraner.dk\/wordpress\/wp-content\/uploads\/2021\/05\/2021-33-1536x1152.jpg 1536w, https:\/\/oestjyderne.danmarksveteraner.dk\/wordpress\/wp-content\/uploads\/2021\/05\/2021-33.jpg 2048w\" sizes=\"(max-width: 300px) 100vw, 300px\" \/><\/a> <a href=\"https:\/\/oestjyderne.danmarksveteraner.dk\/wordpress\/wp-content\/uploads\/2021\/05\/2021-34.jpg\"><img decoding=\"async\" loading=\"lazy\" class=\"aligncenter size-medium wp-image-1010\" src=\"https:\/\/oestjyderne.danmarksveteraner.dk\/wordpress\/wp-content\/uploads\/2021\/05\/2021-34-300x225.jpg\" alt=\"\" width=\"300\" height=\"225\" srcset=\"https:\/\/oestjyderne.danmarksveteraner.dk\/wordpress\/wp-content\/uploads\/2021\/05\/2021-34-300x225.jpg 300w, https:\/\/oestjyderne.danmarksveteraner.dk\/wordpress\/wp-content\/uploads\/2021\/05\/2021-34-1024x768.jpg 1024w, https:\/\/oestjyderne.danmarksveteraner.dk\/wordpress\/wp-content\/uploads\/2021\/05\/2021-34-768x576.jpg 768w, https:\/\/oestjyderne.danmarksveteraner.dk\/wordpress\/wp-content\/uploads\/2021\/05\/2021-34-1536x1152.jpg 1536w, https:\/\/oestjyderne.danmarksveteraner.dk\/wordpress\/wp-content\/uploads\/2021\/05\/2021-34.jpg 2048w\" sizes=\"(max-width: 300px) 100vw, 300px\" \/><\/a><\/p>\n<p><a href=\"https:\/\/oestjyderne.danmarksveteraner.dk\/wordpress\/wp-content\/uploads\/2021\/05\/2021-35.jpg\"><img decoding=\"async\" loading=\"lazy\" class=\"aligncenter size-medium wp-image-1009\" src=\"https:\/\/oestjyderne.danmarksveteraner.dk\/wordpress\/wp-content\/uploads\/2021\/05\/2021-35-300x225.jpg\" alt=\"\" width=\"300\" height=\"225\" srcset=\"https:\/\/oestjyderne.danmarksveteraner.dk\/wordpress\/wp-content\/uploads\/2021\/05\/2021-35-300x225.jpg 300w, https:\/\/oestjyderne.danmarksveteraner.dk\/wordpress\/wp-content\/uploads\/2021\/05\/2021-35-1024x768.jpg 1024w, https:\/\/oestjyderne.danmarksveteraner.dk\/wordpress\/wp-content\/uploads\/2021\/05\/2021-35-768x576.jpg 768w, https:\/\/oestjyderne.danmarksveteraner.dk\/wordpress\/wp-content\/uploads\/2021\/05\/2021-35-1536x1152.jpg 1536w, https:\/\/oestjyderne.danmarksveteraner.dk\/wordpress\/wp-content\/uploads\/2021\/05\/2021-35.jpg 2048w\" sizes=\"(max-width: 300px) 100vw, 300px\" \/><\/a><\/p>\n<p style=\"text-align: center;\"><em><strong>Generalforsamling 8. Juni 2021.<img decoding=\"async\" loading=\"lazy\" class=\"aligncenter size-medium wp-image-1026\" src=\"https:\/\/oestjyderne.danmarksveteraner.dk\/wordpress\/wp-content\/uploads\/2021\/06\/2021-36-300x225.jpg\" alt=\"\" width=\"300\" height=\"225\" srcset=\"https:\/\/oestjyderne.danmarksveteraner.dk\/wordpress\/wp-content\/uploads\/2021\/06\/2021-36-300x225.jpg 300w, https:\/\/oestjyderne.danmarksveteraner.dk\/wordpress\/wp-content\/uploads\/2021\/06\/2021-36-1024x768.jpg 1024w, https:\/\/oestjyderne.danmarksveteraner.dk\/wordpress\/wp-content\/uploads\/2021\/06\/2021-36-768x576.jpg 768w, https:\/\/oestjyderne.danmarksveteraner.dk\/wordpress\/wp-content\/uploads\/2021\/06\/2021-36-1536x1152.jpg 1536w, https:\/\/oestjyderne.danmarksveteraner.dk\/wordpress\/wp-content\/uploads\/2021\/06\/2021-36.jpg 2048w\" sizes=\"(max-width: 300px) 100vw, 300px\" \/>40 \u00e5rs tegn: Alex S\u00f8rensen<\/strong><\/em><\/p>\n<p style=\"text-align: center;\"><em><strong><a href=\"https:\/\/oestjyderne.danmarksveteraner.dk\/wordpress\/wp-content\/uploads\/2021\/06\/2021-37.jpg\"> <img decoding=\"async\" loading=\"lazy\" class=\"aligncenter size-medium wp-image-1027\" src=\"https:\/\/oestjyderne.danmarksveteraner.dk\/wordpress\/wp-content\/uploads\/2021\/06\/2021-37-300x225.jpg\" alt=\"\" width=\"300\" height=\"225\" srcset=\"https:\/\/oestjyderne.danmarksveteraner.dk\/wordpress\/wp-content\/uploads\/2021\/06\/2021-37-300x225.jpg 300w, https:\/\/oestjyderne.danmarksveteraner.dk\/wordpress\/wp-content\/uploads\/2021\/06\/2021-37-1024x768.jpg 1024w, https:\/\/oestjyderne.danmarksveteraner.dk\/wordpress\/wp-content\/uploads\/2021\/06\/2021-37-768x576.jpg 768w, https:\/\/oestjyderne.danmarksveteraner.dk\/wordpress\/wp-content\/uploads\/2021\/06\/2021-37-1536x1152.jpg 1536w, https:\/\/oestjyderne.danmarksveteraner.dk\/wordpress\/wp-content\/uploads\/2021\/06\/2021-37.jpg 2048w\" sizes=\"(max-width: 300px) 100vw, 300px\" \/><\/a>25 \u00e5rs tegn: Mogens Bach.<\/strong><\/em><\/p>\n<p style=\"text-align: center;\"><em><strong><br \/><a href=\"https:\/\/oestjyderne.danmarksveteraner.dk\/wordpress\/wp-content\/uploads\/2021\/06\/2021-38.jpg\"><img decoding=\"async\" loading=\"lazy\" class=\"aligncenter size-medium wp-image-1028\" src=\"https:\/\/oestjyderne.danmarksveteraner.dk\/wordpress\/wp-content\/uploads\/2021\/06\/2021-38-300x225.jpg\" alt=\"\" width=\"300\" height=\"225\" srcset=\"https:\/\/oestjyderne.danmarksveteraner.dk\/wordpress\/wp-content\/uploads\/2021\/06\/2021-38-300x225.jpg 300w, https:\/\/oestjyderne.danmarksveteraner.dk\/wordpress\/wp-content\/uploads\/2021\/06\/2021-38-1024x768.jpg 1024w, https:\/\/oestjyderne.danmarksveteraner.dk\/wordpress\/wp-content\/uploads\/2021\/06\/2021-38-768x576.jpg 768w, https:\/\/oestjyderne.danmarksveteraner.dk\/wordpress\/wp-content\/uploads\/2021\/06\/2021-38-1536x1152.jpg 1536w, https:\/\/oestjyderne.danmarksveteraner.dk\/wordpress\/wp-content\/uploads\/2021\/06\/2021-38.jpg 2048w\" sizes=\"(max-width: 300px) 100vw, 300px\" \/>20 \u00e5rs tegn: Rasmus Reedtz, Ib\u00a0 Christensen\u00a0 og\u00a0 Erik V. Pedersen.<\/a><\/strong><\/em><\/p>\n<p style=\"text-align: center;\"><em><strong> <a href=\"https:\/\/oestjyderne.danmarksveteraner.dk\/wordpress\/wp-content\/uploads\/2021\/06\/2021-39.jpg\"><img decoding=\"async\" loading=\"lazy\" class=\"aligncenter size-medium wp-image-1029\" src=\"https:\/\/oestjyderne.danmarksveteraner.dk\/wordpress\/wp-content\/uploads\/2021\/06\/2021-39-300x140.jpg\" alt=\"\" width=\"300\" height=\"140\" srcset=\"https:\/\/oestjyderne.danmarksveteraner.dk\/wordpress\/wp-content\/uploads\/2021\/06\/2021-39-300x140.jpg 300w, https:\/\/oestjyderne.danmarksveteraner.dk\/wordpress\/wp-content\/uploads\/2021\/06\/2021-39-1024x479.jpg 1024w, https:\/\/oestjyderne.danmarksveteraner.dk\/wordpress\/wp-content\/uploads\/2021\/06\/2021-39-768x359.jpg 768w, https:\/\/oestjyderne.danmarksveteraner.dk\/wordpress\/wp-content\/uploads\/2021\/06\/2021-39-1536x719.jpg 1536w, https:\/\/oestjyderne.danmarksveteraner.dk\/wordpress\/wp-content\/uploads\/2021\/06\/2021-39.jpg 2003w\" sizes=\"(max-width: 300px) 100vw, 300px\" \/>Eventuelt:\u00a0 Hygge.<\/a> <a href=\"https:\/\/oestjyderne.danmarksveteraner.dk\/wordpress\/wp-content\/uploads\/2021\/06\/2021-40.jpg\"><img decoding=\"async\" loading=\"lazy\" class=\"aligncenter size-medium wp-image-1030\" src=\"https:\/\/oestjyderne.danmarksveteraner.dk\/wordpress\/wp-content\/uploads\/2021\/06\/2021-40-300x225.jpg\" alt=\"\" width=\"300\" height=\"225\" srcset=\"https:\/\/oestjyderne.danmarksveteraner.dk\/wordpress\/wp-content\/uploads\/2021\/06\/2021-40-300x225.jpg 300w, https:\/\/oestjyderne.danmarksveteraner.dk\/wordpress\/wp-content\/uploads\/2021\/06\/2021-40-1024x768.jpg 1024w, https:\/\/oestjyderne.danmarksveteraner.dk\/wordpress\/wp-content\/uploads\/2021\/06\/2021-40-768x576.jpg 768w, https:\/\/oestjyderne.danmarksveteraner.dk\/wordpress\/wp-content\/uploads\/2021\/06\/2021-40-1536x1152.jpg 1536w, https:\/\/oestjyderne.danmarksveteraner.dk\/wordpress\/wp-content\/uploads\/2021\/06\/2021-40.jpg 2048w\" sizes=\"(max-width: 300px) 100vw, 300px\" \/><\/a> <a href=\"https:\/\/oestjyderne.danmarksveteraner.dk\/wordpress\/wp-content\/uploads\/2021\/06\/2021-41.jpg\"><img decoding=\"async\" loading=\"lazy\" class=\"aligncenter size-medium wp-image-1031\" src=\"https:\/\/oestjyderne.danmarksveteraner.dk\/wordpress\/wp-content\/uploads\/2021\/06\/2021-41-300x225.jpg\" alt=\"\" width=\"300\" height=\"225\" srcset=\"https:\/\/oestjyderne.danmarksveteraner.dk\/wordpress\/wp-content\/uploads\/2021\/06\/2021-41-300x225.jpg 300w, https:\/\/oestjyderne.danmarksveteraner.dk\/wordpress\/wp-content\/uploads\/2021\/06\/2021-41-1024x768.jpg 1024w, https:\/\/oestjyderne.danmarksveteraner.dk\/wordpress\/wp-content\/uploads\/2021\/06\/2021-41-768x576.jpg 768w, https:\/\/oestjyderne.danmarksveteraner.dk\/wordpress\/wp-content\/uploads\/2021\/06\/2021-41-1536x1152.jpg 1536w, https:\/\/oestjyderne.danmarksveteraner.dk\/wordpress\/wp-content\/uploads\/2021\/06\/2021-41.jpg 2048w\" sizes=\"(max-width: 300px) 100vw, 300px\" \/><\/a> <a href=\"https:\/\/oestjyderne.danmarksveteraner.dk\/wordpress\/wp-content\/uploads\/2021\/06\/2021-42.jpg\"><img decoding=\"async\" loading=\"lazy\" class=\"aligncenter size-medium wp-image-1032\" src=\"https:\/\/oestjyderne.danmarksveteraner.dk\/wordpress\/wp-content\/uploads\/2021\/06\/2021-42-300x225.jpg\" alt=\"\" width=\"300\" height=\"225\" srcset=\"https:\/\/oestjyderne.danmarksveteraner.dk\/wordpress\/wp-content\/uploads\/2021\/06\/2021-42-300x225.jpg 300w, https:\/\/oestjyderne.danmarksveteraner.dk\/wordpress\/wp-content\/uploads\/2021\/06\/2021-42-1024x768.jpg 1024w, https:\/\/oestjyderne.danmarksveteraner.dk\/wordpress\/wp-content\/uploads\/2021\/06\/2021-42-768x576.jpg 768w, https:\/\/oestjyderne.danmarksveteraner.dk\/wordpress\/wp-content\/uploads\/2021\/06\/2021-42-1536x1152.jpg 1536w, https:\/\/oestjyderne.danmarksveteraner.dk\/wordpress\/wp-content\/uploads\/2021\/06\/2021-42.jpg 2048w\" sizes=\"(max-width: 300px) 100vw, 300px\" \/><\/a><\/strong><\/em><\/p>\n<p style=\"text-align: center;\"><em><strong>5. september.<\/strong><\/em><\/p>\n<p style=\"text-align: center;\"><a href=\"https:\/\/oestjyderne.danmarksveteraner.dk\/wordpress\/wp-content\/uploads\/2021\/11\/2021-62.jpg\"><img decoding=\"async\" loading=\"lazy\" class=\"aligncenter size-medium wp-image-1048\" src=\"https:\/\/oestjyderne.danmarksveteraner.dk\/wordpress\/wp-content\/uploads\/2021\/11\/2021-62-300x225.jpg\" alt=\"\" width=\"300\" height=\"225\" srcset=\"https:\/\/oestjyderne.danmarksveteraner.dk\/wordpress\/wp-content\/uploads\/2021\/11\/2021-62-300x225.jpg 300w, https:\/\/oestjyderne.danmarksveteraner.dk\/wordpress\/wp-content\/uploads\/2021\/11\/2021-62-1024x768.jpg 1024w, https:\/\/oestjyderne.danmarksveteraner.dk\/wordpress\/wp-content\/uploads\/2021\/11\/2021-62-768x576.jpg 768w, https:\/\/oestjyderne.danmarksveteraner.dk\/wordpress\/wp-content\/uploads\/2021\/11\/2021-62-1536x1152.jpg 1536w, https:\/\/oestjyderne.danmarksveteraner.dk\/wordpress\/wp-content\/uploads\/2021\/11\/2021-62.jpg 2048w\" sizes=\"(max-width: 300px) 100vw, 300px\" \/><\/a> <img decoding=\"async\" loading=\"lazy\" class=\"aligncenter size-medium wp-image-1049\" src=\"https:\/\/oestjyderne.danmarksveteraner.dk\/wordpress\/wp-content\/uploads\/2021\/11\/2021-63-300x225.jpg\" alt=\"\" width=\"300\" height=\"225\" srcset=\"https:\/\/oestjyderne.danmarksveteraner.dk\/wordpress\/wp-content\/uploads\/2021\/11\/2021-63-300x225.jpg 300w, https:\/\/oestjyderne.danmarksveteraner.dk\/wordpress\/wp-content\/uploads\/2021\/11\/2021-63-1024x768.jpg 1024w, https:\/\/oestjyderne.danmarksveteraner.dk\/wordpress\/wp-content\/uploads\/2021\/11\/2021-63-768x576.jpg 768w, https:\/\/oestjyderne.danmarksveteraner.dk\/wordpress\/wp-content\/uploads\/2021\/11\/2021-63-1536x1152.jpg 1536w, https:\/\/oestjyderne.danmarksveteraner.dk\/wordpress\/wp-content\/uploads\/2021\/11\/2021-63.jpg 2048w\" sizes=\"(max-width: 300px) 100vw, 300px\" \/><em><strong><span style=\"text-align: center;\">G\u00e6ster til f\u00f8dselsdags arrangement.<\/span><\/strong><\/em><\/p>\n<p style=\"text-align: center;\"><a href=\"https:\/\/oestjyderne.danmarksveteraner.dk\/wordpress\/wp-content\/uploads\/2021\/11\/IMG_5846-2.jpg\"><img decoding=\"async\" loading=\"lazy\" class=\"aligncenter size-medium wp-image-1050\" src=\"https:\/\/oestjyderne.danmarksveteraner.dk\/wordpress\/wp-content\/uploads\/2021\/11\/IMG_5846-2-300x225.jpg\" alt=\"\" width=\"300\" height=\"225\" srcset=\"https:\/\/oestjyderne.danmarksveteraner.dk\/wordpress\/wp-content\/uploads\/2021\/11\/IMG_5846-2-300x225.jpg 300w, https:\/\/oestjyderne.danmarksveteraner.dk\/wordpress\/wp-content\/uploads\/2021\/11\/IMG_5846-2-1024x768.jpg 1024w, https:\/\/oestjyderne.danmarksveteraner.dk\/wordpress\/wp-content\/uploads\/2021\/11\/IMG_5846-2-768x576.jpg 768w, https:\/\/oestjyderne.danmarksveteraner.dk\/wordpress\/wp-content\/uploads\/2021\/11\/IMG_5846-2-1536x1152.jpg 1536w, https:\/\/oestjyderne.danmarksveteraner.dk\/wordpress\/wp-content\/uploads\/2021\/11\/IMG_5846-2.jpg 1600w\" sizes=\"(max-width: 300px) 100vw, 300px\" \/><\/a><\/p>\n<p style=\"text-align: center;\"><a href=\"https:\/\/oestjyderne.danmarksveteraner.dk\/wordpress\/wp-content\/uploads\/2021\/11\/IMG_5847-2.jpg\">J\u00f8rgen B. J\u00f8rgensen 80 \u00e5r.<img decoding=\"async\" loading=\"lazy\" class=\"aligncenter size-medium wp-image-1051\" src=\"https:\/\/oestjyderne.danmarksveteraner.dk\/wordpress\/wp-content\/uploads\/2021\/11\/IMG_5847-2-300x225.jpg\" alt=\"\" width=\"300\" height=\"225\" srcset=\"https:\/\/oestjyderne.danmarksveteraner.dk\/wordpress\/wp-content\/uploads\/2021\/11\/IMG_5847-2-300x225.jpg 300w, https:\/\/oestjyderne.danmarksveteraner.dk\/wordpress\/wp-content\/uploads\/2021\/11\/IMG_5847-2-1024x768.jpg 1024w, https:\/\/oestjyderne.danmarksveteraner.dk\/wordpress\/wp-content\/uploads\/2021\/11\/IMG_5847-2-768x576.jpg 768w, https:\/\/oestjyderne.danmarksveteraner.dk\/wordpress\/wp-content\/uploads\/2021\/11\/IMG_5847-2-1536x1152.jpg 1536w, https:\/\/oestjyderne.danmarksveteraner.dk\/wordpress\/wp-content\/uploads\/2021\/11\/IMG_5847-2.jpg 1600w\" sizes=\"(max-width: 300px) 100vw, 300px\" \/>Finn S. Andersen 75 \u00e5r.<\/a> <a href=\"https:\/\/oestjyderne.danmarksveteraner.dk\/wordpress\/wp-content\/uploads\/2021\/11\/IMG_5848-2.jpg\"><img decoding=\"async\" loading=\"lazy\" class=\"aligncenter size-medium wp-image-1052\" src=\"https:\/\/oestjyderne.danmarksveteraner.dk\/wordpress\/wp-content\/uploads\/2021\/11\/IMG_5848-2-300x225.jpg\" alt=\"\" width=\"300\" height=\"225\" srcset=\"https:\/\/oestjyderne.danmarksveteraner.dk\/wordpress\/wp-content\/uploads\/2021\/11\/IMG_5848-2-300x225.jpg 300w, https:\/\/oestjyderne.danmarksveteraner.dk\/wordpress\/wp-content\/uploads\/2021\/11\/IMG_5848-2-1024x768.jpg 1024w, https:\/\/oestjyderne.danmarksveteraner.dk\/wordpress\/wp-content\/uploads\/2021\/11\/IMG_5848-2-768x576.jpg 768w, https:\/\/oestjyderne.danmarksveteraner.dk\/wordpress\/wp-content\/uploads\/2021\/11\/IMG_5848-2-1536x1152.jpg 1536w, https:\/\/oestjyderne.danmarksveteraner.dk\/wordpress\/wp-content\/uploads\/2021\/11\/IMG_5848-2.jpg 1600w\" sizes=\"(max-width: 300px) 100vw, 300px\" \/><\/a> <a href=\"https:\/\/oestjyderne.danmarksveteraner.dk\/wordpress\/wp-content\/uploads\/2021\/11\/IMG_5849-2.jpg\"><img decoding=\"async\" loading=\"lazy\" class=\"aligncenter size-medium wp-image-1053\" src=\"https:\/\/oestjyderne.danmarksveteraner.dk\/wordpress\/wp-content\/uploads\/2021\/11\/IMG_5849-2-300x225.jpg\" alt=\"\" width=\"300\" height=\"225\" srcset=\"https:\/\/oestjyderne.danmarksveteraner.dk\/wordpress\/wp-content\/uploads\/2021\/11\/IMG_5849-2-300x225.jpg 300w, https:\/\/oestjyderne.danmarksveteraner.dk\/wordpress\/wp-content\/uploads\/2021\/11\/IMG_5849-2-1024x768.jpg 1024w, https:\/\/oestjyderne.danmarksveteraner.dk\/wordpress\/wp-content\/uploads\/2021\/11\/IMG_5849-2-768x576.jpg 768w, https:\/\/oestjyderne.danmarksveteraner.dk\/wordpress\/wp-content\/uploads\/2021\/11\/IMG_5849-2-1536x1152.jpg 1536w, https:\/\/oestjyderne.danmarksveteraner.dk\/wordpress\/wp-content\/uploads\/2021\/11\/IMG_5849-2.jpg 1600w\" sizes=\"(max-width: 300px) 100vw, 300px\" \/>Fredsprismedalje til Tim Henry Haarbo.<\/a><\/p>\n<p style=\"text-align: center;\"><a href=\"https:\/\/oestjyderne.danmarksveteraner.dk\/wordpress\/wp-content\/uploads\/2021\/12\/2021-313.jpg\"><em><strong>Rindsholm Kro 24. oktober 2021.<\/strong><\/em><img decoding=\"async\" loading=\"lazy\" class=\"aligncenter size-medium wp-image-1056\" src=\"https:\/\/oestjyderne.danmarksveteraner.dk\/wordpress\/wp-content\/uploads\/2021\/12\/2021-313-300x225.jpg\" alt=\"\" width=\"300\" height=\"225\" srcset=\"https:\/\/oestjyderne.danmarksveteraner.dk\/wordpress\/wp-content\/uploads\/2021\/12\/2021-313-300x225.jpg 300w, https:\/\/oestjyderne.danmarksveteraner.dk\/wordpress\/wp-content\/uploads\/2021\/12\/2021-313-1024x768.jpg 1024w, https:\/\/oestjyderne.danmarksveteraner.dk\/wordpress\/wp-content\/uploads\/2021\/12\/2021-313-768x576.jpg 768w, https:\/\/oestjyderne.danmarksveteraner.dk\/wordpress\/wp-content\/uploads\/2021\/12\/2021-313-1536x1152.jpg 1536w, https:\/\/oestjyderne.danmarksveteraner.dk\/wordpress\/wp-content\/uploads\/2021\/12\/2021-313.jpg 1600w\" sizes=\"(max-width: 300px) 100vw, 300px\" \/><\/a><a href=\"https:\/\/oestjyderne.danmarksveteraner.dk\/wordpress\/wp-content\/uploads\/2021\/12\/2021-316.jpg\"><img decoding=\"async\" loading=\"lazy\" class=\"aligncenter size-medium wp-image-1058\" src=\"https:\/\/oestjyderne.danmarksveteraner.dk\/wordpress\/wp-content\/uploads\/2021\/12\/2021-316-300x225.jpg\" alt=\"\" width=\"300\" height=\"225\" srcset=\"https:\/\/oestjyderne.danmarksveteraner.dk\/wordpress\/wp-content\/uploads\/2021\/12\/2021-316-300x225.jpg 300w, https:\/\/oestjyderne.danmarksveteraner.dk\/wordpress\/wp-content\/uploads\/2021\/12\/2021-316-1024x768.jpg 1024w, https:\/\/oestjyderne.danmarksveteraner.dk\/wordpress\/wp-content\/uploads\/2021\/12\/2021-316-768x576.jpg 768w, https:\/\/oestjyderne.danmarksveteraner.dk\/wordpress\/wp-content\/uploads\/2021\/12\/2021-316-1536x1152.jpg 1536w, https:\/\/oestjyderne.danmarksveteraner.dk\/wordpress\/wp-content\/uploads\/2021\/12\/2021-316.jpg 1600w\" sizes=\"(max-width: 300px) 100vw, 300px\" \/><\/a><a href=\"https:\/\/oestjyderne.danmarksveteraner.dk\/wordpress\/wp-content\/uploads\/2021\/12\/2021-315.jpg\"><img decoding=\"async\" loading=\"lazy\" class=\"aligncenter size-medium wp-image-1057\" src=\"https:\/\/oestjyderne.danmarksveteraner.dk\/wordpress\/wp-content\/uploads\/2021\/12\/2021-315-300x225.jpg\" alt=\"\" width=\"300\" height=\"225\" srcset=\"https:\/\/oestjyderne.danmarksveteraner.dk\/wordpress\/wp-content\/uploads\/2021\/12\/2021-315-300x225.jpg 300w, https:\/\/oestjyderne.danmarksveteraner.dk\/wordpress\/wp-content\/uploads\/2021\/12\/2021-315-1024x768.jpg 1024w, https:\/\/oestjyderne.danmarksveteraner.dk\/wordpress\/wp-content\/uploads\/2021\/12\/2021-315-768x576.jpg 768w, https:\/\/oestjyderne.danmarksveteraner.dk\/wordpress\/wp-content\/uploads\/2021\/12\/2021-315-1536x1152.jpg 1536w, https:\/\/oestjyderne.danmarksveteraner.dk\/wordpress\/wp-content\/uploads\/2021\/12\/2021-315.jpg 1600w\" sizes=\"(max-width: 300px) 100vw, 300px\" \/><\/a><\/p>\n<p style=\"text-align: center;\"><a href=\"https:\/\/oestjyderne.danmarksveteraner.dk\/wordpress\/wp-content\/uploads\/2021\/12\/IMG_5863-2.jpg\"><em><strong>Julebanko 3. december 2021.<\/strong><\/em><img decoding=\"async\" loading=\"lazy\" class=\"aligncenter size-medium wp-image-1061\" src=\"https:\/\/oestjyderne.danmarksveteraner.dk\/wordpress\/wp-content\/uploads\/2021\/12\/IMG_5863-2-300x225.jpg\" alt=\"\" width=\"300\" height=\"225\" srcset=\"https:\/\/oestjyderne.danmarksveteraner.dk\/wordpress\/wp-content\/uploads\/2021\/12\/IMG_5863-2-300x225.jpg 300w, https:\/\/oestjyderne.danmarksveteraner.dk\/wordpress\/wp-content\/uploads\/2021\/12\/IMG_5863-2-1024x768.jpg 1024w, https:\/\/oestjyderne.danmarksveteraner.dk\/wordpress\/wp-content\/uploads\/2021\/12\/IMG_5863-2-768x576.jpg 768w, https:\/\/oestjyderne.danmarksveteraner.dk\/wordpress\/wp-content\/uploads\/2021\/12\/IMG_5863-2-1536x1152.jpg 1536w, https:\/\/oestjyderne.danmarksveteraner.dk\/wordpress\/wp-content\/uploads\/2021\/12\/IMG_5863-2.jpg 1600w\" sizes=\"(max-width: 300px) 100vw, 300px\" \/>Hygge med banko og glade medlemmer.<\/a> <a href=\"https:\/\/oestjyderne.danmarksveteraner.dk\/wordpress\/wp-content\/uploads\/2021\/12\/IMG_5861-2.jpg\"><img decoding=\"async\" loading=\"lazy\" class=\"aligncenter size-medium wp-image-1060\" src=\"https:\/\/oestjyderne.danmarksveteraner.dk\/wordpress\/wp-content\/uploads\/2021\/12\/IMG_5861-2-300x225.jpg\" alt=\"\" width=\"300\" height=\"225\" srcset=\"https:\/\/oestjyderne.danmarksveteraner.dk\/wordpress\/wp-content\/uploads\/2021\/12\/IMG_5861-2-300x225.jpg 300w, https:\/\/oestjyderne.danmarksveteraner.dk\/wordpress\/wp-content\/uploads\/2021\/12\/IMG_5861-2-1024x768.jpg 1024w, https:\/\/oestjyderne.danmarksveteraner.dk\/wordpress\/wp-content\/uploads\/2021\/12\/IMG_5861-2-768x576.jpg 768w, https:\/\/oestjyderne.danmarksveteraner.dk\/wordpress\/wp-content\/uploads\/2021\/12\/IMG_5861-2-1536x1152.jpg 1536w, https:\/\/oestjyderne.danmarksveteraner.dk\/wordpress\/wp-content\/uploads\/2021\/12\/IMG_5861-2.jpg 1600w\" sizes=\"(max-width: 300px) 100vw, 300px\" \/><\/a> <a href=\"https:\/\/oestjyderne.danmarksveteraner.dk\/wordpress\/wp-content\/uploads\/2021\/12\/2021-318.jpg\"><img decoding=\"async\" loading=\"lazy\" class=\"aligncenter size-medium wp-image-1059\" src=\"https:\/\/oestjyderne.danmarksveteraner.dk\/wordpress\/wp-content\/uploads\/2021\/12\/2021-318-300x225.jpg\" alt=\"\" width=\"300\" height=\"225\" srcset=\"https:\/\/oestjyderne.danmarksveteraner.dk\/wordpress\/wp-content\/uploads\/2021\/12\/2021-318-300x225.jpg 300w, https:\/\/oestjyderne.danmarksveteraner.dk\/wordpress\/wp-content\/uploads\/2021\/12\/2021-318-1024x768.jpg 1024w, https:\/\/oestjyderne.danmarksveteraner.dk\/wordpress\/wp-content\/uploads\/2021\/12\/2021-318-768x576.jpg 768w, https:\/\/oestjyderne.danmarksveteraner.dk\/wordpress\/wp-content\/uploads\/2021\/12\/2021-318-1536x1152.jpg 1536w, https:\/\/oestjyderne.danmarksveteraner.dk\/wordpress\/wp-content\/uploads\/2021\/12\/2021-318.jpg 1600w\" sizes=\"(max-width: 300px) 100vw, 300px\" \/><\/a><\/p>\n\n\n<p><\/p>\n","protected":false},"excerpt":{"rendered":"<p>2021. 22 marts. S\u00e5 var vi lige ude til en 80 \u00e5rs f\u00f8dselsdag hos Gaza veteranen Arne Petersen. 9.April. Johannes<\/p>\n","protected":false},"author":1,"featured_media":0,"parent":45,"menu_order":0,"comment_status":"closed","ping_status":"closed","template":"","meta":{"colormag_page_layout":"default_layout"},"_links":{"self":[{"href":"https:\/\/oestjyderne.danmarksveteraner.dk\/wordpress\/index.php?rest_route=\/wp\/v2\/pages\/994"}],"collection":[{"href":"https:\/\/oestjyderne.danmarksveteraner.dk\/wordpress\/index.php?rest_route=\/wp\/v2\/pages"}],"about":[{"href":"https:\/\/oestjyderne.danmarksveteraner.dk\/wordpress\/index.php?rest_route=\/wp\/v2\/types\/page"}],"author":[{"embeddable":true,"href":"https:\/\/oestjyderne.danmarksveteraner.dk\/wordpress\/index.php?rest_route=\/wp\/v2\/users\/1"}],"replies":[{"embeddable":true,"href":"https:\/\/oestjyderne.danmarksveteraner.dk\/wordpress\/index.php?rest_route=%2Fwp%2Fv2%2Fcomments&post=994"}],"version-history":[{"count":15,"href":"https:\/\/oestjyderne.danmarksveteraner.dk\/wordpress\/index.php?rest_route=\/wp\/v2\/pages\/994\/revisions"}],"predecessor-version":[{"id":1085,"href":"https:\/\/oestjyderne.danmarksveteraner.dk\/wordpress\/index.php?rest_route=\/wp\/v2\/pages\/994\/revisions\/1085"}],"up":[{"embeddable":true,"href":"https:\/\/oestjyderne.danmarksveteraner.dk\/wordpress\/index.php?rest_route=\/wp\/v2\/pages\/45"}],"wp:attachment":[{"href":"https:\/\/oestjyderne.danmarksveteraner.dk\/wordpress\/index.php?rest_route=%2Fwp%2Fv2%2Fmedia&parent=994"}],"curies":[{"name":"wp","href":"https:\/\/api.w.org\/{rel}","templated":true}]}}