{"id":648,"date":"2018-10-27T16:50:00","date_gmt":"2018-10-27T14:50:00","guid":{"rendered":"https:\/\/oestjyderne.danmarksveteraner.dk\/wordpress\/?page_id=648"},"modified":"2020-01-05T18:16:01","modified_gmt":"2020-01-05T17:16:01","slug":"2019-2","status":"publish","type":"page","link":"https:\/\/oestjyderne.danmarksveteraner.dk\/wordpress\/?page_id=648","title":{"rendered":"2019"},"content":{"rendered":"<p style=\"text-align: center;\"><strong><em>S\u00e5 er 2019 igang, som s\u00e6dvanlig med en hyggelig parole s\u00f8ndag D. 6. januar.<\/em><\/strong><\/p>\n<p style=\"text-align: center;\"><strong>Her er et par billeder fra Krudthusvej.<\/strong><\/p>\n<p>&nbsp;<\/p>\n<p><a href=\"https:\/\/oestjyderne.danmarksveteraner.dk\/wordpress\/wp-content\/uploads\/2019\/01\/P1070307.jpg\"><img decoding=\"async\" loading=\"lazy\" class=\"aligncenter size-medium wp-image-688\" src=\"https:\/\/oestjyderne.danmarksveteraner.dk\/wordpress\/wp-content\/uploads\/2019\/01\/P1070307-300x225.jpg\" alt=\"\" width=\"300\" height=\"225\" srcset=\"https:\/\/oestjyderne.danmarksveteraner.dk\/wordpress\/wp-content\/uploads\/2019\/01\/P1070307-300x225.jpg 300w, https:\/\/oestjyderne.danmarksveteraner.dk\/wordpress\/wp-content\/uploads\/2019\/01\/P1070307-768x576.jpg 768w, https:\/\/oestjyderne.danmarksveteraner.dk\/wordpress\/wp-content\/uploads\/2019\/01\/P1070307-1024x768.jpg 1024w\" sizes=\"(max-width: 300px) 100vw, 300px\" \/><\/a> <a href=\"https:\/\/oestjyderne.danmarksveteraner.dk\/wordpress\/wp-content\/uploads\/2019\/01\/P1070308.jpg\"><img decoding=\"async\" loading=\"lazy\" class=\"aligncenter size-medium wp-image-689\" src=\"https:\/\/oestjyderne.danmarksveteraner.dk\/wordpress\/wp-content\/uploads\/2019\/01\/P1070308-300x225.jpg\" alt=\"\" width=\"300\" height=\"225\" srcset=\"https:\/\/oestjyderne.danmarksveteraner.dk\/wordpress\/wp-content\/uploads\/2019\/01\/P1070308-300x225.jpg 300w, https:\/\/oestjyderne.danmarksveteraner.dk\/wordpress\/wp-content\/uploads\/2019\/01\/P1070308-768x576.jpg 768w, https:\/\/oestjyderne.danmarksveteraner.dk\/wordpress\/wp-content\/uploads\/2019\/01\/P1070308-1024x768.jpg 1024w\" sizes=\"(max-width: 300px) 100vw, 300px\" \/><\/a> <a href=\"https:\/\/oestjyderne.danmarksveteraner.dk\/wordpress\/wp-content\/uploads\/2019\/01\/P1070309.jpg\"><img decoding=\"async\" loading=\"lazy\" class=\"aligncenter size-medium wp-image-690\" src=\"https:\/\/oestjyderne.danmarksveteraner.dk\/wordpress\/wp-content\/uploads\/2019\/01\/P1070309-300x225.jpg\" alt=\"\" width=\"300\" height=\"225\" srcset=\"https:\/\/oestjyderne.danmarksveteraner.dk\/wordpress\/wp-content\/uploads\/2019\/01\/P1070309-300x225.jpg 300w, https:\/\/oestjyderne.danmarksveteraner.dk\/wordpress\/wp-content\/uploads\/2019\/01\/P1070309-768x576.jpg 768w, https:\/\/oestjyderne.danmarksveteraner.dk\/wordpress\/wp-content\/uploads\/2019\/01\/P1070309-1024x768.jpg 1024w\" sizes=\"(max-width: 300px) 100vw, 300px\" \/><\/a><\/p>\n<p style=\"text-align: center;\"><strong>Julehygge i veterancafeen 25. januar.<\/strong><\/p>\n<p><a href=\"https:\/\/oestjyderne.danmarksveteraner.dk\/wordpress\/wp-content\/uploads\/2019\/02\/P1070336.jpg\"><img decoding=\"async\" loading=\"lazy\" class=\"aligncenter size-medium wp-image-778\" src=\"https:\/\/oestjyderne.danmarksveteraner.dk\/wordpress\/wp-content\/uploads\/2019\/02\/P1070336-300x225.jpg\" alt=\"\" width=\"300\" height=\"225\" srcset=\"https:\/\/oestjyderne.danmarksveteraner.dk\/wordpress\/wp-content\/uploads\/2019\/02\/P1070336-300x225.jpg 300w, https:\/\/oestjyderne.danmarksveteraner.dk\/wordpress\/wp-content\/uploads\/2019\/02\/P1070336-768x576.jpg 768w, https:\/\/oestjyderne.danmarksveteraner.dk\/wordpress\/wp-content\/uploads\/2019\/02\/P1070336-1024x768.jpg 1024w\" sizes=\"(max-width: 300px) 100vw, 300px\" \/><\/a> <a href=\"https:\/\/oestjyderne.danmarksveteraner.dk\/wordpress\/wp-content\/uploads\/2019\/02\/P1070339.jpg\"><img decoding=\"async\" loading=\"lazy\" class=\"aligncenter size-medium wp-image-779\" src=\"https:\/\/oestjyderne.danmarksveteraner.dk\/wordpress\/wp-content\/uploads\/2019\/02\/P1070339-300x225.jpg\" alt=\"\" width=\"300\" height=\"225\" srcset=\"https:\/\/oestjyderne.danmarksveteraner.dk\/wordpress\/wp-content\/uploads\/2019\/02\/P1070339-300x225.jpg 300w, https:\/\/oestjyderne.danmarksveteraner.dk\/wordpress\/wp-content\/uploads\/2019\/02\/P1070339-768x576.jpg 768w, https:\/\/oestjyderne.danmarksveteraner.dk\/wordpress\/wp-content\/uploads\/2019\/02\/P1070339-1024x768.jpg 1024w\" sizes=\"(max-width: 300px) 100vw, 300px\" \/><\/a><\/p>\n<p style=\"text-align: center;\">God mad, hyggesnak og pakkeleg.<\/p>\n<p><a href=\"https:\/\/oestjyderne.danmarksveteraner.dk\/wordpress\/wp-content\/uploads\/2019\/02\/P1070344.jpg\"><img decoding=\"async\" loading=\"lazy\" class=\"aligncenter size-medium wp-image-780\" src=\"https:\/\/oestjyderne.danmarksveteraner.dk\/wordpress\/wp-content\/uploads\/2019\/02\/P1070344-300x225.jpg\" alt=\"\" width=\"300\" height=\"225\" srcset=\"https:\/\/oestjyderne.danmarksveteraner.dk\/wordpress\/wp-content\/uploads\/2019\/02\/P1070344-300x225.jpg 300w, https:\/\/oestjyderne.danmarksveteraner.dk\/wordpress\/wp-content\/uploads\/2019\/02\/P1070344-768x576.jpg 768w, https:\/\/oestjyderne.danmarksveteraner.dk\/wordpress\/wp-content\/uploads\/2019\/02\/P1070344-1024x768.jpg 1024w\" sizes=\"(max-width: 300px) 100vw, 300px\" \/><\/a> <a href=\"https:\/\/oestjyderne.danmarksveteraner.dk\/wordpress\/wp-content\/uploads\/2019\/02\/P1070348.jpg\"><img decoding=\"async\" loading=\"lazy\" class=\"aligncenter size-medium wp-image-781\" src=\"https:\/\/oestjyderne.danmarksveteraner.dk\/wordpress\/wp-content\/uploads\/2019\/02\/P1070348-300x225.jpg\" alt=\"\" width=\"300\" height=\"225\" srcset=\"https:\/\/oestjyderne.danmarksveteraner.dk\/wordpress\/wp-content\/uploads\/2019\/02\/P1070348-300x225.jpg 300w, https:\/\/oestjyderne.danmarksveteraner.dk\/wordpress\/wp-content\/uploads\/2019\/02\/P1070348-768x576.jpg 768w, https:\/\/oestjyderne.danmarksveteraner.dk\/wordpress\/wp-content\/uploads\/2019\/02\/P1070348-1024x768.jpg 1024w\" sizes=\"(max-width: 300px) 100vw, 300px\" \/><\/a><\/p>\n<p style=\"text-align: center;\"><strong>\u00c5rets kammeratskabsskydning 26. januar p\u00e5 Krudthusvej.<\/strong><\/p>\n<p style=\"text-align: center;\"><a href=\"https:\/\/oestjyderne.danmarksveteraner.dk\/wordpress\/wp-content\/uploads\/2019\/02\/P1070358-1.jpg\"><img decoding=\"async\" loading=\"lazy\" class=\"aligncenter size-medium wp-image-782\" src=\"https:\/\/oestjyderne.danmarksveteraner.dk\/wordpress\/wp-content\/uploads\/2019\/02\/P1070358-1-300x225.jpg\" alt=\"\" width=\"300\" height=\"225\" srcset=\"https:\/\/oestjyderne.danmarksveteraner.dk\/wordpress\/wp-content\/uploads\/2019\/02\/P1070358-1-300x225.jpg 300w, https:\/\/oestjyderne.danmarksveteraner.dk\/wordpress\/wp-content\/uploads\/2019\/02\/P1070358-1-768x576.jpg 768w, https:\/\/oestjyderne.danmarksveteraner.dk\/wordpress\/wp-content\/uploads\/2019\/02\/P1070358-1-1024x768.jpg 1024w\" sizes=\"(max-width: 300px) 100vw, 300px\" \/><\/a> <a href=\"https:\/\/oestjyderne.danmarksveteraner.dk\/wordpress\/wp-content\/uploads\/2019\/02\/P1070359.jpg\"><img decoding=\"async\" loading=\"lazy\" class=\"aligncenter size-medium wp-image-783\" src=\"https:\/\/oestjyderne.danmarksveteraner.dk\/wordpress\/wp-content\/uploads\/2019\/02\/P1070359-300x225.jpg\" alt=\"\" width=\"300\" height=\"225\" srcset=\"https:\/\/oestjyderne.danmarksveteraner.dk\/wordpress\/wp-content\/uploads\/2019\/02\/P1070359-300x225.jpg 300w, https:\/\/oestjyderne.danmarksveteraner.dk\/wordpress\/wp-content\/uploads\/2019\/02\/P1070359-768x576.jpg 768w, https:\/\/oestjyderne.danmarksveteraner.dk\/wordpress\/wp-content\/uploads\/2019\/02\/P1070359-1024x768.jpg 1024w\" sizes=\"(max-width: 300px) 100vw, 300px\" \/><\/a> <a href=\"https:\/\/oestjyderne.danmarksveteraner.dk\/wordpress\/wp-content\/uploads\/2019\/02\/P1070360.jpg\"><img decoding=\"async\" loading=\"lazy\" class=\"aligncenter size-medium wp-image-784\" src=\"https:\/\/oestjyderne.danmarksveteraner.dk\/wordpress\/wp-content\/uploads\/2019\/02\/P1070360-300x225.jpg\" alt=\"\" width=\"300\" height=\"225\" srcset=\"https:\/\/oestjyderne.danmarksveteraner.dk\/wordpress\/wp-content\/uploads\/2019\/02\/P1070360-300x225.jpg 300w, https:\/\/oestjyderne.danmarksveteraner.dk\/wordpress\/wp-content\/uploads\/2019\/02\/P1070360-768x576.jpg 768w, https:\/\/oestjyderne.danmarksveteraner.dk\/wordpress\/wp-content\/uploads\/2019\/02\/P1070360-1024x768.jpg 1024w\" sizes=\"(max-width: 300px) 100vw, 300px\" \/><\/a>Efter skydning og spisning var der uddeling af pr\u00e6mier.<\/p>\n<p style=\"text-align: center;\">Vinder marineforeningen med 180 p.<\/p>\n<p><a href=\"https:\/\/oestjyderne.danmarksveteraner.dk\/wordpress\/wp-content\/uploads\/2019\/02\/P1070364-e1550758942415.jpg\"><img decoding=\"async\" loading=\"lazy\" class=\"aligncenter size-medium wp-image-785\" src=\"https:\/\/oestjyderne.danmarksveteraner.dk\/wordpress\/wp-content\/uploads\/2019\/02\/P1070364-e1550758942415-225x300.jpg\" alt=\"\" width=\"225\" height=\"300\" srcset=\"https:\/\/oestjyderne.danmarksveteraner.dk\/wordpress\/wp-content\/uploads\/2019\/02\/P1070364-e1550758942415-225x300.jpg 225w, https:\/\/oestjyderne.danmarksveteraner.dk\/wordpress\/wp-content\/uploads\/2019\/02\/P1070364-e1550758942415-768x1024.jpg 768w\" sizes=\"(max-width: 225px) 100vw, 225px\" \/><\/a><\/p>\n<p style=\"text-align: center;\">Individuel vinder Mona Hansen 93 p.<\/p>\n<p><img decoding=\"async\" loading=\"lazy\" class=\"aligncenter size-medium wp-image-787\" src=\"https:\/\/oestjyderne.danmarksveteraner.dk\/wordpress\/wp-content\/uploads\/2019\/02\/P1070372-e1550758971205-225x300.jpg\" alt=\"\" width=\"225\" height=\"300\" srcset=\"https:\/\/oestjyderne.danmarksveteraner.dk\/wordpress\/wp-content\/uploads\/2019\/02\/P1070372-e1550758971205-225x300.jpg 225w, https:\/\/oestjyderne.danmarksveteraner.dk\/wordpress\/wp-content\/uploads\/2019\/02\/P1070372-e1550758971205-768x1024.jpg 768w\" sizes=\"(max-width: 225px) 100vw, 225px\" \/><\/p>\n<p style=\"text-align: center;\">Nr. 2 individuel 91 p og vinder af festskydning &#8220;Fyn&#8221; 17 p Hans O. Hansen.<\/p>\n<p><img decoding=\"async\" loading=\"lazy\" class=\"aligncenter size-medium wp-image-789\" src=\"https:\/\/oestjyderne.danmarksveteraner.dk\/wordpress\/wp-content\/uploads\/2019\/02\/P1070384-e1550758985871-225x300.jpg\" alt=\"\" width=\"225\" height=\"300\" srcset=\"https:\/\/oestjyderne.danmarksveteraner.dk\/wordpress\/wp-content\/uploads\/2019\/02\/P1070384-e1550758985871-225x300.jpg 225w, https:\/\/oestjyderne.danmarksveteraner.dk\/wordpress\/wp-content\/uploads\/2019\/02\/P1070384-e1550758985871-768x1024.jpg 768w\" sizes=\"(max-width: 225px) 100vw, 225px\" \/><\/p>\n<p style=\"text-align: center;\">Nr. 3 individuel Rene Roskilde 87 p.<\/p>\n<p><a href=\"https:\/\/oestjyderne.danmarksveteraner.dk\/wordpress\/wp-content\/uploads\/2019\/02\/P1070368-e1550758956804.jpg\"><img decoding=\"async\" loading=\"lazy\" class=\"aligncenter size-medium wp-image-786\" src=\"https:\/\/oestjyderne.danmarksveteraner.dk\/wordpress\/wp-content\/uploads\/2019\/02\/P1070368-e1550758956804-225x300.jpg\" alt=\"\" width=\"225\" height=\"300\" srcset=\"https:\/\/oestjyderne.danmarksveteraner.dk\/wordpress\/wp-content\/uploads\/2019\/02\/P1070368-e1550758956804-225x300.jpg 225w, https:\/\/oestjyderne.danmarksveteraner.dk\/wordpress\/wp-content\/uploads\/2019\/02\/P1070368-e1550758956804-768x1024.jpg 768w\" sizes=\"(max-width: 225px) 100vw, 225px\" \/><\/a><\/p>\n<p style=\"text-align: center;\"><a href=\"https:\/\/oestjyderne.danmarksveteraner.dk\/wordpress\/wp-content\/uploads\/2019\/02\/P1070378-2.jpg\">Vinder af vandrepokal Mona Hansen.<img decoding=\"async\" loading=\"lazy\" class=\"aligncenter size-medium wp-image-788\" src=\"https:\/\/oestjyderne.danmarksveteraner.dk\/wordpress\/wp-content\/uploads\/2019\/02\/P1070378-2-134x300.jpg\" alt=\"\" width=\"134\" height=\"300\" srcset=\"https:\/\/oestjyderne.danmarksveteraner.dk\/wordpress\/wp-content\/uploads\/2019\/02\/P1070378-2-134x300.jpg 134w, https:\/\/oestjyderne.danmarksveteraner.dk\/wordpress\/wp-content\/uploads\/2019\/02\/P1070378-2-768x1719.jpg 768w, https:\/\/oestjyderne.danmarksveteraner.dk\/wordpress\/wp-content\/uploads\/2019\/02\/P1070378-2-458x1024.jpg 458w\" sizes=\"(max-width: 134px) 100vw, 134px\" \/><br \/>\n<\/a><\/p>\n<p style=\"text-align: center;\"><strong>Generalforsamling i Hjemmev\u00e6rnscentret 12. februar.<\/strong><\/p>\n<p style=\"text-align: center;\">Uddeling af \u00e5rstegn.<\/p>\n<p style=\"text-align: center;\">Brian L.Jensen 10 \u00e5r.<\/p>\n<p><a href=\"https:\/\/oestjyderne.danmarksveteraner.dk\/wordpress\/wp-content\/uploads\/2019\/02\/P1070426-e1550759661913.jpg\"><img decoding=\"async\" loading=\"lazy\" class=\"aligncenter size-medium wp-image-796\" src=\"https:\/\/oestjyderne.danmarksveteraner.dk\/wordpress\/wp-content\/uploads\/2019\/02\/P1070426-e1550759661913-225x300.jpg\" alt=\"\" width=\"225\" height=\"300\" srcset=\"https:\/\/oestjyderne.danmarksveteraner.dk\/wordpress\/wp-content\/uploads\/2019\/02\/P1070426-e1550759661913-225x300.jpg 225w, https:\/\/oestjyderne.danmarksveteraner.dk\/wordpress\/wp-content\/uploads\/2019\/02\/P1070426-e1550759661913-768x1024.jpg 768w\" sizes=\"(max-width: 225px) 100vw, 225px\" \/><\/a><\/p>\n<p style=\"text-align: center;\">Robert Koch 25 \u00e5r.<\/p>\n<p><a href=\"https:\/\/oestjyderne.danmarksveteraner.dk\/wordpress\/wp-content\/uploads\/2019\/02\/P1070428-e1550759001674.jpg\"><img decoding=\"async\" loading=\"lazy\" class=\"aligncenter size-medium wp-image-790\" src=\"https:\/\/oestjyderne.danmarksveteraner.dk\/wordpress\/wp-content\/uploads\/2019\/02\/P1070428-e1550759001674-225x300.jpg\" alt=\"\" width=\"225\" height=\"300\" srcset=\"https:\/\/oestjyderne.danmarksveteraner.dk\/wordpress\/wp-content\/uploads\/2019\/02\/P1070428-e1550759001674-225x300.jpg 225w, https:\/\/oestjyderne.danmarksveteraner.dk\/wordpress\/wp-content\/uploads\/2019\/02\/P1070428-e1550759001674-768x1024.jpg 768w\" sizes=\"(max-width: 225px) 100vw, 225px\" \/><\/a><\/p>\n<p style=\"text-align: center;\">Hans O. Hansen 25 \u00e5r.<\/p>\n<p style=\"text-align: center;\"><a href=\"https:\/\/oestjyderne.danmarksveteraner.dk\/wordpress\/wp-content\/uploads\/2019\/02\/P1070430-e1550759018172.jpg\"><img decoding=\"async\" loading=\"lazy\" class=\"aligncenter size-medium wp-image-791\" src=\"https:\/\/oestjyderne.danmarksveteraner.dk\/wordpress\/wp-content\/uploads\/2019\/02\/P1070430-e1550759018172-225x300.jpg\" alt=\"\" width=\"225\" height=\"300\" srcset=\"https:\/\/oestjyderne.danmarksveteraner.dk\/wordpress\/wp-content\/uploads\/2019\/02\/P1070430-e1550759018172-225x300.jpg 225w, https:\/\/oestjyderne.danmarksveteraner.dk\/wordpress\/wp-content\/uploads\/2019\/02\/P1070430-e1550759018172-768x1024.jpg 768w\" sizes=\"(max-width: 225px) 100vw, 225px\" \/><\/a><\/p>\n<p style=\"text-align: center;\">John S. Laursen 50 \u00e5r.<\/p>\n<p style=\"text-align: center;\"><a href=\"https:\/\/oestjyderne.danmarksveteraner.dk\/wordpress\/wp-content\/uploads\/2019\/02\/P1070432-e1550759032967.jpg\"><img decoding=\"async\" loading=\"lazy\" class=\"aligncenter size-medium wp-image-792\" src=\"https:\/\/oestjyderne.danmarksveteraner.dk\/wordpress\/wp-content\/uploads\/2019\/02\/P1070432-e1550759032967-225x300.jpg\" alt=\"\" width=\"225\" height=\"300\" srcset=\"https:\/\/oestjyderne.danmarksveteraner.dk\/wordpress\/wp-content\/uploads\/2019\/02\/P1070432-e1550759032967-225x300.jpg 225w, https:\/\/oestjyderne.danmarksveteraner.dk\/wordpress\/wp-content\/uploads\/2019\/02\/P1070432-e1550759032967-768x1024.jpg 768w\" sizes=\"(max-width: 225px) 100vw, 225px\" \/><\/a><\/p>\n<p style=\"text-align: center;\">Stort tillykke til alle fire.<\/p>\n<p><a href=\"https:\/\/oestjyderne.danmarksveteraner.dk\/wordpress\/wp-content\/uploads\/2019\/02\/P1070436.jpg\"><img decoding=\"async\" loading=\"lazy\" class=\"aligncenter size-medium wp-image-793\" src=\"https:\/\/oestjyderne.danmarksveteraner.dk\/wordpress\/wp-content\/uploads\/2019\/02\/P1070436-300x225.jpg\" alt=\"\" width=\"300\" height=\"225\" srcset=\"https:\/\/oestjyderne.danmarksveteraner.dk\/wordpress\/wp-content\/uploads\/2019\/02\/P1070436-300x225.jpg 300w, https:\/\/oestjyderne.danmarksveteraner.dk\/wordpress\/wp-content\/uploads\/2019\/02\/P1070436-768x576.jpg 768w, https:\/\/oestjyderne.danmarksveteraner.dk\/wordpress\/wp-content\/uploads\/2019\/02\/P1070436-1024x768.jpg 1024w\" sizes=\"(max-width: 300px) 100vw, 300px\" \/><\/a><\/p>\n<p style=\"text-align: center;\"><strong>50 \u00c5R.<\/strong><\/p>\n<p style=\"text-align: center;\">5. marts var foreningen repr\u00e6senteret ved S\u00f8nderjyllands jubil\u00e6umsreception p\u00e5 Danhostel i S\u00f8nderborg.<\/p>\n<p style=\"text-align: center;\">26. marts var foreningen repr\u00e6senteret ved Midtjyllands jubil\u00e6umsreception p\u00e5 hotel \u00c5rslev kro i \u00c5rhus.<\/p>\n<p style=\"text-align: center;\">Begge steder fik vi sagt tillykke og havde nogle hyggelige timer i godt selskab.<\/p>\n<p style=\"text-align: center;\"><strong>9. april.<\/strong><\/p>\n<p style=\"text-align: center;\"><a href=\"https:\/\/oestjyderne.danmarksveteraner.dk\/wordpress\/wp-content\/uploads\/2019\/04\/2019-04-09-19.14.48.jpg\"><img decoding=\"async\" loading=\"lazy\" class=\"aligncenter size-medium wp-image-826\" src=\"https:\/\/oestjyderne.danmarksveteraner.dk\/wordpress\/wp-content\/uploads\/2019\/04\/2019-04-09-19.14.48-300x225.jpg\" alt=\"\" width=\"300\" height=\"225\" srcset=\"https:\/\/oestjyderne.danmarksveteraner.dk\/wordpress\/wp-content\/uploads\/2019\/04\/2019-04-09-19.14.48-300x225.jpg 300w, https:\/\/oestjyderne.danmarksveteraner.dk\/wordpress\/wp-content\/uploads\/2019\/04\/2019-04-09-19.14.48-768x576.jpg 768w, https:\/\/oestjyderne.danmarksveteraner.dk\/wordpress\/wp-content\/uploads\/2019\/04\/2019-04-09-19.14.48-1024x768.jpg 1024w, https:\/\/oestjyderne.danmarksveteraner.dk\/wordpress\/wp-content\/uploads\/2019\/04\/2019-04-09-19.14.48.jpg 2048w\" sizes=\"(max-width: 300px) 100vw, 300px\" \/><\/a> <a href=\"https:\/\/oestjyderne.danmarksveteraner.dk\/wordpress\/wp-content\/uploads\/2019\/04\/2019-04-09-18.58.12.jpg\"><img decoding=\"async\" loading=\"lazy\" class=\"aligncenter size-medium wp-image-825\" src=\"https:\/\/oestjyderne.danmarksveteraner.dk\/wordpress\/wp-content\/uploads\/2019\/04\/2019-04-09-18.58.12-300x225.jpg\" alt=\"\" width=\"300\" height=\"225\" srcset=\"https:\/\/oestjyderne.danmarksveteraner.dk\/wordpress\/wp-content\/uploads\/2019\/04\/2019-04-09-18.58.12-300x225.jpg 300w, https:\/\/oestjyderne.danmarksveteraner.dk\/wordpress\/wp-content\/uploads\/2019\/04\/2019-04-09-18.58.12-768x576.jpg 768w, https:\/\/oestjyderne.danmarksveteraner.dk\/wordpress\/wp-content\/uploads\/2019\/04\/2019-04-09-18.58.12-1024x768.jpg 1024w, https:\/\/oestjyderne.danmarksveteraner.dk\/wordpress\/wp-content\/uploads\/2019\/04\/2019-04-09-18.58.12.jpg 2048w\" sizes=\"(max-width: 300px) 100vw, 300px\" \/><\/a><\/p>\n<p style=\"text-align: center;\">9. april blev k\u00f8rt efter skabelonen, vi var 25-30 stykker der lagde blomster ved Klosterkirken og p\u00e5 havnen og mindedes de 16 mand der faldt p\u00e5 denne dag 1940. Derefter havde Forsvarsbr\u00f8drene arrangeret lidt l\u00e6kkert br\u00f8d og p\u00e5l\u00e6g i hjemmev\u00e6rnscentret.<\/p>\n<p>&nbsp;<\/p>\n<p style=\"text-align: center;\"><strong>10. april.<\/strong><\/p>\n<p style=\"text-align: center;\">10. april var vi inviteret til Egebjerg for at mindes Fredrik Bajer`s batalje p\u00e5 galgeh\u00f8j med tyskerne i 1864. Udover Borgerforening, Dragoner, Veteraner og Forsvarsbr\u00f8dre var flere skoleklasser der havde l\u00e6rt om krigen med ved arrangementet.<\/p>\n<p style=\"text-align: center;\"><a href=\"https:\/\/oestjyderne.danmarksveteraner.dk\/wordpress\/wp-content\/uploads\/2019\/04\/IMG_20190410_100554.jpg\"><img decoding=\"async\" loading=\"lazy\" class=\"size-medium wp-image-812\" src=\"https:\/\/oestjyderne.danmarksveteraner.dk\/wordpress\/wp-content\/uploads\/2019\/04\/IMG_20190410_100554-300x143.jpg\" alt=\"\" width=\"300\" height=\"143\" srcset=\"https:\/\/oestjyderne.danmarksveteraner.dk\/wordpress\/wp-content\/uploads\/2019\/04\/IMG_20190410_100554-300x143.jpg 300w, https:\/\/oestjyderne.danmarksveteraner.dk\/wordpress\/wp-content\/uploads\/2019\/04\/IMG_20190410_100554-768x367.jpg 768w, https:\/\/oestjyderne.danmarksveteraner.dk\/wordpress\/wp-content\/uploads\/2019\/04\/IMG_20190410_100554-1024x490.jpg 1024w\" sizes=\"(max-width: 300px) 100vw, 300px\" \/><\/a><\/p>\n<p style=\"text-align: center;\"><a href=\"https:\/\/oestjyderne.danmarksveteraner.dk\/wordpress\/wp-content\/uploads\/2019\/04\/IMG_20190410_100922.jpg\"><img decoding=\"async\" loading=\"lazy\" class=\"size-medium wp-image-813\" src=\"https:\/\/oestjyderne.danmarksveteraner.dk\/wordpress\/wp-content\/uploads\/2019\/04\/IMG_20190410_100922-300x143.jpg\" alt=\"\" width=\"300\" height=\"143\" srcset=\"https:\/\/oestjyderne.danmarksveteraner.dk\/wordpress\/wp-content\/uploads\/2019\/04\/IMG_20190410_100922-300x143.jpg 300w, https:\/\/oestjyderne.danmarksveteraner.dk\/wordpress\/wp-content\/uploads\/2019\/04\/IMG_20190410_100922-768x367.jpg 768w, https:\/\/oestjyderne.danmarksveteraner.dk\/wordpress\/wp-content\/uploads\/2019\/04\/IMG_20190410_100922-1024x490.jpg 1024w\" sizes=\"(max-width: 300px) 100vw, 300px\" \/><\/a><\/p>\n<p style=\"text-align: center;\"><strong>4. maj.<\/strong><\/p>\n<p style=\"text-align: center;\"><a href=\"https:\/\/oestjyderne.danmarksveteraner.dk\/wordpress\/wp-content\/uploads\/2019\/05\/2019-04-09-18.58.12.jpg\"><img decoding=\"async\" loading=\"lazy\" class=\"aligncenter size-medium wp-image-831\" src=\"https:\/\/oestjyderne.danmarksveteraner.dk\/wordpress\/wp-content\/uploads\/2019\/05\/2019-04-09-18.58.12-300x225.jpg\" alt=\"\" width=\"300\" height=\"225\" srcset=\"https:\/\/oestjyderne.danmarksveteraner.dk\/wordpress\/wp-content\/uploads\/2019\/05\/2019-04-09-18.58.12-300x225.jpg 300w, https:\/\/oestjyderne.danmarksveteraner.dk\/wordpress\/wp-content\/uploads\/2019\/05\/2019-04-09-18.58.12-768x576.jpg 768w, https:\/\/oestjyderne.danmarksveteraner.dk\/wordpress\/wp-content\/uploads\/2019\/05\/2019-04-09-18.58.12-1024x768.jpg 1024w, https:\/\/oestjyderne.danmarksveteraner.dk\/wordpress\/wp-content\/uploads\/2019\/05\/2019-04-09-18.58.12.jpg 2048w\" sizes=\"(max-width: 300px) 100vw, 300px\" \/><\/a><\/p>\n<p style=\"text-align: center;\"><a href=\"https:\/\/oestjyderne.danmarksveteraner.dk\/wordpress\/wp-content\/uploads\/2019\/05\/20190504_190446-e1558079897350.jpg\"><img decoding=\"async\" loading=\"lazy\" class=\"aligncenter size-medium wp-image-832\" src=\"https:\/\/oestjyderne.danmarksveteraner.dk\/wordpress\/wp-content\/uploads\/2019\/05\/20190504_190446-e1558079897350-225x300.jpg\" alt=\"\" width=\"225\" height=\"300\" srcset=\"https:\/\/oestjyderne.danmarksveteraner.dk\/wordpress\/wp-content\/uploads\/2019\/05\/20190504_190446-e1558079897350-225x300.jpg 225w, https:\/\/oestjyderne.danmarksveteraner.dk\/wordpress\/wp-content\/uploads\/2019\/05\/20190504_190446-e1558079897350-768x1024.jpg 768w\" sizes=\"(max-width: 225px) 100vw, 225px\" \/><\/a><\/p>\n<p style=\"text-align: center;\"><a href=\"https:\/\/oestjyderne.danmarksveteraner.dk\/wordpress\/wp-content\/uploads\/2019\/05\/20190504_191626-e1558079912512.jpg\"><img decoding=\"async\" loading=\"lazy\" class=\"aligncenter size-medium wp-image-833\" src=\"https:\/\/oestjyderne.danmarksveteraner.dk\/wordpress\/wp-content\/uploads\/2019\/05\/20190504_191626-e1558079912512-225x300.jpg\" alt=\"\" width=\"225\" height=\"300\" srcset=\"https:\/\/oestjyderne.danmarksveteraner.dk\/wordpress\/wp-content\/uploads\/2019\/05\/20190504_191626-e1558079912512-225x300.jpg 225w, https:\/\/oestjyderne.danmarksveteraner.dk\/wordpress\/wp-content\/uploads\/2019\/05\/20190504_191626-e1558079912512-768x1024.jpg 768w\" sizes=\"(max-width: 225px) 100vw, 225px\" \/><\/a><\/p>\n<p><a href=\"https:\/\/oestjyderne.danmarksveteraner.dk\/wordpress\/wp-content\/uploads\/2019\/05\/20190504_194042-e1558079937713.jpg\"><img decoding=\"async\" loading=\"lazy\" class=\"aligncenter size-medium wp-image-835\" src=\"https:\/\/oestjyderne.danmarksveteraner.dk\/wordpress\/wp-content\/uploads\/2019\/05\/20190504_194042-e1558079937713-225x300.jpg\" alt=\"\" width=\"225\" height=\"300\" srcset=\"https:\/\/oestjyderne.danmarksveteraner.dk\/wordpress\/wp-content\/uploads\/2019\/05\/20190504_194042-e1558079937713-225x300.jpg 225w, https:\/\/oestjyderne.danmarksveteraner.dk\/wordpress\/wp-content\/uploads\/2019\/05\/20190504_194042-e1558079937713-768x1024.jpg 768w\" sizes=\"(max-width: 225px) 100vw, 225px\" \/><\/a><\/p>\n<p style=\"text-align: center;\">Lige lidt billeder fra 4. maj, en flot aften\u00a0 hvor vi lagde blomster ved de 2 monumenter og sluttede i Marineforeningen til en kop kaffe.<\/p>\n<p style=\"text-align: center;\"><strong>VALDEMARSDAG 15 JUNI.<\/strong><\/p>\n<p style=\"text-align: center;\">Dagen begyndte i regnvejr p\u00e5 nordre kirkeg\u00e5rd med blomsternedl\u00e6ggelse, derp\u00e5 gik vi med Horsensgarden i spidsen ned til S\u00f8ndergade, op til den anden ende og ned til r\u00e5dhuset. Her modtog borgmesteren os og inviterede ind til en reception. Under denne blev der udleveret en ny fane til foreningen.<\/p>\n<p><a href=\"https:\/\/oestjyderne.danmarksveteraner.dk\/wordpress\/wp-content\/uploads\/2019\/09\/P1070767.jpg\"><img decoding=\"async\" loading=\"lazy\" class=\"aligncenter size-medium wp-image-858\" src=\"https:\/\/oestjyderne.danmarksveteraner.dk\/wordpress\/wp-content\/uploads\/2019\/09\/P1070767-300x225.jpg\" alt=\"\" width=\"300\" height=\"225\" srcset=\"https:\/\/oestjyderne.danmarksveteraner.dk\/wordpress\/wp-content\/uploads\/2019\/09\/P1070767-300x225.jpg 300w, https:\/\/oestjyderne.danmarksveteraner.dk\/wordpress\/wp-content\/uploads\/2019\/09\/P1070767-768x576.jpg 768w, https:\/\/oestjyderne.danmarksveteraner.dk\/wordpress\/wp-content\/uploads\/2019\/09\/P1070767-1024x768.jpg 1024w\" sizes=\"(max-width: 300px) 100vw, 300px\" \/><\/a> <a href=\"https:\/\/oestjyderne.danmarksveteraner.dk\/wordpress\/wp-content\/uploads\/2019\/09\/P1070790.jpg\"><img decoding=\"async\" loading=\"lazy\" class=\"aligncenter size-medium wp-image-859\" src=\"https:\/\/oestjyderne.danmarksveteraner.dk\/wordpress\/wp-content\/uploads\/2019\/09\/P1070790-300x225.jpg\" alt=\"\" width=\"300\" height=\"225\" srcset=\"https:\/\/oestjyderne.danmarksveteraner.dk\/wordpress\/wp-content\/uploads\/2019\/09\/P1070790-300x225.jpg 300w, https:\/\/oestjyderne.danmarksveteraner.dk\/wordpress\/wp-content\/uploads\/2019\/09\/P1070790-768x576.jpg 768w, https:\/\/oestjyderne.danmarksveteraner.dk\/wordpress\/wp-content\/uploads\/2019\/09\/P1070790-1024x768.jpg 1024w\" sizes=\"(max-width: 300px) 100vw, 300px\" \/><\/a><\/p>\n<p style=\"text-align: center;\"><strong>Flagdag 5-9-2019<\/strong><\/p>\n<p style=\"text-align: center;\"><a href=\"https:\/\/oestjyderne.danmarksveteraner.dk\/wordpress\/wp-content\/uploads\/2019\/09\/2019-09-05-09.47.41.jpg\">Omkring 20 deltog i nedtagningen af flaget og den efterf\u00f8lgende kaffe i marinestuen.<\/a><\/p>\n<p><a href=\"https:\/\/oestjyderne.danmarksveteraner.dk\/wordpress\/wp-content\/uploads\/2019\/09\/2019-09-05-09.47.41-copy.jpg\"><img decoding=\"async\" loading=\"lazy\" class=\"aligncenter size-medium wp-image-866\" src=\"https:\/\/oestjyderne.danmarksveteraner.dk\/wordpress\/wp-content\/uploads\/2019\/09\/2019-09-05-09.47.41-copy-300x225.jpg\" alt=\"\" width=\"300\" height=\"225\" srcset=\"https:\/\/oestjyderne.danmarksveteraner.dk\/wordpress\/wp-content\/uploads\/2019\/09\/2019-09-05-09.47.41-copy-300x225.jpg 300w, https:\/\/oestjyderne.danmarksveteraner.dk\/wordpress\/wp-content\/uploads\/2019\/09\/2019-09-05-09.47.41-copy-768x576.jpg 768w, https:\/\/oestjyderne.danmarksveteraner.dk\/wordpress\/wp-content\/uploads\/2019\/09\/2019-09-05-09.47.41-copy-1024x768.jpg 1024w, https:\/\/oestjyderne.danmarksveteraner.dk\/wordpress\/wp-content\/uploads\/2019\/09\/2019-09-05-09.47.41-copy.jpg 2048w\" sizes=\"(max-width: 300px) 100vw, 300px\" \/><\/a> <a href=\"https:\/\/oestjyderne.danmarksveteraner.dk\/wordpress\/wp-content\/uploads\/2019\/09\/2019-09-05-09.46.58-2-copy.jpg\"><img decoding=\"async\" loading=\"lazy\" class=\"aligncenter size-medium wp-image-865\" src=\"https:\/\/oestjyderne.danmarksveteraner.dk\/wordpress\/wp-content\/uploads\/2019\/09\/2019-09-05-09.46.58-2-copy-300x225.jpg\" alt=\"\" width=\"300\" height=\"225\" srcset=\"https:\/\/oestjyderne.danmarksveteraner.dk\/wordpress\/wp-content\/uploads\/2019\/09\/2019-09-05-09.46.58-2-copy-300x225.jpg 300w, https:\/\/oestjyderne.danmarksveteraner.dk\/wordpress\/wp-content\/uploads\/2019\/09\/2019-09-05-09.46.58-2-copy-768x576.jpg 768w, https:\/\/oestjyderne.danmarksveteraner.dk\/wordpress\/wp-content\/uploads\/2019\/09\/2019-09-05-09.46.58-2-copy-1024x768.jpg 1024w, https:\/\/oestjyderne.danmarksveteraner.dk\/wordpress\/wp-content\/uploads\/2019\/09\/2019-09-05-09.46.58-2-copy.jpg 2048w\" sizes=\"(max-width: 300px) 100vw, 300px\" \/><\/a><\/p>\n<p style=\"text-align: center;\"><a href=\"https:\/\/oestjyderne.danmarksveteraner.dk\/wordpress\/wp-content\/uploads\/2019\/09\/2019-09-05-19.58.10-2.jpg\">Her rejste Johannes Krarup sig og fortalte et par historier fra sin ungdom.<\/a><a href=\"https:\/\/oestjyderne.danmarksveteraner.dk\/wordpress\/wp-content\/uploads\/2019\/09\/2019-09-05-20.06.15-2-copy.jpg\"><img decoding=\"async\" loading=\"lazy\" class=\"aligncenter size-medium wp-image-868\" src=\"https:\/\/oestjyderne.danmarksveteraner.dk\/wordpress\/wp-content\/uploads\/2019\/09\/2019-09-05-20.06.15-2-copy-300x225.jpg\" alt=\"\" width=\"300\" height=\"225\" srcset=\"https:\/\/oestjyderne.danmarksveteraner.dk\/wordpress\/wp-content\/uploads\/2019\/09\/2019-09-05-20.06.15-2-copy-300x225.jpg 300w, https:\/\/oestjyderne.danmarksveteraner.dk\/wordpress\/wp-content\/uploads\/2019\/09\/2019-09-05-20.06.15-2-copy-768x576.jpg 768w, https:\/\/oestjyderne.danmarksveteraner.dk\/wordpress\/wp-content\/uploads\/2019\/09\/2019-09-05-20.06.15-2-copy-1024x768.jpg 1024w, https:\/\/oestjyderne.danmarksveteraner.dk\/wordpress\/wp-content\/uploads\/2019\/09\/2019-09-05-20.06.15-2-copy.jpg 2048w\" sizes=\"(max-width: 300px) 100vw, 300px\" \/><\/a><a href=\"https:\/\/oestjyderne.danmarksveteraner.dk\/wordpress\/wp-content\/uploads\/2019\/09\/2019-09-05-19.58.10-2-copy.jpg\"><img decoding=\"async\" loading=\"lazy\" class=\"aligncenter size-medium wp-image-867\" src=\"https:\/\/oestjyderne.danmarksveteraner.dk\/wordpress\/wp-content\/uploads\/2019\/09\/2019-09-05-19.58.10-2-copy-300x225.jpg\" alt=\"\" width=\"300\" height=\"225\" srcset=\"https:\/\/oestjyderne.danmarksveteraner.dk\/wordpress\/wp-content\/uploads\/2019\/09\/2019-09-05-19.58.10-2-copy-300x225.jpg 300w, https:\/\/oestjyderne.danmarksveteraner.dk\/wordpress\/wp-content\/uploads\/2019\/09\/2019-09-05-19.58.10-2-copy-768x576.jpg 768w, https:\/\/oestjyderne.danmarksveteraner.dk\/wordpress\/wp-content\/uploads\/2019\/09\/2019-09-05-19.58.10-2-copy-1024x768.jpg 1024w, https:\/\/oestjyderne.danmarksveteraner.dk\/wordpress\/wp-content\/uploads\/2019\/09\/2019-09-05-19.58.10-2-copy.jpg 2048w\" sizes=\"(max-width: 300px) 100vw, 300px\" \/><\/a><\/p>\n<p>&nbsp;<\/p>\n<p style=\"text-align: center;\"><strong>14-9-2019 Jubilarst\u00e6vne\/ formandsm\u00f8de, Antvorskov.<\/strong><\/p>\n<p style=\"text-align: center;\">Et stort st\u00e6vne da der ogs\u00e5 var jubilarer fra Garderhusarerne og Dronningens livregiment.<\/p>\n<p><a href=\"https:\/\/oestjyderne.danmarksveteraner.dk\/wordpress\/wp-content\/uploads\/2019\/09\/70847631_2287110681604648_4362220604045131776_o-copy.jpg\"><img decoding=\"async\" loading=\"lazy\" class=\"aligncenter size-medium wp-image-855\" src=\"https:\/\/oestjyderne.danmarksveteraner.dk\/wordpress\/wp-content\/uploads\/2019\/09\/70847631_2287110681604648_4362220604045131776_o-copy-300x266.jpg\" alt=\"\" width=\"300\" height=\"266\" srcset=\"https:\/\/oestjyderne.danmarksveteraner.dk\/wordpress\/wp-content\/uploads\/2019\/09\/70847631_2287110681604648_4362220604045131776_o-copy-300x266.jpg 300w, https:\/\/oestjyderne.danmarksveteraner.dk\/wordpress\/wp-content\/uploads\/2019\/09\/70847631_2287110681604648_4362220604045131776_o-copy-768x682.jpg 768w, https:\/\/oestjyderne.danmarksveteraner.dk\/wordpress\/wp-content\/uploads\/2019\/09\/70847631_2287110681604648_4362220604045131776_o-copy-1024x910.jpg 1024w, https:\/\/oestjyderne.danmarksveteraner.dk\/wordpress\/wp-content\/uploads\/2019\/09\/70847631_2287110681604648_4362220604045131776_o-copy.jpg 1997w\" sizes=\"(max-width: 300px) 100vw, 300px\" \/><\/a> <a href=\"https:\/\/oestjyderne.danmarksveteraner.dk\/wordpress\/wp-content\/uploads\/2019\/09\/70736321_2287109478271435_3841046148244570112_o-copy.jpg\"><img decoding=\"async\" loading=\"lazy\" class=\"aligncenter size-medium wp-image-854\" src=\"https:\/\/oestjyderne.danmarksveteraner.dk\/wordpress\/wp-content\/uploads\/2019\/09\/70736321_2287109478271435_3841046148244570112_o-copy-300x225.jpg\" alt=\"\" width=\"300\" height=\"225\" srcset=\"https:\/\/oestjyderne.danmarksveteraner.dk\/wordpress\/wp-content\/uploads\/2019\/09\/70736321_2287109478271435_3841046148244570112_o-copy-300x225.jpg 300w, https:\/\/oestjyderne.danmarksveteraner.dk\/wordpress\/wp-content\/uploads\/2019\/09\/70736321_2287109478271435_3841046148244570112_o-copy-768x576.jpg 768w, https:\/\/oestjyderne.danmarksveteraner.dk\/wordpress\/wp-content\/uploads\/2019\/09\/70736321_2287109478271435_3841046148244570112_o-copy-1024x768.jpg 1024w, https:\/\/oestjyderne.danmarksveteraner.dk\/wordpress\/wp-content\/uploads\/2019\/09\/70736321_2287109478271435_3841046148244570112_o-copy.jpg 1836w\" sizes=\"(max-width: 300px) 100vw, 300px\" \/><\/a> <a href=\"https:\/\/oestjyderne.danmarksveteraner.dk\/wordpress\/wp-content\/uploads\/2019\/09\/70388449_2287110648271318_1127681386262560768_o-copy.jpg\"><img decoding=\"async\" loading=\"lazy\" class=\"aligncenter size-medium wp-image-853\" src=\"https:\/\/oestjyderne.danmarksveteraner.dk\/wordpress\/wp-content\/uploads\/2019\/09\/70388449_2287110648271318_1127681386262560768_o-copy-300x225.jpg\" alt=\"\" width=\"300\" height=\"225\" srcset=\"https:\/\/oestjyderne.danmarksveteraner.dk\/wordpress\/wp-content\/uploads\/2019\/09\/70388449_2287110648271318_1127681386262560768_o-copy-300x225.jpg 300w, https:\/\/oestjyderne.danmarksveteraner.dk\/wordpress\/wp-content\/uploads\/2019\/09\/70388449_2287110648271318_1127681386262560768_o-copy-768x576.jpg 768w, https:\/\/oestjyderne.danmarksveteraner.dk\/wordpress\/wp-content\/uploads\/2019\/09\/70388449_2287110648271318_1127681386262560768_o-copy-1024x768.jpg 1024w, https:\/\/oestjyderne.danmarksveteraner.dk\/wordpress\/wp-content\/uploads\/2019\/09\/70388449_2287110648271318_1127681386262560768_o-copy.jpg 1836w\" sizes=\"(max-width: 300px) 100vw, 300px\" \/><\/a> <a href=\"https:\/\/oestjyderne.danmarksveteraner.dk\/wordpress\/wp-content\/uploads\/2019\/09\/70150380_2287110511604665_3955540235370102784_o-copy.jpg\"><img decoding=\"async\" loading=\"lazy\" class=\"aligncenter size-medium wp-image-852\" src=\"https:\/\/oestjyderne.danmarksveteraner.dk\/wordpress\/wp-content\/uploads\/2019\/09\/70150380_2287110511604665_3955540235370102784_o-copy-300x225.jpg\" alt=\"\" width=\"300\" height=\"225\" srcset=\"https:\/\/oestjyderne.danmarksveteraner.dk\/wordpress\/wp-content\/uploads\/2019\/09\/70150380_2287110511604665_3955540235370102784_o-copy-300x225.jpg 300w, https:\/\/oestjyderne.danmarksveteraner.dk\/wordpress\/wp-content\/uploads\/2019\/09\/70150380_2287110511604665_3955540235370102784_o-copy-768x576.jpg 768w, https:\/\/oestjyderne.danmarksveteraner.dk\/wordpress\/wp-content\/uploads\/2019\/09\/70150380_2287110511604665_3955540235370102784_o-copy-1024x768.jpg 1024w, https:\/\/oestjyderne.danmarksveteraner.dk\/wordpress\/wp-content\/uploads\/2019\/09\/70150380_2287110511604665_3955540235370102784_o-copy.jpg 1836w\" sizes=\"(max-width: 300px) 100vw, 300px\" \/><\/a><\/p>\n<p><a href=\"https:\/\/oestjyderne.danmarksveteraner.dk\/wordpress\/wp-content\/uploads\/2019\/09\/DSC_9181-copy.jpg\"><img decoding=\"async\" loading=\"lazy\" class=\"aligncenter size-medium wp-image-856\" src=\"https:\/\/oestjyderne.danmarksveteraner.dk\/wordpress\/wp-content\/uploads\/2019\/09\/DSC_9181-copy-300x200.jpg\" alt=\"\" width=\"300\" height=\"200\" srcset=\"https:\/\/oestjyderne.danmarksveteraner.dk\/wordpress\/wp-content\/uploads\/2019\/09\/DSC_9181-copy-300x200.jpg 300w, https:\/\/oestjyderne.danmarksveteraner.dk\/wordpress\/wp-content\/uploads\/2019\/09\/DSC_9181-copy-768x511.jpg 768w, https:\/\/oestjyderne.danmarksveteraner.dk\/wordpress\/wp-content\/uploads\/2019\/09\/DSC_9181-copy-1024x681.jpg 1024w, https:\/\/oestjyderne.danmarksveteraner.dk\/wordpress\/wp-content\/uploads\/2019\/09\/DSC_9181-copy.jpg 1248w\" sizes=\"(max-width: 300px) 100vw, 300px\" \/><\/a><\/p>\n<p style=\"text-align: center;\">Erik V. Pedersen og Viggo Brohus deltog i det efterf\u00f8lgende formandsm\u00f8de.<\/p>\n<p><a href=\"https:\/\/oestjyderne.danmarksveteraner.dk\/wordpress\/wp-content\/uploads\/2019\/09\/DSC_9208-copy.jpg\"><img decoding=\"async\" loading=\"lazy\" class=\"aligncenter size-medium wp-image-857\" src=\"https:\/\/oestjyderne.danmarksveteraner.dk\/wordpress\/wp-content\/uploads\/2019\/09\/DSC_9208-copy-300x200.jpg\" alt=\"\" width=\"300\" height=\"200\" srcset=\"https:\/\/oestjyderne.danmarksveteraner.dk\/wordpress\/wp-content\/uploads\/2019\/09\/DSC_9208-copy-300x200.jpg 300w, https:\/\/oestjyderne.danmarksveteraner.dk\/wordpress\/wp-content\/uploads\/2019\/09\/DSC_9208-copy-768x511.jpg 768w, https:\/\/oestjyderne.danmarksveteraner.dk\/wordpress\/wp-content\/uploads\/2019\/09\/DSC_9208-copy-1024x681.jpg 1024w, https:\/\/oestjyderne.danmarksveteraner.dk\/wordpress\/wp-content\/uploads\/2019\/09\/DSC_9208-copy.jpg 1248w\" sizes=\"(max-width: 300px) 100vw, 300px\" \/><\/a><\/p>\n<p style=\"text-align: center;\"><strong>UDFLUGT.<\/strong><\/p>\n<p><a href=\"https:\/\/oestjyderne.danmarksveteraner.dk\/wordpress\/wp-content\/uploads\/2019\/10\/IMG_3181-copy.jpg\"><img decoding=\"async\" loading=\"lazy\" class=\"aligncenter size-medium wp-image-875\" src=\"https:\/\/oestjyderne.danmarksveteraner.dk\/wordpress\/wp-content\/uploads\/2019\/10\/IMG_3181-copy-300x200.jpg\" alt=\"\" width=\"300\" height=\"200\" srcset=\"https:\/\/oestjyderne.danmarksveteraner.dk\/wordpress\/wp-content\/uploads\/2019\/10\/IMG_3181-copy-300x200.jpg 300w, https:\/\/oestjyderne.danmarksveteraner.dk\/wordpress\/wp-content\/uploads\/2019\/10\/IMG_3181-copy-768x512.jpg 768w, https:\/\/oestjyderne.danmarksveteraner.dk\/wordpress\/wp-content\/uploads\/2019\/10\/IMG_3181-copy-1024x683.jpg 1024w\" sizes=\"(max-width: 300px) 100vw, 300px\" \/><\/a><\/p>\n<p style=\"text-align: center;\">Rundstykker p\u00e5 rastepladsen ved Hj\u00f8llund.<\/p>\n<p style=\"text-align: center;\"><a href=\"https:\/\/oestjyderne.danmarksveteraner.dk\/wordpress\/wp-content\/uploads\/2019\/10\/IMG_3187-copy.jpg\"><img decoding=\"async\" loading=\"lazy\" class=\"aligncenter size-medium wp-image-876\" src=\"https:\/\/oestjyderne.danmarksveteraner.dk\/wordpress\/wp-content\/uploads\/2019\/10\/IMG_3187-copy-300x200.jpg\" alt=\"\" width=\"300\" height=\"200\" srcset=\"https:\/\/oestjyderne.danmarksveteraner.dk\/wordpress\/wp-content\/uploads\/2019\/10\/IMG_3187-copy-300x200.jpg 300w, https:\/\/oestjyderne.danmarksveteraner.dk\/wordpress\/wp-content\/uploads\/2019\/10\/IMG_3187-copy-768x512.jpg 768w, https:\/\/oestjyderne.danmarksveteraner.dk\/wordpress\/wp-content\/uploads\/2019\/10\/IMG_3187-copy-1024x683.jpg 1024w\" sizes=\"(max-width: 300px) 100vw, 300px\" \/><\/a><\/p>\n<p style=\"text-align: center;\"><a href=\"https:\/\/oestjyderne.danmarksveteraner.dk\/wordpress\/wp-content\/uploads\/2019\/10\/IMG_3187-copy.jpg\">Vel ankommet til Museumscenter Hanstholm ses det 110 Tons kanonr\u00f8r.<\/a> <a href=\"https:\/\/oestjyderne.danmarksveteraner.dk\/wordpress\/wp-content\/uploads\/2019\/10\/IMG_3193-copy.jpg\"><img decoding=\"async\" loading=\"lazy\" class=\"aligncenter size-medium wp-image-877\" src=\"https:\/\/oestjyderne.danmarksveteraner.dk\/wordpress\/wp-content\/uploads\/2019\/10\/IMG_3193-copy-300x200.jpg\" alt=\"\" width=\"300\" height=\"200\" srcset=\"https:\/\/oestjyderne.danmarksveteraner.dk\/wordpress\/wp-content\/uploads\/2019\/10\/IMG_3193-copy-300x200.jpg 300w, https:\/\/oestjyderne.danmarksveteraner.dk\/wordpress\/wp-content\/uploads\/2019\/10\/IMG_3193-copy-768x512.jpg 768w, https:\/\/oestjyderne.danmarksveteraner.dk\/wordpress\/wp-content\/uploads\/2019\/10\/IMG_3193-copy-1024x683.jpg 1024w\" sizes=\"(max-width: 300px) 100vw, 300px\" \/><\/a>Gruppebillede foran 380 mm kanonen.<\/p>\n<p><img decoding=\"async\" loading=\"lazy\" class=\"aligncenter size-medium wp-image-882\" src=\"https:\/\/oestjyderne.danmarksveteraner.dk\/wordpress\/wp-content\/uploads\/2019\/10\/IMG_3198-copy-1-200x300.jpg\" alt=\"\" width=\"200\" height=\"300\" srcset=\"https:\/\/oestjyderne.danmarksveteraner.dk\/wordpress\/wp-content\/uploads\/2019\/10\/IMG_3198-copy-1-200x300.jpg 200w, https:\/\/oestjyderne.danmarksveteraner.dk\/wordpress\/wp-content\/uploads\/2019\/10\/IMG_3198-copy-1-768x1152.jpg 768w, https:\/\/oestjyderne.danmarksveteraner.dk\/wordpress\/wp-content\/uploads\/2019\/10\/IMG_3198-copy-1-683x1024.jpg 683w\" sizes=\"(max-width: 200px) 100vw, 200px\" \/><\/p>\n<p style=\"text-align: center;\">Granater klar til den store kanon.<\/p>\n<p><a href=\"https:\/\/oestjyderne.danmarksveteraner.dk\/wordpress\/wp-content\/uploads\/2019\/10\/IMG_3202-copy.jpg\"><img decoding=\"async\" loading=\"lazy\" class=\"aligncenter size-medium wp-image-879\" src=\"https:\/\/oestjyderne.danmarksveteraner.dk\/wordpress\/wp-content\/uploads\/2019\/10\/IMG_3202-copy-300x200.jpg\" alt=\"\" width=\"300\" height=\"200\" srcset=\"https:\/\/oestjyderne.danmarksveteraner.dk\/wordpress\/wp-content\/uploads\/2019\/10\/IMG_3202-copy-300x200.jpg 300w, https:\/\/oestjyderne.danmarksveteraner.dk\/wordpress\/wp-content\/uploads\/2019\/10\/IMG_3202-copy-768x512.jpg 768w, https:\/\/oestjyderne.danmarksveteraner.dk\/wordpress\/wp-content\/uploads\/2019\/10\/IMG_3202-copy-1024x683.jpg 1024w\" sizes=\"(max-width: 300px) 100vw, 300px\" \/><\/a><\/p>\n<p style=\"text-align: center;\">F\u00e6ngh\u00e6tten med 114 Kg krudt, ved fuld ladning p\u00e5 300 Kg krudt var r\u00e6kkevidden 55 Km.<\/p>\n<p><a href=\"https:\/\/oestjyderne.danmarksveteraner.dk\/wordpress\/wp-content\/uploads\/2019\/10\/IMG_3211-copy.jpg\"><img decoding=\"async\" loading=\"lazy\" class=\"aligncenter size-medium wp-image-883\" src=\"https:\/\/oestjyderne.danmarksveteraner.dk\/wordpress\/wp-content\/uploads\/2019\/10\/IMG_3211-copy-200x300.jpg\" alt=\"\" width=\"200\" height=\"300\" srcset=\"https:\/\/oestjyderne.danmarksveteraner.dk\/wordpress\/wp-content\/uploads\/2019\/10\/IMG_3211-copy-200x300.jpg 200w, https:\/\/oestjyderne.danmarksveteraner.dk\/wordpress\/wp-content\/uploads\/2019\/10\/IMG_3211-copy-768x1152.jpg 768w, https:\/\/oestjyderne.danmarksveteraner.dk\/wordpress\/wp-content\/uploads\/2019\/10\/IMG_3211-copy-683x1024.jpg 683w\" sizes=\"(max-width: 200px) 100vw, 200px\" \/><\/a><\/p>\n<p style=\"text-align: center;\">Sammen med de tilsvarende kanoner i Norge d\u00e6kkede de n\u00e6sten hullet.<\/p>\n<p><a href=\"https:\/\/oestjyderne.danmarksveteraner.dk\/wordpress\/wp-content\/uploads\/2019\/10\/IMG_3212-copy.jpg\"><img decoding=\"async\" loading=\"lazy\" class=\"aligncenter size-medium wp-image-880\" src=\"https:\/\/oestjyderne.danmarksveteraner.dk\/wordpress\/wp-content\/uploads\/2019\/10\/IMG_3212-copy-300x200.jpg\" alt=\"\" width=\"300\" height=\"200\" srcset=\"https:\/\/oestjyderne.danmarksveteraner.dk\/wordpress\/wp-content\/uploads\/2019\/10\/IMG_3212-copy-300x200.jpg 300w, https:\/\/oestjyderne.danmarksveteraner.dk\/wordpress\/wp-content\/uploads\/2019\/10\/IMG_3212-copy-768x512.jpg 768w, https:\/\/oestjyderne.danmarksveteraner.dk\/wordpress\/wp-content\/uploads\/2019\/10\/IMG_3212-copy-1024x683.jpg 1024w\" sizes=\"(max-width: 300px) 100vw, 300px\" \/><\/a><\/p>\n<p style=\"text-align: center;\">Oversigtkort over f\u00e6stning Hansholm.<\/p>\n<p><a href=\"https:\/\/oestjyderne.danmarksveteraner.dk\/wordpress\/wp-content\/uploads\/2019\/10\/IMG_3225-copy.jpg\"><img decoding=\"async\" loading=\"lazy\" class=\"aligncenter size-medium wp-image-881\" src=\"https:\/\/oestjyderne.danmarksveteraner.dk\/wordpress\/wp-content\/uploads\/2019\/10\/IMG_3225-copy-300x200.jpg\" alt=\"\" width=\"300\" height=\"200\" srcset=\"https:\/\/oestjyderne.danmarksveteraner.dk\/wordpress\/wp-content\/uploads\/2019\/10\/IMG_3225-copy-300x200.jpg 300w, https:\/\/oestjyderne.danmarksveteraner.dk\/wordpress\/wp-content\/uploads\/2019\/10\/IMG_3225-copy-768x512.jpg 768w, https:\/\/oestjyderne.danmarksveteraner.dk\/wordpress\/wp-content\/uploads\/2019\/10\/IMG_3225-copy-1024x683.jpg 1024w\" sizes=\"(max-width: 300px) 100vw, 300px\" \/><\/a><\/p>\n<p style=\"text-align: center;\">Fortidens og nutidens k\u00e6mper.<\/p>\n<p style=\"text-align: center;\"><em><strong>JULEBANKO 6. DECEMBER.<\/strong><\/em><\/p>\n<p><a href=\"https:\/\/oestjyderne.danmarksveteraner.dk\/wordpress\/wp-content\/uploads\/2019\/12\/2019-12-06-18.39.55-2-copy.jpg\"><img decoding=\"async\" loading=\"lazy\" class=\"aligncenter size-medium wp-image-894\" src=\"https:\/\/oestjyderne.danmarksveteraner.dk\/wordpress\/wp-content\/uploads\/2019\/12\/2019-12-06-18.39.55-2-copy-300x225.jpg\" alt=\"\" width=\"300\" height=\"225\" srcset=\"https:\/\/oestjyderne.danmarksveteraner.dk\/wordpress\/wp-content\/uploads\/2019\/12\/2019-12-06-18.39.55-2-copy-300x225.jpg 300w, https:\/\/oestjyderne.danmarksveteraner.dk\/wordpress\/wp-content\/uploads\/2019\/12\/2019-12-06-18.39.55-2-copy-768x576.jpg 768w, https:\/\/oestjyderne.danmarksveteraner.dk\/wordpress\/wp-content\/uploads\/2019\/12\/2019-12-06-18.39.55-2-copy-1024x768.jpg 1024w, https:\/\/oestjyderne.danmarksveteraner.dk\/wordpress\/wp-content\/uploads\/2019\/12\/2019-12-06-18.39.55-2-copy.jpg 2048w\" sizes=\"(max-width: 300px) 100vw, 300px\" \/><\/a><\/p>\n<p style=\"text-align: center;\">B\u00e5de pr\u00e6miebordet og spillebordene var fyldt godt op denne aften.<\/p>\n<p style=\"text-align: center;\"><a href=\"https:\/\/oestjyderne.danmarksveteraner.dk\/wordpress\/wp-content\/uploads\/2019\/12\/2019-12-06-19.59.53-2-copy.jpg\"><img decoding=\"async\" loading=\"lazy\" class=\"aligncenter size-medium wp-image-895\" src=\"https:\/\/oestjyderne.danmarksveteraner.dk\/wordpress\/wp-content\/uploads\/2019\/12\/2019-12-06-19.59.53-2-copy-300x225.jpg\" alt=\"\" width=\"300\" height=\"225\" srcset=\"https:\/\/oestjyderne.danmarksveteraner.dk\/wordpress\/wp-content\/uploads\/2019\/12\/2019-12-06-19.59.53-2-copy-300x225.jpg 300w, https:\/\/oestjyderne.danmarksveteraner.dk\/wordpress\/wp-content\/uploads\/2019\/12\/2019-12-06-19.59.53-2-copy-768x576.jpg 768w, https:\/\/oestjyderne.danmarksveteraner.dk\/wordpress\/wp-content\/uploads\/2019\/12\/2019-12-06-19.59.53-2-copy-1024x768.jpg 1024w, https:\/\/oestjyderne.danmarksveteraner.dk\/wordpress\/wp-content\/uploads\/2019\/12\/2019-12-06-19.59.53-2-copy.jpg 2048w\" sizes=\"(max-width: 300px) 100vw, 300px\" \/><\/a> <a href=\"https:\/\/oestjyderne.danmarksveteraner.dk\/wordpress\/wp-content\/uploads\/2019\/12\/2019-12-06-20.01.00-2-copy.jpg\"><img decoding=\"async\" loading=\"lazy\" class=\"aligncenter size-medium wp-image-896\" src=\"https:\/\/oestjyderne.danmarksveteraner.dk\/wordpress\/wp-content\/uploads\/2019\/12\/2019-12-06-20.01.00-2-copy-300x225.jpg\" alt=\"\" width=\"300\" height=\"225\" srcset=\"https:\/\/oestjyderne.danmarksveteraner.dk\/wordpress\/wp-content\/uploads\/2019\/12\/2019-12-06-20.01.00-2-copy-300x225.jpg 300w, https:\/\/oestjyderne.danmarksveteraner.dk\/wordpress\/wp-content\/uploads\/2019\/12\/2019-12-06-20.01.00-2-copy-768x576.jpg 768w, https:\/\/oestjyderne.danmarksveteraner.dk\/wordpress\/wp-content\/uploads\/2019\/12\/2019-12-06-20.01.00-2-copy-1024x768.jpg 1024w, https:\/\/oestjyderne.danmarksveteraner.dk\/wordpress\/wp-content\/uploads\/2019\/12\/2019-12-06-20.01.00-2-copy.jpg 2048w\" sizes=\"(max-width: 300px) 100vw, 300px\" \/><\/a><\/p>\n<p style=\"text-align: center;\"><em><strong>12. december, Martin Wiidau 80 \u00e5r.<\/strong><\/em><\/p>\n<p><a href=\"https:\/\/oestjyderne.danmarksveteraner.dk\/wordpress\/wp-content\/uploads\/2020\/01\/IMG_5569-2.jpg\"><img decoding=\"async\" loading=\"lazy\" class=\"aligncenter size-medium wp-image-908\" src=\"https:\/\/oestjyderne.danmarksveteraner.dk\/wordpress\/wp-content\/uploads\/2020\/01\/IMG_5569-2-300x225.jpg\" alt=\"\" width=\"300\" height=\"225\" srcset=\"https:\/\/oestjyderne.danmarksveteraner.dk\/wordpress\/wp-content\/uploads\/2020\/01\/IMG_5569-2-300x225.jpg 300w, https:\/\/oestjyderne.danmarksveteraner.dk\/wordpress\/wp-content\/uploads\/2020\/01\/IMG_5569-2-768x576.jpg 768w, https:\/\/oestjyderne.danmarksveteraner.dk\/wordpress\/wp-content\/uploads\/2020\/01\/IMG_5569-2-1024x768.jpg 1024w, https:\/\/oestjyderne.danmarksveteraner.dk\/wordpress\/wp-content\/uploads\/2020\/01\/IMG_5569-2.jpg 2048w\" sizes=\"(max-width: 300px) 100vw, 300px\" \/><\/a><\/p>\n<p style=\"text-align: center;\"><a href=\"https:\/\/oestjyderne.danmarksveteraner.dk\/wordpress\/wp-content\/uploads\/2019\/12\/2019-12-06-20.01.00-2-copy.jpg\">GODT NY\u00c5R , VI SES I 2020.<\/a><\/p>\n","protected":false},"excerpt":{"rendered":"<p>S\u00e5 er 2019 igang, som s\u00e6dvanlig med en hyggelig parole s\u00f8ndag D. 6. januar. Her er et par billeder fra<\/p>\n","protected":false},"author":1,"featured_media":0,"parent":45,"menu_order":0,"comment_status":"closed","ping_status":"closed","template":"","meta":{"colormag_page_layout":"default_layout"},"_links":{"self":[{"href":"https:\/\/oestjyderne.danmarksveteraner.dk\/wordpress\/index.php?rest_route=\/wp\/v2\/pages\/648"}],"collection":[{"href":"https:\/\/oestjyderne.danmarksveteraner.dk\/wordpress\/index.php?rest_route=\/wp\/v2\/pages"}],"about":[{"href":"https:\/\/oestjyderne.danmarksveteraner.dk\/wordpress\/index.php?rest_route=\/wp\/v2\/types\/page"}],"author":[{"embeddable":true,"href":"https:\/\/oestjyderne.danmarksveteraner.dk\/wordpress\/index.php?rest_route=\/wp\/v2\/users\/1"}],"replies":[{"embeddable":true,"href":"https:\/\/oestjyderne.danmarksveteraner.dk\/wordpress\/index.php?rest_route=%2Fwp%2Fv2%2Fcomments&post=648"}],"version-history":[{"count":24,"href":"https:\/\/oestjyderne.danmarksveteraner.dk\/wordpress\/index.php?rest_route=\/wp\/v2\/pages\/648\/revisions"}],"predecessor-version":[{"id":912,"href":"https:\/\/oestjyderne.danmarksveteraner.dk\/wordpress\/index.php?rest_route=\/wp\/v2\/pages\/648\/revisions\/912"}],"up":[{"embeddable":true,"href":"https:\/\/oestjyderne.danmarksveteraner.dk\/wordpress\/index.php?rest_route=\/wp\/v2\/pages\/45"}],"wp:attachment":[{"href":"https:\/\/oestjyderne.danmarksveteraner.dk\/wordpress\/index.php?rest_route=%2Fwp%2Fv2%2Fmedia&parent=648"}],"curies":[{"name":"wp","href":"https:\/\/api.w.org\/{rel}","templated":true}]}}