{"id":537,"date":"2018-10-25T11:13:14","date_gmt":"2018-10-25T09:13:14","guid":{"rendered":"https:\/\/oestjyderne.danmarksveteraner.dk\/wordpress\/?page_id=537"},"modified":"2019-02-21T16:15:14","modified_gmt":"2019-02-21T15:15:14","slug":"2005-2","status":"publish","type":"page","link":"https:\/\/oestjyderne.danmarksveteraner.dk\/wordpress\/?page_id=537","title":{"rendered":"2005"},"content":{"rendered":"<p style=\"text-align: center;\"><strong>Sommerst\u00e6vne S\u00f8g\u00e5rdlejren 17-18-19 Juni 2005.<\/strong><\/p>\n<p style=\"text-align: center;\">Opstilling i S\u00f8g\u00e5rd f\u00f8r afgang til S\u00f8nderborg.<\/p>\n<p><a href=\"https:\/\/oestjyderne.danmarksveteraner.dk\/wordpress\/wp-content\/uploads\/2018\/10\/Billede-001.jpg\"><img decoding=\"async\" loading=\"lazy\" class=\"aligncenter size-medium wp-image-547\" src=\"https:\/\/oestjyderne.danmarksveteraner.dk\/wordpress\/wp-content\/uploads\/2018\/10\/Billede-001-300x225.jpg\" alt=\"\" width=\"300\" height=\"225\" srcset=\"https:\/\/oestjyderne.danmarksveteraner.dk\/wordpress\/wp-content\/uploads\/2018\/10\/Billede-001-300x225.jpg 300w, https:\/\/oestjyderne.danmarksveteraner.dk\/wordpress\/wp-content\/uploads\/2018\/10\/Billede-001-768x576.jpg 768w, https:\/\/oestjyderne.danmarksveteraner.dk\/wordpress\/wp-content\/uploads\/2018\/10\/Billede-001.jpg 800w\" sizes=\"(max-width: 300px) 100vw, 300px\" \/><\/a> <a href=\"https:\/\/oestjyderne.danmarksveteraner.dk\/wordpress\/wp-content\/uploads\/2018\/10\/Billede-002.jpg\"><img decoding=\"async\" loading=\"lazy\" class=\"aligncenter size-medium wp-image-548\" src=\"https:\/\/oestjyderne.danmarksveteraner.dk\/wordpress\/wp-content\/uploads\/2018\/10\/Billede-002-300x225.jpg\" alt=\"\" width=\"300\" height=\"225\" srcset=\"https:\/\/oestjyderne.danmarksveteraner.dk\/wordpress\/wp-content\/uploads\/2018\/10\/Billede-002-300x225.jpg 300w, https:\/\/oestjyderne.danmarksveteraner.dk\/wordpress\/wp-content\/uploads\/2018\/10\/Billede-002-768x576.jpg 768w, https:\/\/oestjyderne.danmarksveteraner.dk\/wordpress\/wp-content\/uploads\/2018\/10\/Billede-002.jpg 800w\" sizes=\"(max-width: 300px) 100vw, 300px\" \/><\/a><\/p>\n<p style=\"text-align: center;\">Opstilling foran S\u00f8nderborg slot, inden march gennem byen.<\/p>\n<p><a href=\"https:\/\/oestjyderne.danmarksveteraner.dk\/wordpress\/wp-content\/uploads\/2018\/10\/Billede-003-e1540459130798.jpg\"><img decoding=\"async\" loading=\"lazy\" class=\"aligncenter size-medium wp-image-549\" src=\"https:\/\/oestjyderne.danmarksveteraner.dk\/wordpress\/wp-content\/uploads\/2018\/10\/Billede-003-e1540459130798-225x300.jpg\" alt=\"\" width=\"225\" height=\"300\" srcset=\"https:\/\/oestjyderne.danmarksveteraner.dk\/wordpress\/wp-content\/uploads\/2018\/10\/Billede-003-e1540459130798-225x300.jpg 225w, https:\/\/oestjyderne.danmarksveteraner.dk\/wordpress\/wp-content\/uploads\/2018\/10\/Billede-003-e1540459130798.jpg 600w\" sizes=\"(max-width: 225px) 100vw, 225px\" \/><\/a><\/p>\n<p style=\"text-align: center;\">Thorkil Kay og Vagner S\u00f8rensen med vores faner.<\/p>\n<p style=\"text-align: center;\"><a href=\"https:\/\/oestjyderne.danmarksveteraner.dk\/wordpress\/wp-content\/uploads\/2018\/10\/Billede-004-e1540459120602.jpg\"><img decoding=\"async\" loading=\"lazy\" class=\"aligncenter size-medium wp-image-550\" src=\"https:\/\/oestjyderne.danmarksveteraner.dk\/wordpress\/wp-content\/uploads\/2018\/10\/Billede-004-e1540459120602-225x300.jpg\" alt=\"\" width=\"225\" height=\"300\" srcset=\"https:\/\/oestjyderne.danmarksveteraner.dk\/wordpress\/wp-content\/uploads\/2018\/10\/Billede-004-e1540459120602-225x300.jpg 225w, https:\/\/oestjyderne.danmarksveteraner.dk\/wordpress\/wp-content\/uploads\/2018\/10\/Billede-004-e1540459120602.jpg 600w\" sizes=\"(max-width: 225px) 100vw, 225px\" \/><\/a> <a href=\"https:\/\/oestjyderne.danmarksveteraner.dk\/wordpress\/wp-content\/uploads\/2018\/10\/Billede-005-e1540459110961.jpg\"><img decoding=\"async\" loading=\"lazy\" class=\"aligncenter size-medium wp-image-551\" src=\"https:\/\/oestjyderne.danmarksveteraner.dk\/wordpress\/wp-content\/uploads\/2018\/10\/Billede-005-e1540459110961-225x300.jpg\" alt=\"\" width=\"225\" height=\"300\" srcset=\"https:\/\/oestjyderne.danmarksveteraner.dk\/wordpress\/wp-content\/uploads\/2018\/10\/Billede-005-e1540459110961-225x300.jpg 225w, https:\/\/oestjyderne.danmarksveteraner.dk\/wordpress\/wp-content\/uploads\/2018\/10\/Billede-005-e1540459110961.jpg 600w\" sizes=\"(max-width: 225px) 100vw, 225px\" \/><\/a> <a href=\"https:\/\/oestjyderne.danmarksveteraner.dk\/wordpress\/wp-content\/uploads\/2018\/10\/Billede-006.jpg\"><img decoding=\"async\" loading=\"lazy\" class=\"aligncenter size-medium wp-image-552\" src=\"https:\/\/oestjyderne.danmarksveteraner.dk\/wordpress\/wp-content\/uploads\/2018\/10\/Billede-006-300x225.jpg\" alt=\"\" width=\"300\" height=\"225\" srcset=\"https:\/\/oestjyderne.danmarksveteraner.dk\/wordpress\/wp-content\/uploads\/2018\/10\/Billede-006-300x225.jpg 300w, https:\/\/oestjyderne.danmarksveteraner.dk\/wordpress\/wp-content\/uploads\/2018\/10\/Billede-006-768x576.jpg 768w, https:\/\/oestjyderne.danmarksveteraner.dk\/wordpress\/wp-content\/uploads\/2018\/10\/Billede-006.jpg 800w\" sizes=\"(max-width: 300px) 100vw, 300px\" \/><\/a> <a href=\"https:\/\/oestjyderne.danmarksveteraner.dk\/wordpress\/wp-content\/uploads\/2018\/10\/Billede-007.jpg\"><img decoding=\"async\" loading=\"lazy\" class=\"aligncenter size-medium wp-image-553\" src=\"https:\/\/oestjyderne.danmarksveteraner.dk\/wordpress\/wp-content\/uploads\/2018\/10\/Billede-007-300x225.jpg\" alt=\"\" width=\"300\" height=\"225\" srcset=\"https:\/\/oestjyderne.danmarksveteraner.dk\/wordpress\/wp-content\/uploads\/2018\/10\/Billede-007-300x225.jpg 300w, https:\/\/oestjyderne.danmarksveteraner.dk\/wordpress\/wp-content\/uploads\/2018\/10\/Billede-007-768x576.jpg 768w, https:\/\/oestjyderne.danmarksveteraner.dk\/wordpress\/wp-content\/uploads\/2018\/10\/Billede-007.jpg 800w\" sizes=\"(max-width: 300px) 100vw, 300px\" \/><\/a> <a href=\"https:\/\/oestjyderne.danmarksveteraner.dk\/wordpress\/wp-content\/uploads\/2018\/10\/Billede-008.jpg\"><img decoding=\"async\" loading=\"lazy\" class=\"aligncenter size-medium wp-image-554\" src=\"https:\/\/oestjyderne.danmarksveteraner.dk\/wordpress\/wp-content\/uploads\/2018\/10\/Billede-008-300x225.jpg\" alt=\"\" width=\"300\" height=\"225\" srcset=\"https:\/\/oestjyderne.danmarksveteraner.dk\/wordpress\/wp-content\/uploads\/2018\/10\/Billede-008-300x225.jpg 300w, https:\/\/oestjyderne.danmarksveteraner.dk\/wordpress\/wp-content\/uploads\/2018\/10\/Billede-008-768x576.jpg 768w, https:\/\/oestjyderne.danmarksveteraner.dk\/wordpress\/wp-content\/uploads\/2018\/10\/Billede-008.jpg 800w\" sizes=\"(max-width: 300px) 100vw, 300px\" \/><\/a><\/p>\n<p style=\"text-align: center;\">March gennem S\u00f8nderborg<\/p>\n<p><a href=\"https:\/\/oestjyderne.danmarksveteraner.dk\/wordpress\/wp-content\/uploads\/2018\/10\/Billede-009.jpg\"><img decoding=\"async\" loading=\"lazy\" class=\"aligncenter size-medium wp-image-555\" src=\"https:\/\/oestjyderne.danmarksveteraner.dk\/wordpress\/wp-content\/uploads\/2018\/10\/Billede-009-300x225.jpg\" alt=\"\" width=\"300\" height=\"225\" srcset=\"https:\/\/oestjyderne.danmarksveteraner.dk\/wordpress\/wp-content\/uploads\/2018\/10\/Billede-009-300x225.jpg 300w, https:\/\/oestjyderne.danmarksveteraner.dk\/wordpress\/wp-content\/uploads\/2018\/10\/Billede-009-768x576.jpg 768w, https:\/\/oestjyderne.danmarksveteraner.dk\/wordpress\/wp-content\/uploads\/2018\/10\/Billede-009.jpg 800w\" sizes=\"(max-width: 300px) 100vw, 300px\" \/><\/a> <a href=\"https:\/\/oestjyderne.danmarksveteraner.dk\/wordpress\/wp-content\/uploads\/2018\/10\/Billede-010.jpg\"><img decoding=\"async\" loading=\"lazy\" class=\"aligncenter size-medium wp-image-556\" src=\"https:\/\/oestjyderne.danmarksveteraner.dk\/wordpress\/wp-content\/uploads\/2018\/10\/Billede-010-300x225.jpg\" alt=\"\" width=\"300\" height=\"225\" srcset=\"https:\/\/oestjyderne.danmarksveteraner.dk\/wordpress\/wp-content\/uploads\/2018\/10\/Billede-010-300x225.jpg 300w, https:\/\/oestjyderne.danmarksveteraner.dk\/wordpress\/wp-content\/uploads\/2018\/10\/Billede-010-768x576.jpg 768w, https:\/\/oestjyderne.danmarksveteraner.dk\/wordpress\/wp-content\/uploads\/2018\/10\/Billede-010.jpg 800w\" sizes=\"(max-width: 300px) 100vw, 300px\" \/><\/a> <a href=\"https:\/\/oestjyderne.danmarksveteraner.dk\/wordpress\/wp-content\/uploads\/2018\/10\/Billede-011-e1540459096940.jpg\"><img decoding=\"async\" loading=\"lazy\" class=\"aligncenter size-medium wp-image-557\" src=\"https:\/\/oestjyderne.danmarksveteraner.dk\/wordpress\/wp-content\/uploads\/2018\/10\/Billede-011-e1540459096940-225x300.jpg\" alt=\"\" width=\"225\" height=\"300\" srcset=\"https:\/\/oestjyderne.danmarksveteraner.dk\/wordpress\/wp-content\/uploads\/2018\/10\/Billede-011-e1540459096940-225x300.jpg 225w, https:\/\/oestjyderne.danmarksveteraner.dk\/wordpress\/wp-content\/uploads\/2018\/10\/Billede-011-e1540459096940.jpg 600w\" sizes=\"(max-width: 225px) 100vw, 225px\" \/><\/a> <a href=\"https:\/\/oestjyderne.danmarksveteraner.dk\/wordpress\/wp-content\/uploads\/2018\/10\/Billede-012-e1540459086909.jpg\"><img decoding=\"async\" loading=\"lazy\" class=\"aligncenter size-medium wp-image-558\" src=\"https:\/\/oestjyderne.danmarksveteraner.dk\/wordpress\/wp-content\/uploads\/2018\/10\/Billede-012-e1540459086909-225x300.jpg\" alt=\"\" width=\"225\" height=\"300\" srcset=\"https:\/\/oestjyderne.danmarksveteraner.dk\/wordpress\/wp-content\/uploads\/2018\/10\/Billede-012-e1540459086909-225x300.jpg 225w, https:\/\/oestjyderne.danmarksveteraner.dk\/wordpress\/wp-content\/uploads\/2018\/10\/Billede-012-e1540459086909.jpg 600w\" sizes=\"(max-width: 225px) 100vw, 225px\" \/><\/a> <a href=\"https:\/\/oestjyderne.danmarksveteraner.dk\/wordpress\/wp-content\/uploads\/2018\/10\/Billede-013.jpg\"><img decoding=\"async\" loading=\"lazy\" class=\"aligncenter size-medium wp-image-559\" src=\"https:\/\/oestjyderne.danmarksveteraner.dk\/wordpress\/wp-content\/uploads\/2018\/10\/Billede-013-225x300.jpg\" alt=\"\" width=\"225\" height=\"300\" srcset=\"https:\/\/oestjyderne.danmarksveteraner.dk\/wordpress\/wp-content\/uploads\/2018\/10\/Billede-013-225x300.jpg 225w, https:\/\/oestjyderne.danmarksveteraner.dk\/wordpress\/wp-content\/uploads\/2018\/10\/Billede-013.jpg 600w\" sizes=\"(max-width: 225px) 100vw, 225px\" \/><\/a> <a href=\"https:\/\/oestjyderne.danmarksveteraner.dk\/wordpress\/wp-content\/uploads\/2018\/10\/Billede-014-e1540459063108.jpg\"><img decoding=\"async\" loading=\"lazy\" class=\"aligncenter size-medium wp-image-560\" src=\"https:\/\/oestjyderne.danmarksveteraner.dk\/wordpress\/wp-content\/uploads\/2018\/10\/Billede-014-e1540459063108-225x300.jpg\" alt=\"\" width=\"225\" height=\"300\" srcset=\"https:\/\/oestjyderne.danmarksveteraner.dk\/wordpress\/wp-content\/uploads\/2018\/10\/Billede-014-e1540459063108-225x300.jpg 225w, https:\/\/oestjyderne.danmarksveteraner.dk\/wordpress\/wp-content\/uploads\/2018\/10\/Billede-014-e1540459063108.jpg 600w\" sizes=\"(max-width: 225px) 100vw, 225px\" \/><\/a><\/p>\n<p style=\"text-align: center;\">Modtagelse af borgmesteren foran r\u00e5dhuset.<\/p>\n<p><a href=\"https:\/\/oestjyderne.danmarksveteraner.dk\/wordpress\/wp-content\/uploads\/2018\/10\/Billede-015.jpg\"><img decoding=\"async\" loading=\"lazy\" class=\"aligncenter size-medium wp-image-561\" src=\"https:\/\/oestjyderne.danmarksveteraner.dk\/wordpress\/wp-content\/uploads\/2018\/10\/Billede-015-300x225.jpg\" alt=\"\" width=\"300\" height=\"225\" srcset=\"https:\/\/oestjyderne.danmarksveteraner.dk\/wordpress\/wp-content\/uploads\/2018\/10\/Billede-015-300x225.jpg 300w, https:\/\/oestjyderne.danmarksveteraner.dk\/wordpress\/wp-content\/uploads\/2018\/10\/Billede-015-768x576.jpg 768w, https:\/\/oestjyderne.danmarksveteraner.dk\/wordpress\/wp-content\/uploads\/2018\/10\/Billede-015.jpg 800w\" sizes=\"(max-width: 300px) 100vw, 300px\" \/><\/a> <a href=\"https:\/\/oestjyderne.danmarksveteraner.dk\/wordpress\/wp-content\/uploads\/2018\/10\/Billede-016.jpg\"><img decoding=\"async\" loading=\"lazy\" class=\"aligncenter size-medium wp-image-562\" src=\"https:\/\/oestjyderne.danmarksveteraner.dk\/wordpress\/wp-content\/uploads\/2018\/10\/Billede-016-300x225.jpg\" alt=\"\" width=\"300\" height=\"225\" srcset=\"https:\/\/oestjyderne.danmarksveteraner.dk\/wordpress\/wp-content\/uploads\/2018\/10\/Billede-016-300x225.jpg 300w, https:\/\/oestjyderne.danmarksveteraner.dk\/wordpress\/wp-content\/uploads\/2018\/10\/Billede-016-768x576.jpg 768w, https:\/\/oestjyderne.danmarksveteraner.dk\/wordpress\/wp-content\/uploads\/2018\/10\/Billede-016.jpg 800w\" sizes=\"(max-width: 300px) 100vw, 300px\" \/><\/a><\/p>\n<p style=\"text-align: center;\">Hygge, mad og drikke p\u00e5 r\u00e5dhuset.<\/p>\n<p><a href=\"https:\/\/oestjyderne.danmarksveteraner.dk\/wordpress\/wp-content\/uploads\/2018\/10\/Billede-017.jpg\"><img decoding=\"async\" loading=\"lazy\" class=\"aligncenter size-medium wp-image-563\" src=\"https:\/\/oestjyderne.danmarksveteraner.dk\/wordpress\/wp-content\/uploads\/2018\/10\/Billede-017-225x300.jpg\" alt=\"\" width=\"225\" height=\"300\" srcset=\"https:\/\/oestjyderne.danmarksveteraner.dk\/wordpress\/wp-content\/uploads\/2018\/10\/Billede-017-225x300.jpg 225w, https:\/\/oestjyderne.danmarksveteraner.dk\/wordpress\/wp-content\/uploads\/2018\/10\/Billede-017.jpg 600w\" sizes=\"(max-width: 225px) 100vw, 225px\" \/><\/a> <a href=\"https:\/\/oestjyderne.danmarksveteraner.dk\/wordpress\/wp-content\/uploads\/2018\/10\/Billede-018-e1540459053576.jpg\"><img decoding=\"async\" loading=\"lazy\" class=\"aligncenter size-medium wp-image-564\" src=\"https:\/\/oestjyderne.danmarksveteraner.dk\/wordpress\/wp-content\/uploads\/2018\/10\/Billede-018-e1540459053576-225x300.jpg\" alt=\"\" width=\"225\" height=\"300\" srcset=\"https:\/\/oestjyderne.danmarksveteraner.dk\/wordpress\/wp-content\/uploads\/2018\/10\/Billede-018-e1540459053576-225x300.jpg 225w, https:\/\/oestjyderne.danmarksveteraner.dk\/wordpress\/wp-content\/uploads\/2018\/10\/Billede-018-e1540459053576.jpg 600w\" sizes=\"(max-width: 225px) 100vw, 225px\" \/><\/a> <a href=\"https:\/\/oestjyderne.danmarksveteraner.dk\/wordpress\/wp-content\/uploads\/2018\/10\/Billede-019.jpg\"><img decoding=\"async\" loading=\"lazy\" class=\"aligncenter size-medium wp-image-565\" src=\"https:\/\/oestjyderne.danmarksveteraner.dk\/wordpress\/wp-content\/uploads\/2018\/10\/Billede-019-300x225.jpg\" alt=\"\" width=\"300\" height=\"225\" srcset=\"https:\/\/oestjyderne.danmarksveteraner.dk\/wordpress\/wp-content\/uploads\/2018\/10\/Billede-019-300x225.jpg 300w, https:\/\/oestjyderne.danmarksveteraner.dk\/wordpress\/wp-content\/uploads\/2018\/10\/Billede-019-768x576.jpg 768w, https:\/\/oestjyderne.danmarksveteraner.dk\/wordpress\/wp-content\/uploads\/2018\/10\/Billede-019.jpg 800w\" sizes=\"(max-width: 300px) 100vw, 300px\" \/><\/a> <a href=\"https:\/\/oestjyderne.danmarksveteraner.dk\/wordpress\/wp-content\/uploads\/2018\/10\/Billede-020.jpg\"><img decoding=\"async\" loading=\"lazy\" class=\"aligncenter size-medium wp-image-566\" src=\"https:\/\/oestjyderne.danmarksveteraner.dk\/wordpress\/wp-content\/uploads\/2018\/10\/Billede-020-300x225.jpg\" alt=\"\" width=\"300\" height=\"225\" srcset=\"https:\/\/oestjyderne.danmarksveteraner.dk\/wordpress\/wp-content\/uploads\/2018\/10\/Billede-020-300x225.jpg 300w, https:\/\/oestjyderne.danmarksveteraner.dk\/wordpress\/wp-content\/uploads\/2018\/10\/Billede-020-768x576.jpg 768w, https:\/\/oestjyderne.danmarksveteraner.dk\/wordpress\/wp-content\/uploads\/2018\/10\/Billede-020.jpg 800w\" sizes=\"(max-width: 300px) 100vw, 300px\" \/><\/a> <a href=\"https:\/\/oestjyderne.danmarksveteraner.dk\/wordpress\/wp-content\/uploads\/2018\/10\/Billede-021-e1540459040967.jpg\"><img decoding=\"async\" loading=\"lazy\" class=\"aligncenter size-medium wp-image-567\" src=\"https:\/\/oestjyderne.danmarksveteraner.dk\/wordpress\/wp-content\/uploads\/2018\/10\/Billede-021-e1540459040967-225x300.jpg\" alt=\"\" width=\"225\" height=\"300\" srcset=\"https:\/\/oestjyderne.danmarksveteraner.dk\/wordpress\/wp-content\/uploads\/2018\/10\/Billede-021-e1540459040967-225x300.jpg 225w, https:\/\/oestjyderne.danmarksveteraner.dk\/wordpress\/wp-content\/uploads\/2018\/10\/Billede-021-e1540459040967.jpg 600w\" sizes=\"(max-width: 225px) 100vw, 225px\" \/><\/a> <a href=\"https:\/\/oestjyderne.danmarksveteraner.dk\/wordpress\/wp-content\/uploads\/2018\/10\/Billede-022-e1540459030130.jpg\"><img decoding=\"async\" loading=\"lazy\" class=\"aligncenter size-medium wp-image-568\" src=\"https:\/\/oestjyderne.danmarksveteraner.dk\/wordpress\/wp-content\/uploads\/2018\/10\/Billede-022-e1540459030130-225x300.jpg\" alt=\"\" width=\"225\" height=\"300\" srcset=\"https:\/\/oestjyderne.danmarksveteraner.dk\/wordpress\/wp-content\/uploads\/2018\/10\/Billede-022-e1540459030130-225x300.jpg 225w, https:\/\/oestjyderne.danmarksveteraner.dk\/wordpress\/wp-content\/uploads\/2018\/10\/Billede-022-e1540459030130.jpg 600w\" sizes=\"(max-width: 225px) 100vw, 225px\" \/><\/a> <a href=\"https:\/\/oestjyderne.danmarksveteraner.dk\/wordpress\/wp-content\/uploads\/2018\/10\/Billede-023.jpg\"><img decoding=\"async\" loading=\"lazy\" class=\"aligncenter size-medium wp-image-569\" src=\"https:\/\/oestjyderne.danmarksveteraner.dk\/wordpress\/wp-content\/uploads\/2018\/10\/Billede-023-300x225.jpg\" alt=\"\" width=\"300\" height=\"225\" srcset=\"https:\/\/oestjyderne.danmarksveteraner.dk\/wordpress\/wp-content\/uploads\/2018\/10\/Billede-023-300x225.jpg 300w, https:\/\/oestjyderne.danmarksveteraner.dk\/wordpress\/wp-content\/uploads\/2018\/10\/Billede-023-768x576.jpg 768w, https:\/\/oestjyderne.danmarksveteraner.dk\/wordpress\/wp-content\/uploads\/2018\/10\/Billede-023.jpg 800w\" sizes=\"(max-width: 300px) 100vw, 300px\" \/><\/a> <a href=\"https:\/\/oestjyderne.danmarksveteraner.dk\/wordpress\/wp-content\/uploads\/2018\/10\/Billede-024.jpg\"><img decoding=\"async\" loading=\"lazy\" class=\"aligncenter size-medium wp-image-570\" src=\"https:\/\/oestjyderne.danmarksveteraner.dk\/wordpress\/wp-content\/uploads\/2018\/10\/Billede-024-300x225.jpg\" alt=\"\" width=\"300\" height=\"225\" srcset=\"https:\/\/oestjyderne.danmarksveteraner.dk\/wordpress\/wp-content\/uploads\/2018\/10\/Billede-024-300x225.jpg 300w, https:\/\/oestjyderne.danmarksveteraner.dk\/wordpress\/wp-content\/uploads\/2018\/10\/Billede-024-768x576.jpg 768w, https:\/\/oestjyderne.danmarksveteraner.dk\/wordpress\/wp-content\/uploads\/2018\/10\/Billede-024.jpg 800w\" sizes=\"(max-width: 300px) 100vw, 300px\" \/><\/a><\/p>\n<p style=\"text-align: center;\">March retur til bilerne ved S\u00f8nderborg slot.<\/p>\n<p><a href=\"https:\/\/oestjyderne.danmarksveteraner.dk\/wordpress\/wp-content\/uploads\/2018\/10\/Billede-025-e1540459021660.jpg\"><img decoding=\"async\" loading=\"lazy\" class=\"aligncenter size-medium wp-image-571\" src=\"https:\/\/oestjyderne.danmarksveteraner.dk\/wordpress\/wp-content\/uploads\/2018\/10\/Billede-025-e1540459021660-225x300.jpg\" alt=\"\" width=\"225\" height=\"300\" srcset=\"https:\/\/oestjyderne.danmarksveteraner.dk\/wordpress\/wp-content\/uploads\/2018\/10\/Billede-025-e1540459021660-225x300.jpg 225w, https:\/\/oestjyderne.danmarksveteraner.dk\/wordpress\/wp-content\/uploads\/2018\/10\/Billede-025-e1540459021660.jpg 600w\" sizes=\"(max-width: 225px) 100vw, 225px\" \/><\/a> <a href=\"https:\/\/oestjyderne.danmarksveteraner.dk\/wordpress\/wp-content\/uploads\/2018\/10\/Billede-026-e1540459009376.jpg\"><img decoding=\"async\" loading=\"lazy\" class=\"aligncenter size-medium wp-image-572\" src=\"https:\/\/oestjyderne.danmarksveteraner.dk\/wordpress\/wp-content\/uploads\/2018\/10\/Billede-026-e1540459009376-225x300.jpg\" alt=\"\" width=\"225\" height=\"300\" srcset=\"https:\/\/oestjyderne.danmarksveteraner.dk\/wordpress\/wp-content\/uploads\/2018\/10\/Billede-026-e1540459009376-225x300.jpg 225w, https:\/\/oestjyderne.danmarksveteraner.dk\/wordpress\/wp-content\/uploads\/2018\/10\/Billede-026-e1540459009376.jpg 600w\" sizes=\"(max-width: 225px) 100vw, 225px\" \/><\/a> <a href=\"https:\/\/oestjyderne.danmarksveteraner.dk\/wordpress\/wp-content\/uploads\/2018\/10\/Billede-027.jpg\"><img decoding=\"async\" loading=\"lazy\" class=\"aligncenter size-medium wp-image-573\" src=\"https:\/\/oestjyderne.danmarksveteraner.dk\/wordpress\/wp-content\/uploads\/2018\/10\/Billede-027-300x225.jpg\" alt=\"\" width=\"300\" height=\"225\" srcset=\"https:\/\/oestjyderne.danmarksveteraner.dk\/wordpress\/wp-content\/uploads\/2018\/10\/Billede-027-300x225.jpg 300w, https:\/\/oestjyderne.danmarksveteraner.dk\/wordpress\/wp-content\/uploads\/2018\/10\/Billede-027-768x576.jpg 768w, https:\/\/oestjyderne.danmarksveteraner.dk\/wordpress\/wp-content\/uploads\/2018\/10\/Billede-027.jpg 800w\" sizes=\"(max-width: 300px) 100vw, 300px\" \/><\/a><\/p>\n<p style=\"text-align: center;\">Yderligere billeder p\u00e5 S\u00f8nderjyllands hjemmeside.<\/p>\n<p>&nbsp;<\/p>\n<p style=\"text-align: center;\">Bes\u00f8g p\u00e5 Stibographic 22-9-2005.<\/p>\n<p style=\"text-align: center;\">Produktions chef Mogens Brink og projektleder Morten Houborg gav en orientering inden rundvisningen p\u00e5 et af europas st\u00f8rste og nyeste trykkerier.<\/p>\n<figure id=\"attachment_576\" aria-describedby=\"caption-attachment-576\" style=\"width: 300px\" class=\"wp-caption aligncenter\"><a href=\"https:\/\/oestjyderne.danmarksveteraner.dk\/wordpress\/wp-content\/uploads\/2018\/10\/Billede-793.jpg\"><img decoding=\"async\" loading=\"lazy\" class=\"size-medium wp-image-576\" src=\"https:\/\/oestjyderne.danmarksveteraner.dk\/wordpress\/wp-content\/uploads\/2018\/10\/Billede-793-300x225.jpg\" alt=\"\" width=\"300\" height=\"225\" srcset=\"https:\/\/oestjyderne.danmarksveteraner.dk\/wordpress\/wp-content\/uploads\/2018\/10\/Billede-793-300x225.jpg 300w, https:\/\/oestjyderne.danmarksveteraner.dk\/wordpress\/wp-content\/uploads\/2018\/10\/Billede-793-768x576.jpg 768w, https:\/\/oestjyderne.danmarksveteraner.dk\/wordpress\/wp-content\/uploads\/2018\/10\/Billede-793.jpg 800w\" sizes=\"(max-width: 300px) 100vw, 300px\" \/><\/a><figcaption id=\"caption-attachment-576\" class=\"wp-caption-text\">KONICA MINOLTA DIGITAL CAMERA<\/figcaption><\/figure>\n<figure id=\"attachment_577\" aria-describedby=\"caption-attachment-577\" style=\"width: 300px\" class=\"wp-caption aligncenter\"><a href=\"https:\/\/oestjyderne.danmarksveteraner.dk\/wordpress\/wp-content\/uploads\/2018\/10\/Billede-794.jpg\"><img decoding=\"async\" loading=\"lazy\" class=\"size-medium wp-image-577\" src=\"https:\/\/oestjyderne.danmarksveteraner.dk\/wordpress\/wp-content\/uploads\/2018\/10\/Billede-794-300x225.jpg\" alt=\"\" width=\"300\" height=\"225\" srcset=\"https:\/\/oestjyderne.danmarksveteraner.dk\/wordpress\/wp-content\/uploads\/2018\/10\/Billede-794-300x225.jpg 300w, https:\/\/oestjyderne.danmarksveteraner.dk\/wordpress\/wp-content\/uploads\/2018\/10\/Billede-794-768x576.jpg 768w, https:\/\/oestjyderne.danmarksveteraner.dk\/wordpress\/wp-content\/uploads\/2018\/10\/Billede-794.jpg 800w\" sizes=\"(max-width: 300px) 100vw, 300px\" \/><\/a><figcaption id=\"caption-attachment-577\" class=\"wp-caption-text\">KONICA MINOLTA DIGITAL CAMERA<\/figcaption><\/figure>\n<figure id=\"attachment_579\" aria-describedby=\"caption-attachment-579\" style=\"width: 300px\" class=\"wp-caption aligncenter\"><a href=\"https:\/\/oestjyderne.danmarksveteraner.dk\/wordpress\/wp-content\/uploads\/2018\/10\/Billede-796.jpg\"><img decoding=\"async\" loading=\"lazy\" class=\"size-medium wp-image-579\" src=\"https:\/\/oestjyderne.danmarksveteraner.dk\/wordpress\/wp-content\/uploads\/2018\/10\/Billede-796-300x225.jpg\" alt=\"\" width=\"300\" height=\"225\" srcset=\"https:\/\/oestjyderne.danmarksveteraner.dk\/wordpress\/wp-content\/uploads\/2018\/10\/Billede-796-300x225.jpg 300w, https:\/\/oestjyderne.danmarksveteraner.dk\/wordpress\/wp-content\/uploads\/2018\/10\/Billede-796-768x576.jpg 768w, https:\/\/oestjyderne.danmarksveteraner.dk\/wordpress\/wp-content\/uploads\/2018\/10\/Billede-796.jpg 800w\" sizes=\"(max-width: 300px) 100vw, 300px\" \/><\/a><figcaption id=\"caption-attachment-579\" class=\"wp-caption-text\">KONICA MINOLTA DIGITAL CAMERA<\/figcaption><\/figure>\n<p style=\"text-align: center;\">Der bruges ca. 300 tons papir i d\u00f8gnet eller 11.000.000 A4 sider i farve.<\/p>\n<figure id=\"attachment_580\" aria-describedby=\"caption-attachment-580\" style=\"width: 300px\" class=\"wp-caption aligncenter\"><a href=\"https:\/\/oestjyderne.danmarksveteraner.dk\/wordpress\/wp-content\/uploads\/2018\/10\/Billede-797.jpg\"><img decoding=\"async\" loading=\"lazy\" class=\"size-medium wp-image-580\" src=\"https:\/\/oestjyderne.danmarksveteraner.dk\/wordpress\/wp-content\/uploads\/2018\/10\/Billede-797-300x225.jpg\" alt=\"\" width=\"300\" height=\"225\" srcset=\"https:\/\/oestjyderne.danmarksveteraner.dk\/wordpress\/wp-content\/uploads\/2018\/10\/Billede-797-300x225.jpg 300w, https:\/\/oestjyderne.danmarksveteraner.dk\/wordpress\/wp-content\/uploads\/2018\/10\/Billede-797-768x576.jpg 768w, https:\/\/oestjyderne.danmarksveteraner.dk\/wordpress\/wp-content\/uploads\/2018\/10\/Billede-797.jpg 800w\" sizes=\"(max-width: 300px) 100vw, 300px\" \/><\/a><figcaption id=\"caption-attachment-580\" class=\"wp-caption-text\">KONICA MINOLTA DIGITAL CAMERA<\/figcaption><\/figure>\n<figure id=\"attachment_581\" aria-describedby=\"caption-attachment-581\" style=\"width: 300px\" class=\"wp-caption aligncenter\"><a href=\"https:\/\/oestjyderne.danmarksveteraner.dk\/wordpress\/wp-content\/uploads\/2018\/10\/Billede-798.jpg\"><img decoding=\"async\" loading=\"lazy\" class=\"size-medium wp-image-581\" src=\"https:\/\/oestjyderne.danmarksveteraner.dk\/wordpress\/wp-content\/uploads\/2018\/10\/Billede-798-300x225.jpg\" alt=\"\" width=\"300\" height=\"225\" srcset=\"https:\/\/oestjyderne.danmarksveteraner.dk\/wordpress\/wp-content\/uploads\/2018\/10\/Billede-798-300x225.jpg 300w, https:\/\/oestjyderne.danmarksveteraner.dk\/wordpress\/wp-content\/uploads\/2018\/10\/Billede-798-768x576.jpg 768w, https:\/\/oestjyderne.danmarksveteraner.dk\/wordpress\/wp-content\/uploads\/2018\/10\/Billede-798.jpg 800w\" sizes=\"(max-width: 300px) 100vw, 300px\" \/><\/a><figcaption id=\"caption-attachment-581\" class=\"wp-caption-text\">KONICA MINOLTA DIGITAL CAMERA<\/figcaption><\/figure>\n<figure id=\"attachment_582\" aria-describedby=\"caption-attachment-582\" style=\"width: 300px\" class=\"wp-caption aligncenter\"><a href=\"https:\/\/oestjyderne.danmarksveteraner.dk\/wordpress\/wp-content\/uploads\/2018\/10\/Billede-799.jpg\"><img decoding=\"async\" loading=\"lazy\" class=\"size-medium wp-image-582\" src=\"https:\/\/oestjyderne.danmarksveteraner.dk\/wordpress\/wp-content\/uploads\/2018\/10\/Billede-799-300x225.jpg\" alt=\"\" width=\"300\" height=\"225\" srcset=\"https:\/\/oestjyderne.danmarksveteraner.dk\/wordpress\/wp-content\/uploads\/2018\/10\/Billede-799-300x225.jpg 300w, https:\/\/oestjyderne.danmarksveteraner.dk\/wordpress\/wp-content\/uploads\/2018\/10\/Billede-799-768x576.jpg 768w, https:\/\/oestjyderne.danmarksveteraner.dk\/wordpress\/wp-content\/uploads\/2018\/10\/Billede-799.jpg 800w\" sizes=\"(max-width: 300px) 100vw, 300px\" \/><\/a><figcaption id=\"caption-attachment-582\" class=\"wp-caption-text\">KONICA MINOLTA DIGITAL CAMERA<\/figcaption><\/figure>\n<figure id=\"attachment_583\" aria-describedby=\"caption-attachment-583\" style=\"width: 300px\" class=\"wp-caption aligncenter\"><a href=\"https:\/\/oestjyderne.danmarksveteraner.dk\/wordpress\/wp-content\/uploads\/2018\/10\/Billede-800.jpg\"><img decoding=\"async\" loading=\"lazy\" class=\"size-medium wp-image-583\" src=\"https:\/\/oestjyderne.danmarksveteraner.dk\/wordpress\/wp-content\/uploads\/2018\/10\/Billede-800-300x225.jpg\" alt=\"\" width=\"300\" height=\"225\" srcset=\"https:\/\/oestjyderne.danmarksveteraner.dk\/wordpress\/wp-content\/uploads\/2018\/10\/Billede-800-300x225.jpg 300w, https:\/\/oestjyderne.danmarksveteraner.dk\/wordpress\/wp-content\/uploads\/2018\/10\/Billede-800-768x576.jpg 768w, https:\/\/oestjyderne.danmarksveteraner.dk\/wordpress\/wp-content\/uploads\/2018\/10\/Billede-800.jpg 800w\" sizes=\"(max-width: 300px) 100vw, 300px\" \/><\/a><figcaption id=\"caption-attachment-583\" class=\"wp-caption-text\">KONICA MINOLTA DIGITAL CAMERA<\/figcaption><\/figure>\n<figure id=\"attachment_584\" aria-describedby=\"caption-attachment-584\" style=\"width: 300px\" class=\"wp-caption aligncenter\"><a href=\"https:\/\/oestjyderne.danmarksveteraner.dk\/wordpress\/wp-content\/uploads\/2018\/10\/Billede-801.jpg\"><img decoding=\"async\" loading=\"lazy\" class=\"size-medium wp-image-584\" src=\"https:\/\/oestjyderne.danmarksveteraner.dk\/wordpress\/wp-content\/uploads\/2018\/10\/Billede-801-300x225.jpg\" alt=\"\" width=\"300\" height=\"225\" srcset=\"https:\/\/oestjyderne.danmarksveteraner.dk\/wordpress\/wp-content\/uploads\/2018\/10\/Billede-801-300x225.jpg 300w, https:\/\/oestjyderne.danmarksveteraner.dk\/wordpress\/wp-content\/uploads\/2018\/10\/Billede-801-768x576.jpg 768w, https:\/\/oestjyderne.danmarksveteraner.dk\/wordpress\/wp-content\/uploads\/2018\/10\/Billede-801.jpg 800w\" sizes=\"(max-width: 300px) 100vw, 300px\" \/><\/a><figcaption id=\"caption-attachment-584\" class=\"wp-caption-text\">KONICA MINOLTA DIGITAL CAMERA<\/figcaption><\/figure>\n","protected":false},"excerpt":{"rendered":"<p>Sommerst\u00e6vne S\u00f8g\u00e5rdlejren 17-18-19 Juni 2005. Opstilling i S\u00f8g\u00e5rd f\u00f8r afgang til S\u00f8nderborg. Opstilling foran S\u00f8nderborg slot, inden march gennem byen.<\/p>\n","protected":false},"author":1,"featured_media":0,"parent":45,"menu_order":0,"comment_status":"closed","ping_status":"closed","template":"","meta":{"colormag_page_layout":"default_layout"},"_links":{"self":[{"href":"https:\/\/oestjyderne.danmarksveteraner.dk\/wordpress\/index.php?rest_route=\/wp\/v2\/pages\/537"}],"collection":[{"href":"https:\/\/oestjyderne.danmarksveteraner.dk\/wordpress\/index.php?rest_route=\/wp\/v2\/pages"}],"about":[{"href":"https:\/\/oestjyderne.danmarksveteraner.dk\/wordpress\/index.php?rest_route=\/wp\/v2\/types\/page"}],"author":[{"embeddable":true,"href":"https:\/\/oestjyderne.danmarksveteraner.dk\/wordpress\/index.php?rest_route=\/wp\/v2\/users\/1"}],"replies":[{"embeddable":true,"href":"https:\/\/oestjyderne.danmarksveteraner.dk\/wordpress\/index.php?rest_route=%2Fwp%2Fv2%2Fcomments&post=537"}],"version-history":[{"count":12,"href":"https:\/\/oestjyderne.danmarksveteraner.dk\/wordpress\/index.php?rest_route=\/wp\/v2\/pages\/537\/revisions"}],"predecessor-version":[{"id":801,"href":"https:\/\/oestjyderne.danmarksveteraner.dk\/wordpress\/index.php?rest_route=\/wp\/v2\/pages\/537\/revisions\/801"}],"up":[{"embeddable":true,"href":"https:\/\/oestjyderne.danmarksveteraner.dk\/wordpress\/index.php?rest_route=\/wp\/v2\/pages\/45"}],"wp:attachment":[{"href":"https:\/\/oestjyderne.danmarksveteraner.dk\/wordpress\/index.php?rest_route=%2Fwp%2Fv2%2Fmedia&parent=537"}],"curies":[{"name":"wp","href":"https:\/\/api.w.org\/{rel}","templated":true}]}}