{"id":1082,"date":"2022-02-06T13:59:05","date_gmt":"2022-02-06T12:59:05","guid":{"rendered":"https:\/\/oestjyderne.danmarksveteraner.dk\/wordpress\/?page_id=1082"},"modified":"2023-01-05T11:03:40","modified_gmt":"2023-01-05T10:03:40","slug":"2022-2","status":"publish","type":"page","link":"https:\/\/oestjyderne.danmarksveteraner.dk\/wordpress\/?page_id=1082","title":{"rendered":"2022"},"content":{"rendered":"<p style=\"text-align: center;\"><em><strong> F\u00e6llesskydning 8-2-2022.<\/strong><\/em><\/p>\n<p style=\"text-align: center;\"><a href=\"https:\/\/oestjyderne.danmarksveteraner.dk\/wordpress\/wp-content\/uploads\/2022\/02\/IMG_5876-2.jpg\"><img decoding=\"async\" loading=\"lazy\" class=\"aligncenter size-medium wp-image-1087\" src=\"https:\/\/oestjyderne.danmarksveteraner.dk\/wordpress\/wp-content\/uploads\/2022\/02\/IMG_5876-2-300x225.jpg\" alt=\"\" width=\"300\" height=\"225\" srcset=\"https:\/\/oestjyderne.danmarksveteraner.dk\/wordpress\/wp-content\/uploads\/2022\/02\/IMG_5876-2-300x225.jpg 300w, https:\/\/oestjyderne.danmarksveteraner.dk\/wordpress\/wp-content\/uploads\/2022\/02\/IMG_5876-2-1024x768.jpg 1024w, https:\/\/oestjyderne.danmarksveteraner.dk\/wordpress\/wp-content\/uploads\/2022\/02\/IMG_5876-2-768x576.jpg 768w, https:\/\/oestjyderne.danmarksveteraner.dk\/wordpress\/wp-content\/uploads\/2022\/02\/IMG_5876-2-1536x1152.jpg 1536w, https:\/\/oestjyderne.danmarksveteraner.dk\/wordpress\/wp-content\/uploads\/2022\/02\/IMG_5876-2.jpg 1600w\" sizes=\"(max-width: 300px) 100vw, 300px\" \/><\/a> <a href=\"https:\/\/oestjyderne.danmarksveteraner.dk\/wordpress\/wp-content\/uploads\/2022\/02\/IMG_5877-2.jpg\"><img decoding=\"async\" loading=\"lazy\" class=\"aligncenter size-medium wp-image-1088\" src=\"https:\/\/oestjyderne.danmarksveteraner.dk\/wordpress\/wp-content\/uploads\/2022\/02\/IMG_5877-2-300x225.jpg\" alt=\"\" width=\"300\" height=\"225\" srcset=\"https:\/\/oestjyderne.danmarksveteraner.dk\/wordpress\/wp-content\/uploads\/2022\/02\/IMG_5877-2-300x225.jpg 300w, https:\/\/oestjyderne.danmarksveteraner.dk\/wordpress\/wp-content\/uploads\/2022\/02\/IMG_5877-2-1024x768.jpg 1024w, https:\/\/oestjyderne.danmarksveteraner.dk\/wordpress\/wp-content\/uploads\/2022\/02\/IMG_5877-2-768x576.jpg 768w, https:\/\/oestjyderne.danmarksveteraner.dk\/wordpress\/wp-content\/uploads\/2022\/02\/IMG_5877-2-1536x1152.jpg 1536w, https:\/\/oestjyderne.danmarksveteraner.dk\/wordpress\/wp-content\/uploads\/2022\/02\/IMG_5877-2.jpg 1600w\" sizes=\"(max-width: 300px) 100vw, 300px\" \/>Allan Gr\u00f8nkj\u00e6r vinder p\u00e5 trekantskive.<\/a><\/p>\n<p><a href=\"https:\/\/oestjyderne.danmarksveteraner.dk\/wordpress\/wp-content\/uploads\/2022\/02\/IMG_5879-2.jpg\"><img decoding=\"async\" loading=\"lazy\" class=\"aligncenter size-medium wp-image-1090\" src=\"https:\/\/oestjyderne.danmarksveteraner.dk\/wordpress\/wp-content\/uploads\/2022\/02\/IMG_5879-2-300x225.jpg\" alt=\"\" width=\"300\" height=\"225\" srcset=\"https:\/\/oestjyderne.danmarksveteraner.dk\/wordpress\/wp-content\/uploads\/2022\/02\/IMG_5879-2-300x225.jpg 300w, https:\/\/oestjyderne.danmarksveteraner.dk\/wordpress\/wp-content\/uploads\/2022\/02\/IMG_5879-2-1024x768.jpg 1024w, https:\/\/oestjyderne.danmarksveteraner.dk\/wordpress\/wp-content\/uploads\/2022\/02\/IMG_5879-2-768x576.jpg 768w, https:\/\/oestjyderne.danmarksveteraner.dk\/wordpress\/wp-content\/uploads\/2022\/02\/IMG_5879-2-1536x1152.jpg 1536w, https:\/\/oestjyderne.danmarksveteraner.dk\/wordpress\/wp-content\/uploads\/2022\/02\/IMG_5879-2.jpg 1600w\" sizes=\"(max-width: 300px) 100vw, 300px\" \/><\/a><\/p>\n<p style=\"text-align: center;\">Rasmus Reedtz vinder p\u00e5 Bi skive.<a href=\"https:\/\/oestjyderne.danmarksveteraner.dk\/wordpress\/wp-content\/uploads\/2022\/02\/IMG_5880-2.jpg\"><img decoding=\"async\" loading=\"lazy\" class=\"aligncenter size-medium wp-image-1091\" src=\"https:\/\/oestjyderne.danmarksveteraner.dk\/wordpress\/wp-content\/uploads\/2022\/02\/IMG_5880-2-300x225.jpg\" alt=\"\" width=\"300\" height=\"225\" srcset=\"https:\/\/oestjyderne.danmarksveteraner.dk\/wordpress\/wp-content\/uploads\/2022\/02\/IMG_5880-2-300x225.jpg 300w, https:\/\/oestjyderne.danmarksveteraner.dk\/wordpress\/wp-content\/uploads\/2022\/02\/IMG_5880-2-1024x768.jpg 1024w, https:\/\/oestjyderne.danmarksveteraner.dk\/wordpress\/wp-content\/uploads\/2022\/02\/IMG_5880-2-768x576.jpg 768w, https:\/\/oestjyderne.danmarksveteraner.dk\/wordpress\/wp-content\/uploads\/2022\/02\/IMG_5880-2-1536x1152.jpg 1536w, https:\/\/oestjyderne.danmarksveteraner.dk\/wordpress\/wp-content\/uploads\/2022\/02\/IMG_5880-2.jpg 1600w\" sizes=\"(max-width: 300px) 100vw, 300px\" \/>Hans O Hansen vinder af hovedskydning.<\/a><\/p>\n<p style=\"text-align: center;\"><a href=\"https:\/\/oestjyderne.danmarksveteraner.dk\/wordpress\/wp-content\/uploads\/2022\/02\/IMG_5881-2.jpg\"><img decoding=\"async\" loading=\"lazy\" class=\"aligncenter size-medium wp-image-1092\" src=\"https:\/\/oestjyderne.danmarksveteraner.dk\/wordpress\/wp-content\/uploads\/2022\/02\/IMG_5881-2-300x225.jpg\" alt=\"\" width=\"300\" height=\"225\" srcset=\"https:\/\/oestjyderne.danmarksveteraner.dk\/wordpress\/wp-content\/uploads\/2022\/02\/IMG_5881-2-300x225.jpg 300w, https:\/\/oestjyderne.danmarksveteraner.dk\/wordpress\/wp-content\/uploads\/2022\/02\/IMG_5881-2-1024x768.jpg 1024w, https:\/\/oestjyderne.danmarksveteraner.dk\/wordpress\/wp-content\/uploads\/2022\/02\/IMG_5881-2-768x576.jpg 768w, https:\/\/oestjyderne.danmarksveteraner.dk\/wordpress\/wp-content\/uploads\/2022\/02\/IMG_5881-2-1536x1152.jpg 1536w, https:\/\/oestjyderne.danmarksveteraner.dk\/wordpress\/wp-content\/uploads\/2022\/02\/IMG_5881-2.jpg 1600w\" sizes=\"(max-width: 300px) 100vw, 300px\" \/>Allan Gr\u00f8nkj\u00e6r Nr. 2 i hovedskydning.<\/a><\/p>\n<p style=\"text-align: center;\"><a href=\"https:\/\/oestjyderne.danmarksveteraner.dk\/wordpress\/wp-content\/uploads\/2022\/02\/IMG_5882-2.jpg\"><img decoding=\"async\" loading=\"lazy\" class=\"aligncenter size-medium wp-image-1093\" src=\"https:\/\/oestjyderne.danmarksveteraner.dk\/wordpress\/wp-content\/uploads\/2022\/02\/IMG_5882-2-300x225.jpg\" alt=\"\" width=\"300\" height=\"225\" srcset=\"https:\/\/oestjyderne.danmarksveteraner.dk\/wordpress\/wp-content\/uploads\/2022\/02\/IMG_5882-2-300x225.jpg 300w, https:\/\/oestjyderne.danmarksveteraner.dk\/wordpress\/wp-content\/uploads\/2022\/02\/IMG_5882-2-1024x768.jpg 1024w, https:\/\/oestjyderne.danmarksveteraner.dk\/wordpress\/wp-content\/uploads\/2022\/02\/IMG_5882-2-768x576.jpg 768w, https:\/\/oestjyderne.danmarksveteraner.dk\/wordpress\/wp-content\/uploads\/2022\/02\/IMG_5882-2-1536x1152.jpg 1536w, https:\/\/oestjyderne.danmarksveteraner.dk\/wordpress\/wp-content\/uploads\/2022\/02\/IMG_5882-2.jpg 1600w\" sizes=\"(max-width: 300px) 100vw, 300px\" \/><\/a> <a href=\"https:\/\/oestjyderne.danmarksveteraner.dk\/wordpress\/wp-content\/uploads\/2022\/02\/IMG_5883-2.jpg\">Mona Hansen Nr. 3 i hovedskydning.<img decoding=\"async\" loading=\"lazy\" class=\"aligncenter size-medium wp-image-1094\" src=\"https:\/\/oestjyderne.danmarksveteraner.dk\/wordpress\/wp-content\/uploads\/2022\/02\/IMG_5883-2-300x225.jpg\" alt=\"\" width=\"300\" height=\"225\" srcset=\"https:\/\/oestjyderne.danmarksveteraner.dk\/wordpress\/wp-content\/uploads\/2022\/02\/IMG_5883-2-300x225.jpg 300w, https:\/\/oestjyderne.danmarksveteraner.dk\/wordpress\/wp-content\/uploads\/2022\/02\/IMG_5883-2-1024x768.jpg 1024w, https:\/\/oestjyderne.danmarksveteraner.dk\/wordpress\/wp-content\/uploads\/2022\/02\/IMG_5883-2-768x576.jpg 768w, https:\/\/oestjyderne.danmarksveteraner.dk\/wordpress\/wp-content\/uploads\/2022\/02\/IMG_5883-2-1536x1152.jpg 1536w, https:\/\/oestjyderne.danmarksveteraner.dk\/wordpress\/wp-content\/uploads\/2022\/02\/IMG_5883-2.jpg 1600w\" sizes=\"(max-width: 300px) 100vw, 300px\" \/>Vinder af holdskydning: \u00d8stjyderne.<\/a> <a href=\"https:\/\/oestjyderne.danmarksveteraner.dk\/wordpress\/wp-content\/uploads\/2022\/02\/IMG_5885-2.jpg\"><img decoding=\"async\" loading=\"lazy\" class=\"aligncenter size-medium wp-image-1095\" src=\"https:\/\/oestjyderne.danmarksveteraner.dk\/wordpress\/wp-content\/uploads\/2022\/02\/IMG_5885-2-300x225.jpg\" alt=\"\" width=\"300\" height=\"225\" srcset=\"https:\/\/oestjyderne.danmarksveteraner.dk\/wordpress\/wp-content\/uploads\/2022\/02\/IMG_5885-2-300x225.jpg 300w, https:\/\/oestjyderne.danmarksveteraner.dk\/wordpress\/wp-content\/uploads\/2022\/02\/IMG_5885-2-1024x768.jpg 1024w, https:\/\/oestjyderne.danmarksveteraner.dk\/wordpress\/wp-content\/uploads\/2022\/02\/IMG_5885-2-768x576.jpg 768w, https:\/\/oestjyderne.danmarksveteraner.dk\/wordpress\/wp-content\/uploads\/2022\/02\/IMG_5885-2-1536x1152.jpg 1536w, https:\/\/oestjyderne.danmarksveteraner.dk\/wordpress\/wp-content\/uploads\/2022\/02\/IMG_5885-2.jpg 1600w\" sizes=\"(max-width: 300px) 100vw, 300px\" \/><\/a> <a href=\"https:\/\/oestjyderne.danmarksveteraner.dk\/wordpress\/wp-content\/uploads\/2022\/02\/IMG_5886-2.jpg\"><img decoding=\"async\" loading=\"lazy\" class=\"aligncenter size-medium wp-image-1096\" src=\"https:\/\/oestjyderne.danmarksveteraner.dk\/wordpress\/wp-content\/uploads\/2022\/02\/IMG_5886-2-300x212.jpg\" alt=\"\" width=\"300\" height=\"212\" srcset=\"https:\/\/oestjyderne.danmarksveteraner.dk\/wordpress\/wp-content\/uploads\/2022\/02\/IMG_5886-2-300x212.jpg 300w, https:\/\/oestjyderne.danmarksveteraner.dk\/wordpress\/wp-content\/uploads\/2022\/02\/IMG_5886-2-1024x725.jpg 1024w, https:\/\/oestjyderne.danmarksveteraner.dk\/wordpress\/wp-content\/uploads\/2022\/02\/IMG_5886-2-768x544.jpg 768w, https:\/\/oestjyderne.danmarksveteraner.dk\/wordpress\/wp-content\/uploads\/2022\/02\/IMG_5886-2.jpg 1508w\" sizes=\"(max-width: 300px) 100vw, 300px\" \/><\/a><\/p>\n<p style=\"text-align: center;\"><a href=\"https:\/\/oestjyderne.danmarksveteraner.dk\/wordpress\/wp-content\/uploads\/2022\/02\/IMG_5887-2.jpg\"><em><strong>8-2 Generalforsamling.<\/strong><\/em><\/a><\/p>\n<p style=\"text-align: center;\"><a href=\"https:\/\/oestjyderne.danmarksveteraner.dk\/wordpress\/wp-content\/uploads\/2022\/02\/IMG_5887-2.jpg\">Der var 50 \u00e5rs tegn til leif Udbye Jensen <img decoding=\"async\" loading=\"lazy\" class=\"aligncenter size-medium wp-image-1106\" src=\"https:\/\/oestjyderne.danmarksveteraner.dk\/wordpress\/wp-content\/uploads\/2022\/02\/IMG_5887-2-300x225.jpg\" alt=\"\" width=\"300\" height=\"225\" srcset=\"https:\/\/oestjyderne.danmarksveteraner.dk\/wordpress\/wp-content\/uploads\/2022\/02\/IMG_5887-2-300x225.jpg 300w, https:\/\/oestjyderne.danmarksveteraner.dk\/wordpress\/wp-content\/uploads\/2022\/02\/IMG_5887-2-1024x768.jpg 1024w, https:\/\/oestjyderne.danmarksveteraner.dk\/wordpress\/wp-content\/uploads\/2022\/02\/IMG_5887-2-768x576.jpg 768w, https:\/\/oestjyderne.danmarksveteraner.dk\/wordpress\/wp-content\/uploads\/2022\/02\/IMG_5887-2-1536x1152.jpg 1536w, https:\/\/oestjyderne.danmarksveteraner.dk\/wordpress\/wp-content\/uploads\/2022\/02\/IMG_5887-2.jpg 1600w\" sizes=\"(max-width: 300px) 100vw, 300px\" \/>Og til Svend \u00c5ge Norup.<\/a> <a href=\"https:\/\/oestjyderne.danmarksveteraner.dk\/wordpress\/wp-content\/uploads\/2022\/02\/IMG_5888-2.jpg\"><img decoding=\"async\" loading=\"lazy\" class=\"aligncenter size-medium wp-image-1107\" src=\"https:\/\/oestjyderne.danmarksveteraner.dk\/wordpress\/wp-content\/uploads\/2022\/02\/IMG_5888-2-300x225.jpg\" alt=\"\" width=\"300\" height=\"225\" srcset=\"https:\/\/oestjyderne.danmarksveteraner.dk\/wordpress\/wp-content\/uploads\/2022\/02\/IMG_5888-2-300x225.jpg 300w, https:\/\/oestjyderne.danmarksveteraner.dk\/wordpress\/wp-content\/uploads\/2022\/02\/IMG_5888-2-1024x768.jpg 1024w, https:\/\/oestjyderne.danmarksveteraner.dk\/wordpress\/wp-content\/uploads\/2022\/02\/IMG_5888-2-768x576.jpg 768w, https:\/\/oestjyderne.danmarksveteraner.dk\/wordpress\/wp-content\/uploads\/2022\/02\/IMG_5888-2-1536x1152.jpg 1536w, https:\/\/oestjyderne.danmarksveteraner.dk\/wordpress\/wp-content\/uploads\/2022\/02\/IMG_5888-2.jpg 1600w\" sizes=\"(max-width: 300px) 100vw, 300px\" \/><\/a><\/p>\n<p style=\"text-align: center;\"><a href=\"https:\/\/oestjyderne.danmarksveteraner.dk\/wordpress\/wp-content\/uploads\/2022\/02\/IMG_5889-2.jpg\">Desuden var der tildeling af Danmark veteraners fortjensttegn <\/a><\/p>\n<p style=\"text-align: center;\"><a href=\"https:\/\/oestjyderne.danmarksveteraner.dk\/wordpress\/wp-content\/uploads\/2022\/02\/IMG_5889-2.jpg\">i s\u00f8lv til Robert Koch og Erik V . Petersen.<\/a> <a href=\"https:\/\/oestjyderne.danmarksveteraner.dk\/wordpress\/wp-content\/uploads\/2022\/02\/IMG_5891-2.jpg\"><img decoding=\"async\" loading=\"lazy\" class=\"aligncenter size-medium wp-image-1109\" src=\"https:\/\/oestjyderne.danmarksveteraner.dk\/wordpress\/wp-content\/uploads\/2022\/02\/IMG_5891-2-300x175.jpg\" alt=\"\" width=\"300\" height=\"175\" srcset=\"https:\/\/oestjyderne.danmarksveteraner.dk\/wordpress\/wp-content\/uploads\/2022\/02\/IMG_5891-2-300x175.jpg 300w, https:\/\/oestjyderne.danmarksveteraner.dk\/wordpress\/wp-content\/uploads\/2022\/02\/IMG_5891-2-1024x597.jpg 1024w, https:\/\/oestjyderne.danmarksveteraner.dk\/wordpress\/wp-content\/uploads\/2022\/02\/IMG_5891-2-768x447.jpg 768w, https:\/\/oestjyderne.danmarksveteraner.dk\/wordpress\/wp-content\/uploads\/2022\/02\/IMG_5891-2-1536x895.jpg 1536w, https:\/\/oestjyderne.danmarksveteraner.dk\/wordpress\/wp-content\/uploads\/2022\/02\/IMG_5891-2.jpg 1586w\" sizes=\"(max-width: 300px) 100vw, 300px\" \/><\/a><\/p>\n<p style=\"text-align: center;\"><a href=\"https:\/\/oestjyderne.danmarksveteraner.dk\/wordpress\/wp-content\/uploads\/2022\/02\/IMG_5894-2.jpg\"><em><strong>14-2 Vagn B. S\u00f8rensen 80 \u00c5r.<\/strong><\/em><img decoding=\"async\" loading=\"lazy\" class=\"aligncenter size-medium wp-image-1102\" src=\"https:\/\/oestjyderne.danmarksveteraner.dk\/wordpress\/wp-content\/uploads\/2022\/02\/IMG_5894-2-300x225.jpg\" alt=\"\" width=\"300\" height=\"225\" srcset=\"https:\/\/oestjyderne.danmarksveteraner.dk\/wordpress\/wp-content\/uploads\/2022\/02\/IMG_5894-2-300x225.jpg 300w, https:\/\/oestjyderne.danmarksveteraner.dk\/wordpress\/wp-content\/uploads\/2022\/02\/IMG_5894-2-1024x768.jpg 1024w, https:\/\/oestjyderne.danmarksveteraner.dk\/wordpress\/wp-content\/uploads\/2022\/02\/IMG_5894-2-768x576.jpg 768w, https:\/\/oestjyderne.danmarksveteraner.dk\/wordpress\/wp-content\/uploads\/2022\/02\/IMG_5894-2-1536x1152.jpg 1536w, https:\/\/oestjyderne.danmarksveteraner.dk\/wordpress\/wp-content\/uploads\/2022\/02\/IMG_5894-2.jpg 1600w\" sizes=\"(max-width: 300px) 100vw, 300px\" \/><em><strong>Tur med cafeen til Elvismuseet og\u00a0 Hvidsten.<\/strong><\/em><\/a><\/p>\n<p style=\"text-align: center;\"><a href=\"https:\/\/oestjyderne.danmarksveteraner.dk\/wordpress\/wp-content\/uploads\/2022\/09\/BLAa-2022-50.jpg\"><img decoding=\"async\" loading=\"lazy\" class=\"alignnone size-medium wp-image-1189\" src=\"https:\/\/oestjyderne.danmarksveteraner.dk\/wordpress\/wp-content\/uploads\/2022\/09\/BLAa-2022-50-300x225.jpg\" alt=\"\" width=\"300\" height=\"225\" srcset=\"https:\/\/oestjyderne.danmarksveteraner.dk\/wordpress\/wp-content\/uploads\/2022\/09\/BLAa-2022-50-300x225.jpg 300w, https:\/\/oestjyderne.danmarksveteraner.dk\/wordpress\/wp-content\/uploads\/2022\/09\/BLAa-2022-50-1024x768.jpg 1024w, https:\/\/oestjyderne.danmarksveteraner.dk\/wordpress\/wp-content\/uploads\/2022\/09\/BLAa-2022-50-768x576.jpg 768w, https:\/\/oestjyderne.danmarksveteraner.dk\/wordpress\/wp-content\/uploads\/2022\/09\/BLAa-2022-50-1536x1152.jpg 1536w, https:\/\/oestjyderne.danmarksveteraner.dk\/wordpress\/wp-content\/uploads\/2022\/09\/BLAa-2022-50.jpg 1600w\" sizes=\"(max-width: 300px) 100vw, 300px\" \/><\/a><\/p>\n<p style=\"text-align: center;\"><a href=\"https:\/\/oestjyderne.danmarksveteraner.dk\/wordpress\/wp-content\/uploads\/2022\/09\/BLAa-2022-54.jpg\"><img decoding=\"async\" loading=\"lazy\" class=\"alignnone size-medium wp-image-1190\" src=\"https:\/\/oestjyderne.danmarksveteraner.dk\/wordpress\/wp-content\/uploads\/2022\/09\/BLAa-2022-54-300x225.jpg\" alt=\"\" width=\"300\" height=\"225\" srcset=\"https:\/\/oestjyderne.danmarksveteraner.dk\/wordpress\/wp-content\/uploads\/2022\/09\/BLAa-2022-54-300x225.jpg 300w, https:\/\/oestjyderne.danmarksveteraner.dk\/wordpress\/wp-content\/uploads\/2022\/09\/BLAa-2022-54-1024x768.jpg 1024w, https:\/\/oestjyderne.danmarksveteraner.dk\/wordpress\/wp-content\/uploads\/2022\/09\/BLAa-2022-54-768x576.jpg 768w, https:\/\/oestjyderne.danmarksveteraner.dk\/wordpress\/wp-content\/uploads\/2022\/09\/BLAa-2022-54-1536x1152.jpg 1536w, https:\/\/oestjyderne.danmarksveteraner.dk\/wordpress\/wp-content\/uploads\/2022\/09\/BLAa-2022-54.jpg 1600w\" sizes=\"(max-width: 300px) 100vw, 300px\" \/><\/a><\/p>\n<p style=\"text-align: center;\"><a href=\"https:\/\/oestjyderne.danmarksveteraner.dk\/wordpress\/wp-content\/uploads\/2022\/09\/BLAa-2022-56.jpg\"><img decoding=\"async\" loading=\"lazy\" class=\"alignnone size-medium wp-image-1191\" src=\"https:\/\/oestjyderne.danmarksveteraner.dk\/wordpress\/wp-content\/uploads\/2022\/09\/BLAa-2022-56-300x225.jpg\" alt=\"\" width=\"300\" height=\"225\" srcset=\"https:\/\/oestjyderne.danmarksveteraner.dk\/wordpress\/wp-content\/uploads\/2022\/09\/BLAa-2022-56-300x225.jpg 300w, https:\/\/oestjyderne.danmarksveteraner.dk\/wordpress\/wp-content\/uploads\/2022\/09\/BLAa-2022-56-1024x768.jpg 1024w, https:\/\/oestjyderne.danmarksveteraner.dk\/wordpress\/wp-content\/uploads\/2022\/09\/BLAa-2022-56-768x576.jpg 768w, https:\/\/oestjyderne.danmarksveteraner.dk\/wordpress\/wp-content\/uploads\/2022\/09\/BLAa-2022-56-1536x1152.jpg 1536w, https:\/\/oestjyderne.danmarksveteraner.dk\/wordpress\/wp-content\/uploads\/2022\/09\/BLAa-2022-56.jpg 1600w\" sizes=\"(max-width: 300px) 100vw, 300px\" \/><\/a><\/p>\n<p style=\"text-align: center;\">Bes\u00f8g hos Alex S\u00f8rensen der blev 70 \u00e5r 4. juli.<\/p>\n<p style=\"text-align: center;\"><a href=\"https:\/\/oestjyderne.danmarksveteraner.dk\/wordpress\/wp-content\/uploads\/2022\/07\/1111-Alex-Soerensen-70.01D-scaled.jpg\"><img decoding=\"async\" loading=\"lazy\" class=\"alignnone size-medium wp-image-1141\" src=\"https:\/\/oestjyderne.danmarksveteraner.dk\/wordpress\/wp-content\/uploads\/2022\/07\/1111-Alex-Soerensen-70.01D-300x225.jpg\" alt=\"\" width=\"300\" height=\"225\" srcset=\"https:\/\/oestjyderne.danmarksveteraner.dk\/wordpress\/wp-content\/uploads\/2022\/07\/1111-Alex-Soerensen-70.01D-300x225.jpg 300w, https:\/\/oestjyderne.danmarksveteraner.dk\/wordpress\/wp-content\/uploads\/2022\/07\/1111-Alex-Soerensen-70.01D-1024x768.jpg 1024w, https:\/\/oestjyderne.danmarksveteraner.dk\/wordpress\/wp-content\/uploads\/2022\/07\/1111-Alex-Soerensen-70.01D-768x576.jpg 768w, https:\/\/oestjyderne.danmarksveteraner.dk\/wordpress\/wp-content\/uploads\/2022\/07\/1111-Alex-Soerensen-70.01D-1536x1152.jpg 1536w, https:\/\/oestjyderne.danmarksveteraner.dk\/wordpress\/wp-content\/uploads\/2022\/07\/1111-Alex-Soerensen-70.01D-2048x1536.jpg 2048w\" sizes=\"(max-width: 300px) 100vw, 300px\" \/><\/a><\/p>\n<p style=\"text-align: center;\">Leif Udbye Jensen fyldte 75 \u00e5r 20 juli.<\/p>\n<p><a href=\"https:\/\/oestjyderne.danmarksveteraner.dk\/wordpress\/wp-content\/uploads\/2022\/07\/1077-Leif-Udbye-Jensen-75.01D-scaled.jpg\"><img decoding=\"async\" loading=\"lazy\" class=\"size-medium wp-image-1142 aligncenter\" src=\"https:\/\/oestjyderne.danmarksveteraner.dk\/wordpress\/wp-content\/uploads\/2022\/07\/1077-Leif-Udbye-Jensen-75.01D-300x225.jpg\" alt=\"\" width=\"300\" height=\"225\" srcset=\"https:\/\/oestjyderne.danmarksveteraner.dk\/wordpress\/wp-content\/uploads\/2022\/07\/1077-Leif-Udbye-Jensen-75.01D-300x225.jpg 300w, https:\/\/oestjyderne.danmarksveteraner.dk\/wordpress\/wp-content\/uploads\/2022\/07\/1077-Leif-Udbye-Jensen-75.01D-1024x768.jpg 1024w, https:\/\/oestjyderne.danmarksveteraner.dk\/wordpress\/wp-content\/uploads\/2022\/07\/1077-Leif-Udbye-Jensen-75.01D-768x576.jpg 768w, https:\/\/oestjyderne.danmarksveteraner.dk\/wordpress\/wp-content\/uploads\/2022\/07\/1077-Leif-Udbye-Jensen-75.01D-1536x1152.jpg 1536w, https:\/\/oestjyderne.danmarksveteraner.dk\/wordpress\/wp-content\/uploads\/2022\/07\/1077-Leif-Udbye-Jensen-75.01D-2048x1536.jpg 2048w\" sizes=\"(max-width: 300px) 100vw, 300px\" \/><\/a><\/p>\n<p style=\"text-align: center;\">Deltagelse p\u00e5 kr\u00e6mmermarked i Horsens 29., 30. og 31 juli.<\/p>\n<p style=\"text-align: center;\"><a href=\"https:\/\/oestjyderne.danmarksveteraner.dk\/wordpress\/wp-content\/uploads\/2022\/08\/Foto-01b.jpg\"><img decoding=\"async\" loading=\"lazy\" class=\"alignnone size-medium wp-image-1146\" src=\"https:\/\/oestjyderne.danmarksveteraner.dk\/wordpress\/wp-content\/uploads\/2022\/08\/Foto-01b-300x225.jpg\" alt=\"\" width=\"300\" height=\"225\" srcset=\"https:\/\/oestjyderne.danmarksveteraner.dk\/wordpress\/wp-content\/uploads\/2022\/08\/Foto-01b-300x225.jpg 300w, https:\/\/oestjyderne.danmarksveteraner.dk\/wordpress\/wp-content\/uploads\/2022\/08\/Foto-01b-768x576.jpg 768w, https:\/\/oestjyderne.danmarksveteraner.dk\/wordpress\/wp-content\/uploads\/2022\/08\/Foto-01b.jpg 800w\" sizes=\"(max-width: 300px) 100vw, 300px\" \/><\/a><\/p>\n<p><a href=\"https:\/\/oestjyderne.danmarksveteraner.dk\/wordpress\/wp-content\/uploads\/2022\/08\/Foto-02b.jpg\"><img decoding=\"async\" loading=\"lazy\" class=\"size-medium wp-image-1147 aligncenter\" src=\"https:\/\/oestjyderne.danmarksveteraner.dk\/wordpress\/wp-content\/uploads\/2022\/08\/Foto-02b-300x225.jpg\" alt=\"\" width=\"300\" height=\"225\" srcset=\"https:\/\/oestjyderne.danmarksveteraner.dk\/wordpress\/wp-content\/uploads\/2022\/08\/Foto-02b-300x225.jpg 300w, https:\/\/oestjyderne.danmarksveteraner.dk\/wordpress\/wp-content\/uploads\/2022\/08\/Foto-02b-768x576.jpg 768w, https:\/\/oestjyderne.danmarksveteraner.dk\/wordpress\/wp-content\/uploads\/2022\/08\/Foto-02b.jpg 800w\" sizes=\"(max-width: 300px) 100vw, 300px\" \/><\/a><\/p>\n<p style=\"text-align: center;\"><a href=\"https:\/\/oestjyderne.danmarksveteraner.dk\/wordpress\/wp-content\/uploads\/2022\/08\/Foto-03b.jpg\"><img decoding=\"async\" loading=\"lazy\" class=\"alignnone size-medium wp-image-1148\" src=\"https:\/\/oestjyderne.danmarksveteraner.dk\/wordpress\/wp-content\/uploads\/2022\/08\/Foto-03b-300x225.jpg\" alt=\"\" width=\"300\" height=\"225\" srcset=\"https:\/\/oestjyderne.danmarksveteraner.dk\/wordpress\/wp-content\/uploads\/2022\/08\/Foto-03b-300x225.jpg 300w, https:\/\/oestjyderne.danmarksveteraner.dk\/wordpress\/wp-content\/uploads\/2022\/08\/Foto-03b-768x576.jpg 768w, https:\/\/oestjyderne.danmarksveteraner.dk\/wordpress\/wp-content\/uploads\/2022\/08\/Foto-03b.jpg 800w\" sizes=\"(max-width: 300px) 100vw, 300px\" \/><\/a><\/p>\n<p style=\"text-align: center;\">22. august fyldte Arne Egon Jakobsen 85 \u00e5r.<\/p>\n<p style=\"text-align: center;\"><a href=\"https:\/\/oestjyderne.danmarksveteraner.dk\/wordpress\/wp-content\/uploads\/2022\/08\/5558-Arne-Egon-Jakobsen-85-aar-01f-scaled.jpg\"><img decoding=\"async\" loading=\"lazy\" class=\"alignnone size-medium wp-image-1153\" src=\"https:\/\/oestjyderne.danmarksveteraner.dk\/wordpress\/wp-content\/uploads\/2022\/08\/5558-Arne-Egon-Jakobsen-85-aar-01f-300x212.jpg\" alt=\"\" width=\"300\" height=\"212\" srcset=\"https:\/\/oestjyderne.danmarksveteraner.dk\/wordpress\/wp-content\/uploads\/2022\/08\/5558-Arne-Egon-Jakobsen-85-aar-01f-300x212.jpg 300w, https:\/\/oestjyderne.danmarksveteraner.dk\/wordpress\/wp-content\/uploads\/2022\/08\/5558-Arne-Egon-Jakobsen-85-aar-01f-1024x723.jpg 1024w, https:\/\/oestjyderne.danmarksveteraner.dk\/wordpress\/wp-content\/uploads\/2022\/08\/5558-Arne-Egon-Jakobsen-85-aar-01f-768x542.jpg 768w, https:\/\/oestjyderne.danmarksveteraner.dk\/wordpress\/wp-content\/uploads\/2022\/08\/5558-Arne-Egon-Jakobsen-85-aar-01f-1536x1085.jpg 1536w, https:\/\/oestjyderne.danmarksveteraner.dk\/wordpress\/wp-content\/uploads\/2022\/08\/5558-Arne-Egon-Jakobsen-85-aar-01f-2048x1446.jpg 2048w\" sizes=\"(max-width: 300px) 100vw, 300px\" \/><\/a><\/p>\n<p style=\"text-align: center;\">20. august fyldte Vagn Skovby 80 \u00e5r.<\/p>\n<p style=\"text-align: center;\"><a href=\"https:\/\/oestjyderne.danmarksveteraner.dk\/wordpress\/wp-content\/uploads\/2022\/08\/9560-Vagn-Skovby-80-aarc-scaled.jpg\"><img decoding=\"async\" loading=\"lazy\" class=\"alignnone size-medium wp-image-1154\" src=\"https:\/\/oestjyderne.danmarksveteraner.dk\/wordpress\/wp-content\/uploads\/2022\/08\/9560-Vagn-Skovby-80-aarc-300x225.jpg\" alt=\"\" width=\"300\" height=\"225\" srcset=\"https:\/\/oestjyderne.danmarksveteraner.dk\/wordpress\/wp-content\/uploads\/2022\/08\/9560-Vagn-Skovby-80-aarc-300x225.jpg 300w, https:\/\/oestjyderne.danmarksveteraner.dk\/wordpress\/wp-content\/uploads\/2022\/08\/9560-Vagn-Skovby-80-aarc-1024x768.jpg 1024w, https:\/\/oestjyderne.danmarksveteraner.dk\/wordpress\/wp-content\/uploads\/2022\/08\/9560-Vagn-Skovby-80-aarc-768x576.jpg 768w, https:\/\/oestjyderne.danmarksveteraner.dk\/wordpress\/wp-content\/uploads\/2022\/08\/9560-Vagn-Skovby-80-aarc-1536x1152.jpg 1536w, https:\/\/oestjyderne.danmarksveteraner.dk\/wordpress\/wp-content\/uploads\/2022\/08\/9560-Vagn-Skovby-80-aarc-2048x1536.jpg 2048w\" sizes=\"(max-width: 300px) 100vw, 300px\" \/><\/a><\/p>\n<p style=\"text-align: center;\"><em><strong>Udflugt til Fr\u00f8slev og Genforeningsmuseet 24. september.<\/strong><\/em><\/p>\n<p style=\"text-align: center;\"><a href=\"https:\/\/oestjyderne.danmarksveteraner.dk\/wordpress\/wp-content\/uploads\/2022\/09\/BLAa-2022-70-scaled.jpg\"><img decoding=\"async\" loading=\"lazy\" class=\"alignnone size-medium wp-image-1163\" src=\"https:\/\/oestjyderne.danmarksveteraner.dk\/wordpress\/wp-content\/uploads\/2022\/09\/BLAa-2022-70-300x225.jpg\" alt=\"\" width=\"300\" height=\"225\" srcset=\"https:\/\/oestjyderne.danmarksveteraner.dk\/wordpress\/wp-content\/uploads\/2022\/09\/BLAa-2022-70-300x225.jpg 300w, https:\/\/oestjyderne.danmarksveteraner.dk\/wordpress\/wp-content\/uploads\/2022\/09\/BLAa-2022-70-1024x768.jpg 1024w, https:\/\/oestjyderne.danmarksveteraner.dk\/wordpress\/wp-content\/uploads\/2022\/09\/BLAa-2022-70-768x576.jpg 768w, https:\/\/oestjyderne.danmarksveteraner.dk\/wordpress\/wp-content\/uploads\/2022\/09\/BLAa-2022-70-1536x1152.jpg 1536w, https:\/\/oestjyderne.danmarksveteraner.dk\/wordpress\/wp-content\/uploads\/2022\/09\/BLAa-2022-70-2048x1536.jpg 2048w\" sizes=\"(max-width: 300px) 100vw, 300px\" \/><\/a><\/p>\n<p style=\"text-align: center;\"><a href=\"https:\/\/oestjyderne.danmarksveteraner.dk\/wordpress\/wp-content\/uploads\/2022\/09\/BLAa-2022-80b-scaled.jpg\"><img decoding=\"async\" loading=\"lazy\" class=\"alignnone size-medium wp-image-1164\" src=\"https:\/\/oestjyderne.danmarksveteraner.dk\/wordpress\/wp-content\/uploads\/2022\/09\/BLAa-2022-80b-300x200.jpg\" alt=\"\" width=\"300\" height=\"200\" srcset=\"https:\/\/oestjyderne.danmarksveteraner.dk\/wordpress\/wp-content\/uploads\/2022\/09\/BLAa-2022-80b-300x200.jpg 300w, https:\/\/oestjyderne.danmarksveteraner.dk\/wordpress\/wp-content\/uploads\/2022\/09\/BLAa-2022-80b-1024x683.jpg 1024w, https:\/\/oestjyderne.danmarksveteraner.dk\/wordpress\/wp-content\/uploads\/2022\/09\/BLAa-2022-80b-768x512.jpg 768w, https:\/\/oestjyderne.danmarksveteraner.dk\/wordpress\/wp-content\/uploads\/2022\/09\/BLAa-2022-80b-1536x1024.jpg 1536w, https:\/\/oestjyderne.danmarksveteraner.dk\/wordpress\/wp-content\/uploads\/2022\/09\/BLAa-2022-80b-2048x1365.jpg 2048w\" sizes=\"(max-width: 300px) 100vw, 300px\" \/><\/a><\/p>\n<p style=\"text-align: center;\"><a href=\"https:\/\/oestjyderne.danmarksveteraner.dk\/wordpress\/wp-content\/uploads\/2022\/09\/BLAa-2022-81b-scaled.jpg\"><img decoding=\"async\" loading=\"lazy\" class=\"alignnone size-medium wp-image-1165\" src=\"https:\/\/oestjyderne.danmarksveteraner.dk\/wordpress\/wp-content\/uploads\/2022\/09\/BLAa-2022-81b-300x225.jpg\" alt=\"\" width=\"300\" height=\"225\" srcset=\"https:\/\/oestjyderne.danmarksveteraner.dk\/wordpress\/wp-content\/uploads\/2022\/09\/BLAa-2022-81b-300x225.jpg 300w, https:\/\/oestjyderne.danmarksveteraner.dk\/wordpress\/wp-content\/uploads\/2022\/09\/BLAa-2022-81b-1024x768.jpg 1024w, https:\/\/oestjyderne.danmarksveteraner.dk\/wordpress\/wp-content\/uploads\/2022\/09\/BLAa-2022-81b-768x576.jpg 768w, https:\/\/oestjyderne.danmarksveteraner.dk\/wordpress\/wp-content\/uploads\/2022\/09\/BLAa-2022-81b-1536x1152.jpg 1536w, https:\/\/oestjyderne.danmarksveteraner.dk\/wordpress\/wp-content\/uploads\/2022\/09\/BLAa-2022-81b-2048x1536.jpg 2048w\" sizes=\"(max-width: 300px) 100vw, 300px\" \/><\/a><\/p>\n<p style=\"text-align: center;\"><a href=\"https:\/\/oestjyderne.danmarksveteraner.dk\/wordpress\/wp-content\/uploads\/2022\/09\/BLAa-2022-90b-scaled.jpg\"><img decoding=\"async\" loading=\"lazy\" class=\"alignnone size-medium wp-image-1184\" src=\"https:\/\/oestjyderne.danmarksveteraner.dk\/wordpress\/wp-content\/uploads\/2022\/09\/BLAa-2022-90b-300x200.jpg\" alt=\"\" width=\"300\" height=\"200\" srcset=\"https:\/\/oestjyderne.danmarksveteraner.dk\/wordpress\/wp-content\/uploads\/2022\/09\/BLAa-2022-90b-300x200.jpg 300w, https:\/\/oestjyderne.danmarksveteraner.dk\/wordpress\/wp-content\/uploads\/2022\/09\/BLAa-2022-90b-1024x683.jpg 1024w, https:\/\/oestjyderne.danmarksveteraner.dk\/wordpress\/wp-content\/uploads\/2022\/09\/BLAa-2022-90b-768x512.jpg 768w, https:\/\/oestjyderne.danmarksveteraner.dk\/wordpress\/wp-content\/uploads\/2022\/09\/BLAa-2022-90b-1536x1024.jpg 1536w, https:\/\/oestjyderne.danmarksveteraner.dk\/wordpress\/wp-content\/uploads\/2022\/09\/BLAa-2022-90b-2048x1365.jpg 2048w\" sizes=\"(max-width: 300px) 100vw, 300px\" \/><\/a><\/p>\n<p style=\"text-align: center;\"><a href=\"https:\/\/oestjyderne.danmarksveteraner.dk\/wordpress\/wp-content\/uploads\/2022\/09\/BLAa-2022-93b-scaled.jpg\"><img decoding=\"async\" loading=\"lazy\" class=\"alignnone size-medium wp-image-1166\" src=\"https:\/\/oestjyderne.danmarksveteraner.dk\/wordpress\/wp-content\/uploads\/2022\/09\/BLAa-2022-93b-300x200.jpg\" alt=\"\" width=\"300\" height=\"200\" srcset=\"https:\/\/oestjyderne.danmarksveteraner.dk\/wordpress\/wp-content\/uploads\/2022\/09\/BLAa-2022-93b-300x200.jpg 300w, https:\/\/oestjyderne.danmarksveteraner.dk\/wordpress\/wp-content\/uploads\/2022\/09\/BLAa-2022-93b-1024x683.jpg 1024w, https:\/\/oestjyderne.danmarksveteraner.dk\/wordpress\/wp-content\/uploads\/2022\/09\/BLAa-2022-93b-768x512.jpg 768w, https:\/\/oestjyderne.danmarksveteraner.dk\/wordpress\/wp-content\/uploads\/2022\/09\/BLAa-2022-93b-1536x1024.jpg 1536w, https:\/\/oestjyderne.danmarksveteraner.dk\/wordpress\/wp-content\/uploads\/2022\/09\/BLAa-2022-93b-2048x1365.jpg 2048w\" sizes=\"(max-width: 300px) 100vw, 300px\" \/><\/a><\/p>\n<p style=\"text-align: center;\"><a href=\"https:\/\/oestjyderne.danmarksveteraner.dk\/wordpress\/wp-content\/uploads\/2022\/09\/BLAa-2022-99b-scaled.jpg\"><img decoding=\"async\" loading=\"lazy\" class=\"alignnone size-medium wp-image-1167\" src=\"https:\/\/oestjyderne.danmarksveteraner.dk\/wordpress\/wp-content\/uploads\/2022\/09\/BLAa-2022-99b-300x200.jpg\" alt=\"\" width=\"300\" height=\"200\" srcset=\"https:\/\/oestjyderne.danmarksveteraner.dk\/wordpress\/wp-content\/uploads\/2022\/09\/BLAa-2022-99b-300x200.jpg 300w, https:\/\/oestjyderne.danmarksveteraner.dk\/wordpress\/wp-content\/uploads\/2022\/09\/BLAa-2022-99b-1024x683.jpg 1024w, https:\/\/oestjyderne.danmarksveteraner.dk\/wordpress\/wp-content\/uploads\/2022\/09\/BLAa-2022-99b-768x512.jpg 768w, https:\/\/oestjyderne.danmarksveteraner.dk\/wordpress\/wp-content\/uploads\/2022\/09\/BLAa-2022-99b-1536x1024.jpg 1536w, https:\/\/oestjyderne.danmarksveteraner.dk\/wordpress\/wp-content\/uploads\/2022\/09\/BLAa-2022-99b-2048x1365.jpg 2048w\" sizes=\"(max-width: 300px) 100vw, 300px\" \/><\/a><\/p>\n<p style=\"text-align: center;\"><a href=\"https:\/\/oestjyderne.danmarksveteraner.dk\/wordpress\/wp-content\/uploads\/2022\/09\/BLAa-2022-106b-scaled.jpg\"><img decoding=\"async\" loading=\"lazy\" class=\"alignnone size-medium wp-image-1168\" src=\"https:\/\/oestjyderne.danmarksveteraner.dk\/wordpress\/wp-content\/uploads\/2022\/09\/BLAa-2022-106b-300x200.jpg\" alt=\"\" width=\"300\" height=\"200\" srcset=\"https:\/\/oestjyderne.danmarksveteraner.dk\/wordpress\/wp-content\/uploads\/2022\/09\/BLAa-2022-106b-300x200.jpg 300w, https:\/\/oestjyderne.danmarksveteraner.dk\/wordpress\/wp-content\/uploads\/2022\/09\/BLAa-2022-106b-1024x683.jpg 1024w, https:\/\/oestjyderne.danmarksveteraner.dk\/wordpress\/wp-content\/uploads\/2022\/09\/BLAa-2022-106b-768x512.jpg 768w, https:\/\/oestjyderne.danmarksveteraner.dk\/wordpress\/wp-content\/uploads\/2022\/09\/BLAa-2022-106b-1536x1024.jpg 1536w, https:\/\/oestjyderne.danmarksveteraner.dk\/wordpress\/wp-content\/uploads\/2022\/09\/BLAa-2022-106b-2048x1365.jpg 2048w\" sizes=\"(max-width: 300px) 100vw, 300px\" \/><\/a><\/p>\n<p style=\"text-align: center;\"><a href=\"https:\/\/oestjyderne.danmarksveteraner.dk\/wordpress\/wp-content\/uploads\/2022\/09\/BLAa-2022-115b-scaled.jpg\"><img decoding=\"async\" loading=\"lazy\" class=\"alignnone size-medium wp-image-1169\" src=\"https:\/\/oestjyderne.danmarksveteraner.dk\/wordpress\/wp-content\/uploads\/2022\/09\/BLAa-2022-115b-200x300.jpg\" alt=\"\" width=\"200\" height=\"300\" srcset=\"https:\/\/oestjyderne.danmarksveteraner.dk\/wordpress\/wp-content\/uploads\/2022\/09\/BLAa-2022-115b-200x300.jpg 200w, https:\/\/oestjyderne.danmarksveteraner.dk\/wordpress\/wp-content\/uploads\/2022\/09\/BLAa-2022-115b-683x1024.jpg 683w, https:\/\/oestjyderne.danmarksveteraner.dk\/wordpress\/wp-content\/uploads\/2022\/09\/BLAa-2022-115b-768x1152.jpg 768w, https:\/\/oestjyderne.danmarksveteraner.dk\/wordpress\/wp-content\/uploads\/2022\/09\/BLAa-2022-115b-1024x1536.jpg 1024w, https:\/\/oestjyderne.danmarksveteraner.dk\/wordpress\/wp-content\/uploads\/2022\/09\/BLAa-2022-115b-1365x2048.jpg 1365w, https:\/\/oestjyderne.danmarksveteraner.dk\/wordpress\/wp-content\/uploads\/2022\/09\/BLAa-2022-115b-scaled.jpg 1707w\" sizes=\"(max-width: 200px) 100vw, 200px\" \/><\/a><\/p>\n<p style=\"text-align: center;\"><a href=\"https:\/\/oestjyderne.danmarksveteraner.dk\/wordpress\/wp-content\/uploads\/2022\/09\/BLAa-2022-122b-scaled.jpg\"><img decoding=\"async\" loading=\"lazy\" class=\"alignnone size-medium wp-image-1170\" src=\"https:\/\/oestjyderne.danmarksveteraner.dk\/wordpress\/wp-content\/uploads\/2022\/09\/BLAa-2022-122b-300x200.jpg\" alt=\"\" width=\"300\" height=\"200\" srcset=\"https:\/\/oestjyderne.danmarksveteraner.dk\/wordpress\/wp-content\/uploads\/2022\/09\/BLAa-2022-122b-300x200.jpg 300w, https:\/\/oestjyderne.danmarksveteraner.dk\/wordpress\/wp-content\/uploads\/2022\/09\/BLAa-2022-122b-1024x683.jpg 1024w, https:\/\/oestjyderne.danmarksveteraner.dk\/wordpress\/wp-content\/uploads\/2022\/09\/BLAa-2022-122b-768x512.jpg 768w, https:\/\/oestjyderne.danmarksveteraner.dk\/wordpress\/wp-content\/uploads\/2022\/09\/BLAa-2022-122b-1536x1024.jpg 1536w, https:\/\/oestjyderne.danmarksveteraner.dk\/wordpress\/wp-content\/uploads\/2022\/09\/BLAa-2022-122b-2048x1365.jpg 2048w\" sizes=\"(max-width: 300px) 100vw, 300px\" \/><\/a><\/p>\n<p style=\"text-align: center;\"><a href=\"https:\/\/oestjyderne.danmarksveteraner.dk\/wordpress\/wp-content\/uploads\/2022\/09\/BLAa-2022-124b-scaled.jpg\"><img decoding=\"async\" loading=\"lazy\" class=\"alignnone size-medium wp-image-1171\" src=\"https:\/\/oestjyderne.danmarksveteraner.dk\/wordpress\/wp-content\/uploads\/2022\/09\/BLAa-2022-124b-300x200.jpg\" alt=\"\" width=\"300\" height=\"200\" srcset=\"https:\/\/oestjyderne.danmarksveteraner.dk\/wordpress\/wp-content\/uploads\/2022\/09\/BLAa-2022-124b-300x200.jpg 300w, https:\/\/oestjyderne.danmarksveteraner.dk\/wordpress\/wp-content\/uploads\/2022\/09\/BLAa-2022-124b-1024x683.jpg 1024w, https:\/\/oestjyderne.danmarksveteraner.dk\/wordpress\/wp-content\/uploads\/2022\/09\/BLAa-2022-124b-768x512.jpg 768w, https:\/\/oestjyderne.danmarksveteraner.dk\/wordpress\/wp-content\/uploads\/2022\/09\/BLAa-2022-124b-1536x1024.jpg 1536w, https:\/\/oestjyderne.danmarksveteraner.dk\/wordpress\/wp-content\/uploads\/2022\/09\/BLAa-2022-124b-2048x1365.jpg 2048w\" sizes=\"(max-width: 300px) 100vw, 300px\" \/><\/a><\/p>\n<p style=\"text-align: center;\"><a href=\"https:\/\/oestjyderne.danmarksveteraner.dk\/wordpress\/wp-content\/uploads\/2022\/09\/BLAa-2022-128b-scaled.jpg\"><img decoding=\"async\" loading=\"lazy\" class=\"alignnone size-medium wp-image-1172\" src=\"https:\/\/oestjyderne.danmarksveteraner.dk\/wordpress\/wp-content\/uploads\/2022\/09\/BLAa-2022-128b-200x300.jpg\" alt=\"\" width=\"200\" height=\"300\" srcset=\"https:\/\/oestjyderne.danmarksveteraner.dk\/wordpress\/wp-content\/uploads\/2022\/09\/BLAa-2022-128b-200x300.jpg 200w, https:\/\/oestjyderne.danmarksveteraner.dk\/wordpress\/wp-content\/uploads\/2022\/09\/BLAa-2022-128b-683x1024.jpg 683w, https:\/\/oestjyderne.danmarksveteraner.dk\/wordpress\/wp-content\/uploads\/2022\/09\/BLAa-2022-128b-768x1152.jpg 768w, https:\/\/oestjyderne.danmarksveteraner.dk\/wordpress\/wp-content\/uploads\/2022\/09\/BLAa-2022-128b-1024x1536.jpg 1024w, https:\/\/oestjyderne.danmarksveteraner.dk\/wordpress\/wp-content\/uploads\/2022\/09\/BLAa-2022-128b-1365x2048.jpg 1365w, https:\/\/oestjyderne.danmarksveteraner.dk\/wordpress\/wp-content\/uploads\/2022\/09\/BLAa-2022-128b-scaled.jpg 1707w\" sizes=\"(max-width: 200px) 100vw, 200px\" \/><\/a><\/p>\n<p style=\"text-align: center;\"><a href=\"https:\/\/oestjyderne.danmarksveteraner.dk\/wordpress\/wp-content\/uploads\/2022\/09\/BLAa-2022-133b-scaled.jpg\"><img decoding=\"async\" loading=\"lazy\" class=\"alignnone size-medium wp-image-1173\" src=\"https:\/\/oestjyderne.danmarksveteraner.dk\/wordpress\/wp-content\/uploads\/2022\/09\/BLAa-2022-133b-300x200.jpg\" alt=\"\" width=\"300\" height=\"200\" srcset=\"https:\/\/oestjyderne.danmarksveteraner.dk\/wordpress\/wp-content\/uploads\/2022\/09\/BLAa-2022-133b-300x200.jpg 300w, https:\/\/oestjyderne.danmarksveteraner.dk\/wordpress\/wp-content\/uploads\/2022\/09\/BLAa-2022-133b-1024x683.jpg 1024w, https:\/\/oestjyderne.danmarksveteraner.dk\/wordpress\/wp-content\/uploads\/2022\/09\/BLAa-2022-133b-768x512.jpg 768w, https:\/\/oestjyderne.danmarksveteraner.dk\/wordpress\/wp-content\/uploads\/2022\/09\/BLAa-2022-133b-1536x1024.jpg 1536w, https:\/\/oestjyderne.danmarksveteraner.dk\/wordpress\/wp-content\/uploads\/2022\/09\/BLAa-2022-133b-2048x1365.jpg 2048w\" sizes=\"(max-width: 300px) 100vw, 300px\" \/><\/a><\/p>\n<p style=\"text-align: center;\"><a href=\"https:\/\/oestjyderne.danmarksveteraner.dk\/wordpress\/wp-content\/uploads\/2022\/09\/BLAa-2022-143b-scaled.jpg\"><img decoding=\"async\" loading=\"lazy\" class=\"alignnone size-medium wp-image-1174\" src=\"https:\/\/oestjyderne.danmarksveteraner.dk\/wordpress\/wp-content\/uploads\/2022\/09\/BLAa-2022-143b-300x200.jpg\" alt=\"\" width=\"300\" height=\"200\" srcset=\"https:\/\/oestjyderne.danmarksveteraner.dk\/wordpress\/wp-content\/uploads\/2022\/09\/BLAa-2022-143b-300x200.jpg 300w, https:\/\/oestjyderne.danmarksveteraner.dk\/wordpress\/wp-content\/uploads\/2022\/09\/BLAa-2022-143b-1024x683.jpg 1024w, https:\/\/oestjyderne.danmarksveteraner.dk\/wordpress\/wp-content\/uploads\/2022\/09\/BLAa-2022-143b-768x512.jpg 768w, https:\/\/oestjyderne.danmarksveteraner.dk\/wordpress\/wp-content\/uploads\/2022\/09\/BLAa-2022-143b-1536x1024.jpg 1536w, https:\/\/oestjyderne.danmarksveteraner.dk\/wordpress\/wp-content\/uploads\/2022\/09\/BLAa-2022-143b-2048x1365.jpg 2048w\" sizes=\"(max-width: 300px) 100vw, 300px\" \/><\/a><\/p>\n<p style=\"text-align: center;\"><a href=\"https:\/\/oestjyderne.danmarksveteraner.dk\/wordpress\/wp-content\/uploads\/2022\/09\/BLAa-2022-145b-scaled.jpg\"><img decoding=\"async\" loading=\"lazy\" class=\"alignnone size-medium wp-image-1175\" src=\"https:\/\/oestjyderne.danmarksveteraner.dk\/wordpress\/wp-content\/uploads\/2022\/09\/BLAa-2022-145b-300x200.jpg\" alt=\"\" width=\"300\" height=\"200\" srcset=\"https:\/\/oestjyderne.danmarksveteraner.dk\/wordpress\/wp-content\/uploads\/2022\/09\/BLAa-2022-145b-300x200.jpg 300w, https:\/\/oestjyderne.danmarksveteraner.dk\/wordpress\/wp-content\/uploads\/2022\/09\/BLAa-2022-145b-1024x683.jpg 1024w, https:\/\/oestjyderne.danmarksveteraner.dk\/wordpress\/wp-content\/uploads\/2022\/09\/BLAa-2022-145b-768x512.jpg 768w, https:\/\/oestjyderne.danmarksveteraner.dk\/wordpress\/wp-content\/uploads\/2022\/09\/BLAa-2022-145b-1536x1024.jpg 1536w, https:\/\/oestjyderne.danmarksveteraner.dk\/wordpress\/wp-content\/uploads\/2022\/09\/BLAa-2022-145b-2048x1365.jpg 2048w\" sizes=\"(max-width: 300px) 100vw, 300px\" \/><\/a><\/p>\n<p style=\"text-align: center;\"><a href=\"https:\/\/oestjyderne.danmarksveteraner.dk\/wordpress\/wp-content\/uploads\/2022\/09\/BLAa-2022-152b-scaled.jpg\"><img decoding=\"async\" loading=\"lazy\" class=\"alignnone size-medium wp-image-1176\" src=\"https:\/\/oestjyderne.danmarksveteraner.dk\/wordpress\/wp-content\/uploads\/2022\/09\/BLAa-2022-152b-200x300.jpg\" alt=\"\" width=\"200\" height=\"300\" srcset=\"https:\/\/oestjyderne.danmarksveteraner.dk\/wordpress\/wp-content\/uploads\/2022\/09\/BLAa-2022-152b-200x300.jpg 200w, https:\/\/oestjyderne.danmarksveteraner.dk\/wordpress\/wp-content\/uploads\/2022\/09\/BLAa-2022-152b-683x1024.jpg 683w, https:\/\/oestjyderne.danmarksveteraner.dk\/wordpress\/wp-content\/uploads\/2022\/09\/BLAa-2022-152b-768x1152.jpg 768w, https:\/\/oestjyderne.danmarksveteraner.dk\/wordpress\/wp-content\/uploads\/2022\/09\/BLAa-2022-152b-1024x1536.jpg 1024w, https:\/\/oestjyderne.danmarksveteraner.dk\/wordpress\/wp-content\/uploads\/2022\/09\/BLAa-2022-152b-1365x2048.jpg 1365w, https:\/\/oestjyderne.danmarksveteraner.dk\/wordpress\/wp-content\/uploads\/2022\/09\/BLAa-2022-152b-scaled.jpg 1707w\" sizes=\"(max-width: 200px) 100vw, 200px\" \/><\/a><\/p>\n<p style=\"text-align: center;\"><a href=\"https:\/\/oestjyderne.danmarksveteraner.dk\/wordpress\/wp-content\/uploads\/2022\/09\/BLAa-2022-156b-scaled.jpg\"><img decoding=\"async\" loading=\"lazy\" class=\"alignnone size-medium wp-image-1177\" src=\"https:\/\/oestjyderne.danmarksveteraner.dk\/wordpress\/wp-content\/uploads\/2022\/09\/BLAa-2022-156b-300x200.jpg\" alt=\"\" width=\"300\" height=\"200\" srcset=\"https:\/\/oestjyderne.danmarksveteraner.dk\/wordpress\/wp-content\/uploads\/2022\/09\/BLAa-2022-156b-300x200.jpg 300w, https:\/\/oestjyderne.danmarksveteraner.dk\/wordpress\/wp-content\/uploads\/2022\/09\/BLAa-2022-156b-1024x683.jpg 1024w, https:\/\/oestjyderne.danmarksveteraner.dk\/wordpress\/wp-content\/uploads\/2022\/09\/BLAa-2022-156b-768x512.jpg 768w, https:\/\/oestjyderne.danmarksveteraner.dk\/wordpress\/wp-content\/uploads\/2022\/09\/BLAa-2022-156b-1536x1024.jpg 1536w, https:\/\/oestjyderne.danmarksveteraner.dk\/wordpress\/wp-content\/uploads\/2022\/09\/BLAa-2022-156b-2048x1365.jpg 2048w\" sizes=\"(max-width: 300px) 100vw, 300px\" \/><\/a><\/p>\n<p style=\"text-align: center;\"><a href=\"https:\/\/oestjyderne.danmarksveteraner.dk\/wordpress\/wp-content\/uploads\/2022\/09\/BLAa-2022-158b-scaled.jpg\"><img decoding=\"async\" loading=\"lazy\" class=\"alignnone size-medium wp-image-1178\" src=\"https:\/\/oestjyderne.danmarksveteraner.dk\/wordpress\/wp-content\/uploads\/2022\/09\/BLAa-2022-158b-300x200.jpg\" alt=\"\" width=\"300\" height=\"200\" srcset=\"https:\/\/oestjyderne.danmarksveteraner.dk\/wordpress\/wp-content\/uploads\/2022\/09\/BLAa-2022-158b-300x200.jpg 300w, https:\/\/oestjyderne.danmarksveteraner.dk\/wordpress\/wp-content\/uploads\/2022\/09\/BLAa-2022-158b-1024x683.jpg 1024w, https:\/\/oestjyderne.danmarksveteraner.dk\/wordpress\/wp-content\/uploads\/2022\/09\/BLAa-2022-158b-768x512.jpg 768w, https:\/\/oestjyderne.danmarksveteraner.dk\/wordpress\/wp-content\/uploads\/2022\/09\/BLAa-2022-158b-1536x1024.jpg 1536w, https:\/\/oestjyderne.danmarksveteraner.dk\/wordpress\/wp-content\/uploads\/2022\/09\/BLAa-2022-158b-2048x1365.jpg 2048w\" sizes=\"(max-width: 300px) 100vw, 300px\" \/><\/a><\/p>\n<p style=\"text-align: center;\"><a href=\"https:\/\/oestjyderne.danmarksveteraner.dk\/wordpress\/wp-content\/uploads\/2022\/09\/BLAa-2022-168b-scaled.jpg\"><img decoding=\"async\" loading=\"lazy\" class=\"alignnone size-medium wp-image-1179\" src=\"https:\/\/oestjyderne.danmarksveteraner.dk\/wordpress\/wp-content\/uploads\/2022\/09\/BLAa-2022-168b-300x200.jpg\" alt=\"\" width=\"300\" height=\"200\" srcset=\"https:\/\/oestjyderne.danmarksveteraner.dk\/wordpress\/wp-content\/uploads\/2022\/09\/BLAa-2022-168b-300x200.jpg 300w, https:\/\/oestjyderne.danmarksveteraner.dk\/wordpress\/wp-content\/uploads\/2022\/09\/BLAa-2022-168b-1024x683.jpg 1024w, https:\/\/oestjyderne.danmarksveteraner.dk\/wordpress\/wp-content\/uploads\/2022\/09\/BLAa-2022-168b-768x512.jpg 768w, https:\/\/oestjyderne.danmarksveteraner.dk\/wordpress\/wp-content\/uploads\/2022\/09\/BLAa-2022-168b-1536x1024.jpg 1536w, https:\/\/oestjyderne.danmarksveteraner.dk\/wordpress\/wp-content\/uploads\/2022\/09\/BLAa-2022-168b-2048x1365.jpg 2048w\" sizes=\"(max-width: 300px) 100vw, 300px\" \/><\/a><\/p>\n<p style=\"text-align: center;\"><a href=\"https:\/\/oestjyderne.danmarksveteraner.dk\/wordpress\/wp-content\/uploads\/2022\/09\/BLAa-2022-179b-scaled.jpg\"><img decoding=\"async\" loading=\"lazy\" class=\"alignnone size-medium wp-image-1180\" src=\"https:\/\/oestjyderne.danmarksveteraner.dk\/wordpress\/wp-content\/uploads\/2022\/09\/BLAa-2022-179b-300x200.jpg\" alt=\"\" width=\"300\" height=\"200\" srcset=\"https:\/\/oestjyderne.danmarksveteraner.dk\/wordpress\/wp-content\/uploads\/2022\/09\/BLAa-2022-179b-300x200.jpg 300w, https:\/\/oestjyderne.danmarksveteraner.dk\/wordpress\/wp-content\/uploads\/2022\/09\/BLAa-2022-179b-1024x683.jpg 1024w, https:\/\/oestjyderne.danmarksveteraner.dk\/wordpress\/wp-content\/uploads\/2022\/09\/BLAa-2022-179b-768x512.jpg 768w, https:\/\/oestjyderne.danmarksveteraner.dk\/wordpress\/wp-content\/uploads\/2022\/09\/BLAa-2022-179b-1536x1024.jpg 1536w, https:\/\/oestjyderne.danmarksveteraner.dk\/wordpress\/wp-content\/uploads\/2022\/09\/BLAa-2022-179b-2048x1365.jpg 2048w\" sizes=\"(max-width: 300px) 100vw, 300px\" \/><\/a><\/p>\n<p style=\"text-align: center;\"><a href=\"https:\/\/oestjyderne.danmarksveteraner.dk\/wordpress\/wp-content\/uploads\/2022\/09\/BLAa-2022-192b-scaled.jpg\"><img decoding=\"async\" loading=\"lazy\" class=\"alignnone size-medium wp-image-1181\" src=\"https:\/\/oestjyderne.danmarksveteraner.dk\/wordpress\/wp-content\/uploads\/2022\/09\/BLAa-2022-192b-300x200.jpg\" alt=\"\" width=\"300\" height=\"200\" srcset=\"https:\/\/oestjyderne.danmarksveteraner.dk\/wordpress\/wp-content\/uploads\/2022\/09\/BLAa-2022-192b-300x200.jpg 300w, https:\/\/oestjyderne.danmarksveteraner.dk\/wordpress\/wp-content\/uploads\/2022\/09\/BLAa-2022-192b-1024x683.jpg 1024w, https:\/\/oestjyderne.danmarksveteraner.dk\/wordpress\/wp-content\/uploads\/2022\/09\/BLAa-2022-192b-768x512.jpg 768w, https:\/\/oestjyderne.danmarksveteraner.dk\/wordpress\/wp-content\/uploads\/2022\/09\/BLAa-2022-192b-1536x1024.jpg 1536w, https:\/\/oestjyderne.danmarksveteraner.dk\/wordpress\/wp-content\/uploads\/2022\/09\/BLAa-2022-192b-2048x1365.jpg 2048w\" sizes=\"(max-width: 300px) 100vw, 300px\" \/><\/a><\/p>\n<p style=\"text-align: center;\"><em><strong>20. september p\u00e5 bes\u00f8g hos Verner Goldenb\u00e6k Larsen, der fyldte 80 \u00e5r.<\/strong><\/em><\/p>\n<p style=\"text-align: center;\"><a href=\"https:\/\/oestjyderne.danmarksveteraner.dk\/wordpress\/wp-content\/uploads\/2022\/11\/BLAa-2022-200B.jpg\"><img decoding=\"async\" loading=\"lazy\" class=\"alignnone size-medium wp-image-1208\" src=\"https:\/\/oestjyderne.danmarksveteraner.dk\/wordpress\/wp-content\/uploads\/2022\/11\/BLAa-2022-200B-300x225.jpg\" alt=\"\" width=\"300\" height=\"225\" srcset=\"https:\/\/oestjyderne.danmarksveteraner.dk\/wordpress\/wp-content\/uploads\/2022\/11\/BLAa-2022-200B-300x225.jpg 300w, https:\/\/oestjyderne.danmarksveteraner.dk\/wordpress\/wp-content\/uploads\/2022\/11\/BLAa-2022-200B-1024x768.jpg 1024w, https:\/\/oestjyderne.danmarksveteraner.dk\/wordpress\/wp-content\/uploads\/2022\/11\/BLAa-2022-200B-768x576.jpg 768w, https:\/\/oestjyderne.danmarksveteraner.dk\/wordpress\/wp-content\/uploads\/2022\/11\/BLAa-2022-200B-1536x1152.jpg 1536w, https:\/\/oestjyderne.danmarksveteraner.dk\/wordpress\/wp-content\/uploads\/2022\/11\/BLAa-2022-200B-2048x1536.jpg 2048w\" sizes=\"(max-width: 300px) 100vw, 300px\" \/><\/a><\/p>\n<p style=\"text-align: center;\"><em><strong>12. oktober bes\u00f8g hos Erik Liboriussen, der ogs\u00e5 fyldte 80 \u00e5r.<\/strong><\/em><\/p>\n<p style=\"text-align: center;\"><a href=\"https:\/\/oestjyderne.danmarksveteraner.dk\/wordpress\/wp-content\/uploads\/2022\/11\/BLAa-2022-201B-scaled.jpg\"><img decoding=\"async\" loading=\"lazy\" class=\"alignnone size-medium wp-image-1209\" src=\"https:\/\/oestjyderne.danmarksveteraner.dk\/wordpress\/wp-content\/uploads\/2022\/11\/BLAa-2022-201B-300x225.jpg\" alt=\"\" width=\"300\" height=\"225\" srcset=\"https:\/\/oestjyderne.danmarksveteraner.dk\/wordpress\/wp-content\/uploads\/2022\/11\/BLAa-2022-201B-300x225.jpg 300w, https:\/\/oestjyderne.danmarksveteraner.dk\/wordpress\/wp-content\/uploads\/2022\/11\/BLAa-2022-201B-1024x768.jpg 1024w, https:\/\/oestjyderne.danmarksveteraner.dk\/wordpress\/wp-content\/uploads\/2022\/11\/BLAa-2022-201B-768x576.jpg 768w, https:\/\/oestjyderne.danmarksveteraner.dk\/wordpress\/wp-content\/uploads\/2022\/11\/BLAa-2022-201B-1536x1152.jpg 1536w, https:\/\/oestjyderne.danmarksveteraner.dk\/wordpress\/wp-content\/uploads\/2022\/11\/BLAa-2022-201B-2048x1535.jpg 2048w\" sizes=\"(max-width: 300px) 100vw, 300px\" \/><\/a><\/p>\n<p style=\"text-align: center;\"><em><strong>Den 13. november var det Viggo Brohus der fyldte 70 \u00e5r.<\/strong><\/em><\/p>\n<p style=\"text-align: center;\"><a href=\"https:\/\/oestjyderne.danmarksveteraner.dk\/wordpress\/wp-content\/uploads\/2023\/01\/BLAa-2022-275.jpg\"><img decoding=\"async\" loading=\"lazy\" class=\"alignnone size-medium wp-image-1263\" src=\"https:\/\/oestjyderne.danmarksveteraner.dk\/wordpress\/wp-content\/uploads\/2023\/01\/BLAa-2022-275-300x251.jpg\" alt=\"\" width=\"300\" height=\"251\" srcset=\"https:\/\/oestjyderne.danmarksveteraner.dk\/wordpress\/wp-content\/uploads\/2023\/01\/BLAa-2022-275-300x251.jpg 300w, https:\/\/oestjyderne.danmarksveteraner.dk\/wordpress\/wp-content\/uploads\/2023\/01\/BLAa-2022-275-1024x857.jpg 1024w, https:\/\/oestjyderne.danmarksveteraner.dk\/wordpress\/wp-content\/uploads\/2023\/01\/BLAa-2022-275-768x643.jpg 768w, https:\/\/oestjyderne.danmarksveteraner.dk\/wordpress\/wp-content\/uploads\/2023\/01\/BLAa-2022-275.jpg 1382w\" sizes=\"(max-width: 300px) 100vw, 300px\" \/><\/a><\/p>\n<p style=\"text-align: center;\"><em><strong>\u00c5ret sluttede som vanlig med det store julebanko.<\/strong><\/em><\/p>\n<p style=\"text-align: center;\"><a href=\"https:\/\/oestjyderne.danmarksveteraner.dk\/wordpress\/wp-content\/uploads\/2023\/01\/BLAa-2022-280.jpg\"><img decoding=\"async\" loading=\"lazy\" class=\"alignnone size-medium wp-image-1268\" src=\"https:\/\/oestjyderne.danmarksveteraner.dk\/wordpress\/wp-content\/uploads\/2023\/01\/BLAa-2022-280-300x225.jpg\" alt=\"\" width=\"300\" height=\"225\" srcset=\"https:\/\/oestjyderne.danmarksveteraner.dk\/wordpress\/wp-content\/uploads\/2023\/01\/BLAa-2022-280-300x225.jpg 300w, https:\/\/oestjyderne.danmarksveteraner.dk\/wordpress\/wp-content\/uploads\/2023\/01\/BLAa-2022-280-1024x768.jpg 1024w, https:\/\/oestjyderne.danmarksveteraner.dk\/wordpress\/wp-content\/uploads\/2023\/01\/BLAa-2022-280-768x576.jpg 768w, https:\/\/oestjyderne.danmarksveteraner.dk\/wordpress\/wp-content\/uploads\/2023\/01\/BLAa-2022-280-1536x1152.jpg 1536w, https:\/\/oestjyderne.danmarksveteraner.dk\/wordpress\/wp-content\/uploads\/2023\/01\/BLAa-2022-280.jpg 1600w\" sizes=\"(max-width: 300px) 100vw, 300px\" \/><\/a> <a href=\"https:\/\/oestjyderne.danmarksveteraner.dk\/wordpress\/wp-content\/uploads\/2023\/01\/BLAa-2022-279.jpg\"><img decoding=\"async\" loading=\"lazy\" class=\"alignnone size-medium wp-image-1267\" src=\"https:\/\/oestjyderne.danmarksveteraner.dk\/wordpress\/wp-content\/uploads\/2023\/01\/BLAa-2022-279-300x239.jpg\" alt=\"\" width=\"300\" height=\"239\" srcset=\"https:\/\/oestjyderne.danmarksveteraner.dk\/wordpress\/wp-content\/uploads\/2023\/01\/BLAa-2022-279-300x239.jpg 300w, https:\/\/oestjyderne.danmarksveteraner.dk\/wordpress\/wp-content\/uploads\/2023\/01\/BLAa-2022-279-1024x816.jpg 1024w, https:\/\/oestjyderne.danmarksveteraner.dk\/wordpress\/wp-content\/uploads\/2023\/01\/BLAa-2022-279-768x612.jpg 768w, https:\/\/oestjyderne.danmarksveteraner.dk\/wordpress\/wp-content\/uploads\/2023\/01\/BLAa-2022-279.jpg 1501w\" sizes=\"(max-width: 300px) 100vw, 300px\" \/><\/a> <a href=\"https:\/\/oestjyderne.danmarksveteraner.dk\/wordpress\/wp-content\/uploads\/2023\/01\/BLAa-2022-278.jpg\"><img decoding=\"async\" loading=\"lazy\" class=\"alignnone size-medium wp-image-1266\" src=\"https:\/\/oestjyderne.danmarksveteraner.dk\/wordpress\/wp-content\/uploads\/2023\/01\/BLAa-2022-278-300x225.jpg\" alt=\"\" width=\"300\" height=\"225\" srcset=\"https:\/\/oestjyderne.danmarksveteraner.dk\/wordpress\/wp-content\/uploads\/2023\/01\/BLAa-2022-278-300x225.jpg 300w, https:\/\/oestjyderne.danmarksveteraner.dk\/wordpress\/wp-content\/uploads\/2023\/01\/BLAa-2022-278-1024x768.jpg 1024w, https:\/\/oestjyderne.danmarksveteraner.dk\/wordpress\/wp-content\/uploads\/2023\/01\/BLAa-2022-278-768x576.jpg 768w, https:\/\/oestjyderne.danmarksveteraner.dk\/wordpress\/wp-content\/uploads\/2023\/01\/BLAa-2022-278-1536x1152.jpg 1536w, https:\/\/oestjyderne.danmarksveteraner.dk\/wordpress\/wp-content\/uploads\/2023\/01\/BLAa-2022-278.jpg 1600w\" sizes=\"(max-width: 300px) 100vw, 300px\" \/><\/a><\/p>\n<p style=\"text-align: center;\">Som det ses var der n\u00e6sten alle stole i brug. S\u00e5 tak for den store opbakning. Vi ses i 2023.<\/p>\n<p style=\"text-align: center;\"><a href=\"https:\/\/oestjyderne.danmarksveteraner.dk\/wordpress\/wp-content\/uploads\/2023\/01\/BLAa-2022-277.jpg\"><img decoding=\"async\" loading=\"lazy\" class=\"alignnone size-medium wp-image-1265\" src=\"https:\/\/oestjyderne.danmarksveteraner.dk\/wordpress\/wp-content\/uploads\/2023\/01\/BLAa-2022-277-300x225.jpg\" alt=\"\" width=\"300\" height=\"225\" srcset=\"https:\/\/oestjyderne.danmarksveteraner.dk\/wordpress\/wp-content\/uploads\/2023\/01\/BLAa-2022-277-300x225.jpg 300w, https:\/\/oestjyderne.danmarksveteraner.dk\/wordpress\/wp-content\/uploads\/2023\/01\/BLAa-2022-277-1024x768.jpg 1024w, https:\/\/oestjyderne.danmarksveteraner.dk\/wordpress\/wp-content\/uploads\/2023\/01\/BLAa-2022-277-768x576.jpg 768w, https:\/\/oestjyderne.danmarksveteraner.dk\/wordpress\/wp-content\/uploads\/2023\/01\/BLAa-2022-277-1536x1152.jpg 1536w, https:\/\/oestjyderne.danmarksveteraner.dk\/wordpress\/wp-content\/uploads\/2023\/01\/BLAa-2022-277.jpg 1600w\" sizes=\"(max-width: 300px) 100vw, 300px\" \/><\/a> <a href=\"https:\/\/oestjyderne.danmarksveteraner.dk\/wordpress\/wp-content\/uploads\/2023\/01\/BLAa-2022-276.jpg\"><img decoding=\"async\" loading=\"lazy\" class=\"alignnone size-medium wp-image-1264\" src=\"https:\/\/oestjyderne.danmarksveteraner.dk\/wordpress\/wp-content\/uploads\/2023\/01\/BLAa-2022-276-300x225.jpg\" alt=\"\" width=\"300\" height=\"225\" srcset=\"https:\/\/oestjyderne.danmarksveteraner.dk\/wordpress\/wp-content\/uploads\/2023\/01\/BLAa-2022-276-300x225.jpg 300w, https:\/\/oestjyderne.danmarksveteraner.dk\/wordpress\/wp-content\/uploads\/2023\/01\/BLAa-2022-276-1024x768.jpg 1024w, https:\/\/oestjyderne.danmarksveteraner.dk\/wordpress\/wp-content\/uploads\/2023\/01\/BLAa-2022-276-768x576.jpg 768w, https:\/\/oestjyderne.danmarksveteraner.dk\/wordpress\/wp-content\/uploads\/2023\/01\/BLAa-2022-276-1536x1152.jpg 1536w, https:\/\/oestjyderne.danmarksveteraner.dk\/wordpress\/wp-content\/uploads\/2023\/01\/BLAa-2022-276.jpg 1600w\" sizes=\"(max-width: 300px) 100vw, 300px\" \/><\/a><\/p>\n<p><!--more--><\/p>\n\n\n<p><\/p>\n","protected":false},"excerpt":{"rendered":"<p>F\u00e6llesskydning 8-2-2022. Allan Gr\u00f8nkj\u00e6r vinder p\u00e5 trekantskive. Rasmus Reedtz vinder p\u00e5 Bi skive.Hans O Hansen vinder af hovedskydning. Allan Gr\u00f8nkj\u00e6r<\/p>\n","protected":false},"author":1,"featured_media":0,"parent":45,"menu_order":0,"comment_status":"closed","ping_status":"closed","template":"","meta":{"colormag_page_layout":"default_layout"},"_links":{"self":[{"href":"https:\/\/oestjyderne.danmarksveteraner.dk\/wordpress\/index.php?rest_route=\/wp\/v2\/pages\/1082"}],"collection":[{"href":"https:\/\/oestjyderne.danmarksveteraner.dk\/wordpress\/index.php?rest_route=\/wp\/v2\/pages"}],"about":[{"href":"https:\/\/oestjyderne.danmarksveteraner.dk\/wordpress\/index.php?rest_route=\/wp\/v2\/types\/page"}],"author":[{"embeddable":true,"href":"https:\/\/oestjyderne.danmarksveteraner.dk\/wordpress\/index.php?rest_route=\/wp\/v2\/users\/1"}],"replies":[{"embeddable":true,"href":"https:\/\/oestjyderne.danmarksveteraner.dk\/wordpress\/index.php?rest_route=%2Fwp%2Fv2%2Fcomments&post=1082"}],"version-history":[{"count":14,"href":"https:\/\/oestjyderne.danmarksveteraner.dk\/wordpress\/index.php?rest_route=\/wp\/v2\/pages\/1082\/revisions"}],"predecessor-version":[{"id":1269,"href":"https:\/\/oestjyderne.danmarksveteraner.dk\/wordpress\/index.php?rest_route=\/wp\/v2\/pages\/1082\/revisions\/1269"}],"up":[{"embeddable":true,"href":"https:\/\/oestjyderne.danmarksveteraner.dk\/wordpress\/index.php?rest_route=\/wp\/v2\/pages\/45"}],"wp:attachment":[{"href":"https:\/\/oestjyderne.danmarksveteraner.dk\/wordpress\/index.php?rest_route=%2Fwp%2Fv2%2Fmedia&parent=1082"}],"curies":[{"name":"wp","href":"https:\/\/api.w.org\/{rel}","templated":true}]}}